{"id":4811,"date":"2025-10-15T19:51:36","date_gmt":"2025-10-15T19:51:36","guid":{"rendered":"https:\/\/orallagos.pt\/academische-en-wetenschappelijke-evenementen\/"},"modified":"2025-12-09T04:16:39","modified_gmt":"2025-12-09T04:16:39","slug":"academische-en-wetenschappelijke-evenementen","status":"publish","type":"page","link":"https:\/\/orallagos.pt\/nl\/academische-en-wetenschappelijke-evenementen\/","title":{"rendered":"Academische en wetenschappelijke evenementen"},"content":{"rendered":"\t\t<div data-elementor-type=\"wp-page\" data-elementor-id=\"4811\" class=\"elementor elementor-4811 elementor-3405\" data-elementor-post-type=\"page\">\n\t\t\t\t<div class=\"elementor-element elementor-element-2bf08b3 e-flex e-con-boxed pxl-column-none pxl-row-scroll-none pxl-zoom-point-false pxl-section-overflow-visible pxl-section-fix-none pxl-full-content-with-space-none pxl-bg-color-none pxl-section-overlay-none e-con e-parent \" data-id=\"2bf08b3\" data-element_type=\"container\" data-e-type=\"container\">\t\t\t<div class=\"e-con-inner\">\r\n\t\t<div class=\"elementor-element elementor-element-3104653 e-con-full e-flex pxl-column-none pxl-row-scroll-none pxl-zoom-point-false pxl-section-overflow-visible pxl-section-fix-none pxl-full-content-with-space-none pxl-bg-color-none pxl-section-overlay-none e-con e-child \" data-id=\"3104653\" data-element_type=\"container\" data-e-type=\"container\"><div class=\"elementor-element elementor-element-09fdc5e e-con-full e-flex pxl-column-none pxl-row-scroll-none pxl-zoom-point-false pxl-section-overflow-visible pxl-section-fix-none pxl-full-content-with-space-none pxl-bg-color-none pxl-section-overlay-none e-con e-child \" data-id=\"09fdc5e\" data-element_type=\"container\" data-e-type=\"container\">\t\t<div class=\"elementor-element elementor-element-2ef75b6 elementor-widget elementor-widget-video\" data-id=\"2ef75b6\" data-element_type=\"widget\" data-e-type=\"widget\" data-settings=\"{&quot;video_type&quot;:&quot;hosted&quot;,&quot;autoplay&quot;:&quot;yes&quot;,&quot;loop&quot;:&quot;yes&quot;,&quot;controls&quot;:&quot;yes&quot;}\" data-widget_type=\"video.default\">\n\t\t\t\t\t\t\t<div class=\"e-hosted-video elementor-wrapper elementor-open-inline\">\n\t\t\t\t\t<video class=\"elementor-video\" src=\"https:\/\/orallagos.pt\/wp-content\/uploads\/2025\/10\/888c7f8e-c402-42ff-bb3e-85ff9a8c1637.mp4\" autoplay=\"\" loop=\"\" controls=\"\" controlsList=\"nodownload\"><\/video>\n\t\t\t\t<\/div>\n\t\t\t\t\t\t<\/div>\n\t\t\t\t<div class=\"elementor-element elementor-element-5908785 elementor-widget elementor-widget-pxl_image\" data-id=\"5908785\" data-element_type=\"widget\" data-e-type=\"widget\" data-widget_type=\"pxl_image.default\">\n\t\t\t\t<div class=\"elementor-widget-container\">\n\t\t\t\t\t<div id=\"pxl_image-5908785-9574\" class=\"pxl-image-single  style-default wow zoomInSmall\" data-wow-delay=\"500ms\" >\r\n    <div class=\"pxl-item--inner \" data-wow-delay=\"120ms\">\r\n        \r\n                                <div class=\"pxl-item--bg bg-image wow scaleIn\" data-wow-delay=\"500ms\" style=\"background-image: url(https:\/\/orallagos.pt\/wp-content\/uploads\/2025\/10\/WhatsApp-Image-2025-10-03-at-16.10.01.jpeg);\"><\/div>\r\n                                <\/div>\r\n<\/div>\t\t\t\t<\/div>\n\t\t\t\t<\/div>\n\t\t\t\t<\/div>\r\n\t\t<div class=\"elementor-element elementor-element-a9eacd0 e-con-full e-flex pxl-column-none pxl-row-scroll-none pxl-zoom-point-false pxl-section-overflow-visible pxl-section-fix-none pxl-full-content-with-space-none pxl-bg-color-none pxl-section-overlay-none e-con e-child \" data-id=\"a9eacd0\" data-element_type=\"container\" data-e-type=\"container\">\t\t<div class=\"elementor-element elementor-element-82e8da2 elementor-widget elementor-widget-pxl_image\" data-id=\"82e8da2\" data-element_type=\"widget\" data-e-type=\"widget\" data-widget_type=\"pxl_image.default\">\n\t\t\t\t<div class=\"elementor-widget-container\">\n\t\t\t\t\t<div id=\"pxl_image-82e8da2-8796\" class=\"pxl-image-single  style-default wow zoomInSmall\" data-wow-delay=\"400ms\" >\r\n    <div class=\"pxl-item--inner \" data-wow-delay=\"120ms\">\r\n        \r\n                                <div class=\"pxl-item--bg bg-image wow scaleIn\" data-wow-delay=\"400ms\" style=\"background-image: url(https:\/\/orallagos.pt\/wp-content\/uploads\/2025\/10\/WhatsApp-Image-2025-10-03-at-16.10.05.jpeg);\"><\/div>\r\n                                <\/div>\r\n<\/div>\t\t\t\t<\/div>\n\t\t\t\t<\/div>\n\t\t\t\t<\/div>\r\n\t\t\t\t<\/div>\r\n\t\t<div class=\"elementor-element elementor-element-875b57a e-con-full e-flex pxl-column-none pxl-row-scroll-none pxl-zoom-point-false pxl-section-overflow-visible pxl-section-fix-none pxl-full-content-with-space-none pxl-bg-color-none pxl-section-overlay-none e-con e-child \" data-id=\"875b57a\" data-element_type=\"container\" data-e-type=\"container\">\t\t<div class=\"elementor-element elementor-element-a3f11f8 elementor-widget elementor-widget-pxl_heading\" data-id=\"a3f11f8\" data-element_type=\"widget\" data-e-type=\"widget\" data-widget_type=\"pxl_heading.default\">\n\t\t\t\t<div class=\"elementor-widget-container\">\n\t\t\t\t\t<div id=\"pxl-pxl_heading-a3f11f8-8885\" class=\"pxl-heading px-sub-title-default-style\">\n\t<div class=\"pxl-heading--inner\">\n\t\t\n\t\t\n\t\t<h2 class=\"pxl-item--title wow fadeInUp\" data-wow-delay=\"400ms\">\n\t\t\tOnderwijsactiviteit\t\t\n\t\t<\/h2>\n\n\t\t\t\t\n\t<\/div>\n<\/div>\t\t\t\t<\/div>\n\t\t\t\t<\/div>\n\t\t\t\t<div class=\"elementor-element elementor-element-022ef5c elementor-widget elementor-widget-pxl_text_editor\" data-id=\"022ef5c\" data-element_type=\"widget\" data-e-type=\"widget\" data-widget_type=\"pxl_text_editor.default\">\n\t\t\t\t<div class=\"elementor-widget-container\">\n\t\t\t\t\t<div id=\"pxl_text_editor-022ef5c-9866\" class=\"pxl-image-wg\" duration=\"1\">\n\t<div class=\"pxl-text-editor\">\n\t\t<div class=\"pxl-item--inner wow fadeInUp\" data-wow-delay=\"500ms\">\n\t\t\t<p>Prof. Dr. Nuno Garrido geeft regelmatig les aan de Facultad de Odontolog\u00eda van de Universidad de Sevilla, waar hij sinds 2008 als docent samenwerkt.<\/p><p><br>De lessen weerspiegelen zijn toewijding aan klinisch en wetenschappelijk onderwijs, het bevorderen van evidence-based training, technologische innovatie en het delen van praktijkervaring met studenten en jonge professionals.<\/p>\t\t\n\t\t<\/div>\n\t<\/div>\n<\/div>\t\t\t\t<\/div>\n\t\t\t\t<\/div>\n\t\t\t\t<\/div>\r\n\t\t\t\t\t<\/div>\r\n\t\t\t\t<\/div>\r\n\t\t<div class=\"elementor-element elementor-element-0b9fd0d e-flex e-con-boxed pxl-column-none pxl-row-scroll-none pxl-zoom-point-false pxl-section-overflow-visible pxl-section-fix-none pxl-full-content-with-space-none pxl-bg-color-none pxl-section-overlay-none e-con e-parent \" data-id=\"0b9fd0d\" data-element_type=\"container\" data-e-type=\"container\">\t\t\t<div class=\"e-con-inner\">\r\n\t\t<div class=\"elementor-element elementor-element-07fb821 e-con-full e-flex pxl-column-none pxl-row-scroll-none pxl-zoom-point-false pxl-section-overflow-visible pxl-section-fix-none pxl-full-content-with-space-none pxl-bg-color-none pxl-section-overlay-none e-con e-child \" data-id=\"07fb821\" data-element_type=\"container\" data-e-type=\"container\"><div class=\"elementor-element elementor-element-69fdd4c e-con-full e-flex pxl-column-none pxl-row-scroll-none pxl-zoom-point-false pxl-section-overflow-visible pxl-section-fix-none pxl-full-content-with-space-none pxl-bg-color-none pxl-section-overlay-none e-con e-child \" data-id=\"69fdd4c\" data-element_type=\"container\" data-e-type=\"container\">\t\t<div class=\"elementor-element elementor-element-04d9da8 elementor-widget elementor-widget-pxl_image\" data-id=\"04d9da8\" data-element_type=\"widget\" data-e-type=\"widget\" data-widget_type=\"pxl_image.default\">\n\t\t\t\t<div class=\"elementor-widget-container\">\n\t\t\t\t\t<div id=\"pxl_image-04d9da8-9040\" class=\"pxl-image-single  style-default wow zoomInSmall\" data-wow-delay=\"500ms\" >\r\n    <div class=\"pxl-item--inner \" data-wow-delay=\"120ms\">\r\n        \r\n                                <div class=\"pxl-item--bg bg-image wow scaleIn\" data-wow-delay=\"500ms\" style=\"background-image: url(https:\/\/orallagos.pt\/wp-content\/uploads\/2025\/10\/PHOTO-2024-06-20-21-24-27.jpg);\"><\/div>\r\n                                <\/div>\r\n<\/div>\t\t\t\t<\/div>\n\t\t\t\t<\/div>\n\t\t\t\t<div class=\"elementor-element elementor-element-630f53c elementor-widget elementor-widget-pxl_image\" data-id=\"630f53c\" data-element_type=\"widget\" data-e-type=\"widget\" data-widget_type=\"pxl_image.default\">\n\t\t\t\t<div class=\"elementor-widget-container\">\n\t\t\t\t\t<div id=\"pxl_image-630f53c-5911\" class=\"pxl-image-single  style-default wow zoomInSmall\" data-wow-delay=\"500ms\" >\r\n    <div class=\"pxl-item--inner \" data-wow-delay=\"120ms\">\r\n        \r\n                                <div class=\"pxl-item--bg bg-image wow scaleIn\" data-wow-delay=\"500ms\" style=\"background-image: url(https:\/\/orallagos.pt\/wp-content\/uploads\/2025\/10\/PHOTO-2024-06-20-21-24-29-2.jpg);\"><\/div>\r\n                                <\/div>\r\n<\/div>\t\t\t\t<\/div>\n\t\t\t\t<\/div>\n\t\t\t\t<\/div>\r\n\t\t<div class=\"elementor-element elementor-element-6826ee8 e-con-full e-flex pxl-column-none pxl-row-scroll-none pxl-zoom-point-false pxl-section-overflow-visible pxl-section-fix-none pxl-full-content-with-space-none pxl-bg-color-none pxl-section-overlay-none e-con e-child \" data-id=\"6826ee8\" data-element_type=\"container\" data-e-type=\"container\">\t\t<div class=\"elementor-element elementor-element-194f0ae elementor-widget elementor-widget-pxl_image\" data-id=\"194f0ae\" data-element_type=\"widget\" data-e-type=\"widget\" data-widget_type=\"pxl_image.default\">\n\t\t\t\t<div class=\"elementor-widget-container\">\n\t\t\t\t\t<div id=\"pxl_image-194f0ae-4084\" class=\"pxl-image-single  style-default wow zoomInSmall\" data-wow-delay=\"400ms\" >\r\n    <div class=\"pxl-item--inner \" data-wow-delay=\"120ms\">\r\n        \r\n                                <div class=\"pxl-item--bg bg-image wow scaleIn\" data-wow-delay=\"400ms\" style=\"background-image: url(https:\/\/orallagos.pt\/wp-content\/uploads\/2025\/10\/2.png);\"><\/div>\r\n                                <\/div>\r\n<\/div>\t\t\t\t<\/div>\n\t\t\t\t<\/div>\n\t\t\t\t<\/div>\r\n\t\t\t\t<\/div>\r\n\t\t<div class=\"elementor-element elementor-element-842b6de e-con-full e-flex pxl-column-none pxl-row-scroll-none pxl-zoom-point-false pxl-section-overflow-visible pxl-section-fix-none pxl-full-content-with-space-none pxl-bg-color-none pxl-section-overlay-none e-con e-child \" data-id=\"842b6de\" data-element_type=\"container\" data-e-type=\"container\">\t\t<div class=\"elementor-element elementor-element-0a30d92 elementor-widget elementor-widget-pxl_heading\" data-id=\"0a30d92\" data-element_type=\"widget\" data-e-type=\"widget\" data-widget_type=\"pxl_heading.default\">\n\t\t\t\t<div class=\"elementor-widget-container\">\n\t\t\t\t\t<div id=\"pxl-pxl_heading-0a30d92-8773\" class=\"pxl-heading px-sub-title-default-style\">\n\t<div class=\"pxl-heading--inner\">\n\t\t\n\t\t\n\t\t<h2 class=\"pxl-item--title wow fadeInUp\" data-wow-delay=\"400ms\">\n\t\t\tConferentie aan de Universiteit voor Medische Wetenschappen van Havana\t\t\n\t\t<\/h2>\n\n\t\t\t\t\n\t<\/div>\n<\/div>\t\t\t\t<\/div>\n\t\t\t\t<\/div>\n\t\t\t\t<div class=\"elementor-element elementor-element-551cdbb elementor-widget elementor-widget-pxl_text_editor\" data-id=\"551cdbb\" data-element_type=\"widget\" data-e-type=\"widget\" data-widget_type=\"pxl_text_editor.default\">\n\t\t\t\t<div class=\"elementor-widget-container\">\n\t\t\t\t\t<div id=\"pxl_text_editor-551cdbb-8550\" class=\"pxl-image-wg\" duration=\"1\">\n\t<div class=\"pxl-text-editor\">\n\t\t<div class=\"pxl-item--inner wow fadeInUp\" data-wow-delay=\"500ms\">\n\t\t\t<p>Prof. Dr. Nuno Garrido nam deel als gastspreker op de Facultad de Estomatologia &#8220;Ra\u00fal Gonz\u00e1lez S\u00e1nchez&#8221; van de Universidad de Ciencias M\u00e9dicas de La Habana, tijdens het jaarlijkse congres voor medische en tandheelkundige wetenschappen van Havana.<\/p><p><br>In zijn toespraak deelde hij klinische en academische ervaringen op het gebied van implantologie en orale revalidatie, waarbij hij het belang van internationale wetenschappelijke samenwerking en voortdurende actualisering in de moderne tandartspraktijk benadrukte.<\/p>\t\t\n\t\t<\/div>\n\t<\/div>\n<\/div>\t\t\t\t<\/div>\n\t\t\t\t<\/div>\n\t\t\t\t<\/div>\r\n\t\t\t\t\t<\/div>\r\n\t\t\t\t<\/div>\r\n\t\t<div class=\"elementor-element elementor-element-92ceda9 e-flex e-con-boxed pxl-column-none pxl-row-scroll-none pxl-zoom-point-false pxl-section-overflow-visible pxl-section-fix-none pxl-full-content-with-space-none pxl-bg-color-none pxl-section-overlay-none e-con e-parent \" data-id=\"92ceda9\" data-element_type=\"container\" data-e-type=\"container\">\t\t\t<div class=\"e-con-inner\">\r\n\t\t<div class=\"elementor-element elementor-element-705a777 e-con-full e-flex pxl-column-none pxl-row-scroll-none pxl-zoom-point-false pxl-section-overflow-visible pxl-section-fix-none pxl-full-content-with-space-none pxl-bg-color-none pxl-section-overlay-none e-con e-child \" data-id=\"705a777\" data-element_type=\"container\" data-e-type=\"container\"><div class=\"elementor-element elementor-element-8d264ed e-con-full e-flex pxl-column-none pxl-row-scroll-none pxl-zoom-point-false pxl-section-overflow-visible pxl-section-fix-none pxl-full-content-with-space-none pxl-bg-color-none pxl-section-overlay-none e-con e-child \" data-id=\"8d264ed\" data-element_type=\"container\" data-e-type=\"container\">\t\t<div class=\"elementor-element elementor-element-fe0c260 elementor-widget elementor-widget-pxl_image\" data-id=\"fe0c260\" data-element_type=\"widget\" data-e-type=\"widget\" data-widget_type=\"pxl_image.default\">\n\t\t\t\t<div class=\"elementor-widget-container\">\n\t\t\t\t\t<div id=\"pxl_image-fe0c260-4270\" class=\"pxl-image-single  style-default wow zoomInSmall\" data-wow-delay=\"500ms\" >\r\n    <div class=\"pxl-item--inner \" data-wow-delay=\"120ms\">\r\n        \r\n                                <div class=\"pxl-item--bg bg-image wow scaleIn\" data-wow-delay=\"500ms\" style=\"background-image: url(https:\/\/orallagos.pt\/wp-content\/uploads\/2025\/10\/1.png);\"><\/div>\r\n                                <\/div>\r\n<\/div>\t\t\t\t<\/div>\n\t\t\t\t<\/div>\n\t\t\t\t<div class=\"elementor-element elementor-element-616ffa2 elementor-widget elementor-widget-pxl_image\" data-id=\"616ffa2\" data-element_type=\"widget\" data-e-type=\"widget\" data-widget_type=\"pxl_image.default\">\n\t\t\t\t<div class=\"elementor-widget-container\">\n\t\t\t\t\t<div id=\"pxl_image-616ffa2-8442\" class=\"pxl-image-single  style-default wow zoomInSmall\" data-wow-delay=\"500ms\" >\r\n    <div class=\"pxl-item--inner \" data-wow-delay=\"120ms\">\r\n        \r\n                                <div class=\"pxl-item--bg bg-image wow scaleIn\" data-wow-delay=\"500ms\" style=\"background-image: url(https:\/\/orallagos.pt\/wp-content\/uploads\/2025\/10\/IMG_9179.jpg);\"><\/div>\r\n                                <\/div>\r\n<\/div>\t\t\t\t<\/div>\n\t\t\t\t<\/div>\n\t\t\t\t<\/div>\r\n\t\t<div class=\"elementor-element elementor-element-b172c45 e-con-full e-flex pxl-column-none pxl-row-scroll-none pxl-zoom-point-false pxl-section-overflow-visible pxl-section-fix-none pxl-full-content-with-space-none pxl-bg-color-none pxl-section-overlay-none e-con e-child \" data-id=\"b172c45\" data-element_type=\"container\" data-e-type=\"container\">\t\t<div class=\"elementor-element elementor-element-cb34288 elementor-widget elementor-widget-pxl_image\" data-id=\"cb34288\" data-element_type=\"widget\" data-e-type=\"widget\" data-widget_type=\"pxl_image.default\">\n\t\t\t\t<div class=\"elementor-widget-container\">\n\t\t\t\t\t<div id=\"pxl_image-cb34288-1818\" class=\"pxl-image-single  style-default wow zoomInSmall\" data-wow-delay=\"400ms\" >\r\n    <div class=\"pxl-item--inner \" data-wow-delay=\"120ms\">\r\n        \r\n                                <div class=\"pxl-item--bg bg-image wow scaleIn\" data-wow-delay=\"400ms\" style=\"background-image: url(https:\/\/orallagos.pt\/wp-content\/uploads\/2025\/10\/IMG_9174.jpg);\"><\/div>\r\n                                <\/div>\r\n<\/div>\t\t\t\t<\/div>\n\t\t\t\t<\/div>\n\t\t\t\t<\/div>\r\n\t\t\t\t<\/div>\r\n\t\t<div class=\"elementor-element elementor-element-f25e904 e-con-full e-flex pxl-column-none pxl-row-scroll-none pxl-zoom-point-false pxl-section-overflow-visible pxl-section-fix-none pxl-full-content-with-space-none pxl-bg-color-none pxl-section-overlay-none e-con e-child \" data-id=\"f25e904\" data-element_type=\"container\" data-e-type=\"container\">\t\t<div class=\"elementor-element elementor-element-7ec9028 elementor-widget elementor-widget-pxl_heading\" data-id=\"7ec9028\" data-element_type=\"widget\" data-e-type=\"widget\" data-widget_type=\"pxl_heading.default\">\n\t\t\t\t<div class=\"elementor-widget-container\">\n\t\t\t\t\t<div id=\"pxl-pxl_heading-7ec9028-2262\" class=\"pxl-heading px-sub-title-default-style\">\n\t<div class=\"pxl-heading--inner\">\n\t\t\n\t\t\n\t\t<h2 class=\"pxl-item--title wow fadeInUp\" data-wow-delay=\"400ms\">\n\t\t\tXXXV Congreso Nacional y XXVIII Internacional de la Sociedad Espa\u00f1ola de Implantes\t\t\n\t\t<\/h2>\n\n\t\t\t\t\n\t<\/div>\n<\/div>\t\t\t\t<\/div>\n\t\t\t\t<\/div>\n\t\t\t\t<div class=\"elementor-element elementor-element-8677bc1 elementor-widget elementor-widget-pxl_text_editor\" data-id=\"8677bc1\" data-element_type=\"widget\" data-e-type=\"widget\" data-widget_type=\"pxl_text_editor.default\">\n\t\t\t\t<div class=\"elementor-widget-container\">\n\t\t\t\t\t<div id=\"pxl_text_editor-8677bc1-7673\" class=\"pxl-image-wg\" duration=\"1\">\n\t<div class=\"pxl-text-editor\">\n\t\t<div class=\"pxl-item--inner wow fadeInUp\" data-wow-delay=\"500ms\">\n\t\t\t<p>Prof. Dr. Nuno Garrido nam deel aan het XXXV Congreso Nacional y XXVIII Internacional de la Sociedad Espa\u00f1ola de Implantes, gehouden in Toledo.<\/p><p>Als lid van het Wetenschappelijk Comit\u00e9 speelde hij de rol van moderator in de vrijdagmiddagsessie en droeg hij bij tot de wetenschappelijke nauwkeurigheid en dynamiek van het congres.<\/p><p>Samen met de academische groep van de Facultad de Odontolog\u00eda de la Universidad de Sevilla presenteerde hij 12 wetenschappelijke mededelingen in poster- en mondeling communicatieformaat, waarmee hij de toewijding aan onderzoek, klinische innovatie en geavanceerde opleiding in implantologie versterkte.<\/p>\t\t\n\t\t<\/div>\n\t<\/div>\n<\/div>\t\t\t\t<\/div>\n\t\t\t\t<\/div>\n\t\t\t\t<\/div>\r\n\t\t\t\t\t<\/div>\r\n\t\t\t\t<\/div>\r\n\t\t<div class=\"elementor-element elementor-element-22644d1 e-flex e-con-boxed pxl-column-none pxl-row-scroll-none pxl-zoom-point-false pxl-section-overflow-visible pxl-section-fix-none pxl-full-content-with-space-none pxl-bg-color-none pxl-section-overlay-none e-con e-parent \" data-id=\"22644d1\" data-element_type=\"container\" data-e-type=\"container\">\t\t\t<div class=\"e-con-inner\">\r\n\t\t<div class=\"elementor-element elementor-element-5064d37 e-con-full e-flex pxl-column-none pxl-row-scroll-none pxl-zoom-point-false pxl-section-overflow-visible pxl-section-fix-none pxl-full-content-with-space-none pxl-bg-color-none pxl-section-overlay-none e-con e-child \" data-id=\"5064d37\" data-element_type=\"container\" data-e-type=\"container\"><div class=\"elementor-element elementor-element-09660ef e-con-full e-flex pxl-column-none pxl-row-scroll-none pxl-zoom-point-false pxl-section-overflow-visible pxl-section-fix-none pxl-full-content-with-space-none pxl-bg-color-none pxl-section-overlay-none e-con e-child \" data-id=\"09660ef\" data-element_type=\"container\" data-e-type=\"container\">\t\t<div class=\"elementor-element elementor-element-87fff3b elementor-widget elementor-widget-pxl_image\" data-id=\"87fff3b\" data-element_type=\"widget\" data-e-type=\"widget\" data-widget_type=\"pxl_image.default\">\n\t\t\t\t<div class=\"elementor-widget-container\">\n\t\t\t\t\t<div id=\"pxl_image-87fff3b-4484\" class=\"pxl-image-single  style-default wow zoomInSmall\" data-wow-delay=\"500ms\" >\r\n    <div class=\"pxl-item--inner \" data-wow-delay=\"120ms\">\r\n        \r\n                                <div class=\"pxl-item--bg bg-image wow scaleIn\" data-wow-delay=\"500ms\" style=\"background-image: url(https:\/\/orallagos.pt\/wp-content\/uploads\/2025\/12\/IMG_9467-scaled.jpg);\"><\/div>\r\n                                <\/div>\r\n<\/div>\t\t\t\t<\/div>\n\t\t\t\t<\/div>\n\t\t\t\t<div class=\"elementor-element elementor-element-f8cca6e elementor-widget elementor-widget-pxl_image\" data-id=\"f8cca6e\" data-element_type=\"widget\" data-e-type=\"widget\" data-widget_type=\"pxl_image.default\">\n\t\t\t\t<div class=\"elementor-widget-container\">\n\t\t\t\t\t<div id=\"pxl_image-f8cca6e-2098\" class=\"pxl-image-single  style-default wow zoomInSmall\" data-wow-delay=\"500ms\" >\r\n    <div class=\"pxl-item--inner \" data-wow-delay=\"120ms\">\r\n        \r\n                                <div class=\"pxl-item--bg bg-image wow scaleIn\" data-wow-delay=\"500ms\" style=\"background-image: url(https:\/\/orallagos.pt\/wp-content\/uploads\/2025\/12\/PHOTO-2025-11-15-16-09-33.jpg);\"><\/div>\r\n                                <\/div>\r\n<\/div>\t\t\t\t<\/div>\n\t\t\t\t<\/div>\n\t\t\t\t<\/div>\r\n\t\t<div class=\"elementor-element elementor-element-8dad9de e-con-full e-flex pxl-column-none pxl-row-scroll-none pxl-zoom-point-false pxl-section-overflow-visible pxl-section-fix-none pxl-full-content-with-space-none pxl-bg-color-none pxl-section-overlay-none e-con e-child \" data-id=\"8dad9de\" data-element_type=\"container\" data-e-type=\"container\">\t\t<div class=\"elementor-element elementor-element-c5297f6 elementor-widget elementor-widget-pxl_image\" data-id=\"c5297f6\" data-element_type=\"widget\" data-e-type=\"widget\" data-widget_type=\"pxl_image.default\">\n\t\t\t\t<div class=\"elementor-widget-container\">\n\t\t\t\t\t<div id=\"pxl_image-c5297f6-4150\" class=\"pxl-image-single  style-default wow zoomInSmall\" data-wow-delay=\"400ms\" >\r\n    <div class=\"pxl-item--inner \" data-wow-delay=\"120ms\">\r\n        \r\n                                <div class=\"pxl-item--bg bg-image wow scaleIn\" data-wow-delay=\"400ms\" style=\"background-image: url(https:\/\/orallagos.pt\/wp-content\/uploads\/2025\/12\/IMG_9470-scaled.jpg);\"><\/div>\r\n                                <\/div>\r\n<\/div>\t\t\t\t<\/div>\n\t\t\t\t<\/div>\n\t\t\t\t<\/div>\r\n\t\t\t\t<\/div>\r\n\t\t<div class=\"elementor-element elementor-element-e1ca9d5 e-con-full e-flex pxl-column-none pxl-row-scroll-none pxl-zoom-point-false pxl-section-overflow-visible pxl-section-fix-none pxl-full-content-with-space-none pxl-bg-color-none pxl-section-overlay-none e-con e-child \" data-id=\"e1ca9d5\" data-element_type=\"container\" data-e-type=\"container\">\t\t<div class=\"elementor-element elementor-element-13a9586 elementor-widget elementor-widget-pxl_heading\" data-id=\"13a9586\" data-element_type=\"widget\" data-e-type=\"widget\" data-widget_type=\"pxl_heading.default\">\n\t\t\t\t<div class=\"elementor-widget-container\">\n\t\t\t\t\t<div id=\"pxl-pxl_heading-13a9586-3792\" class=\"pxl-heading px-sub-title-default-style\">\n\t<div class=\"pxl-heading--inner\">\n\t\t\n\t\t\n\t\t<h2 class=\"pxl-item--title wow fadeInUp\" data-wow-delay=\"400ms\">\n\t\t\tBQDC Symposium\t\t\n\t\t<\/h2>\n\n\t\t\t\t\n\t<\/div>\n<\/div>\t\t\t\t<\/div>\n\t\t\t\t<\/div>\n\t\t\t\t<div class=\"elementor-element elementor-element-8f2726f elementor-widget elementor-widget-pxl_text_editor\" data-id=\"8f2726f\" data-element_type=\"widget\" data-e-type=\"widget\" data-widget_type=\"pxl_text_editor.default\">\n\t\t\t\t<div class=\"elementor-widget-container\">\n\t\t\t\t\t<div id=\"pxl_text_editor-8f2726f-1401\" class=\"pxl-image-wg\" duration=\"1\">\n\t<div class=\"pxl-text-editor\">\n\t\t<div class=\"pxl-item--inner wow fadeInUp\" data-wow-delay=\"500ms\">\n\t\t\t<div class=\"_lineContent_t4qxl_32\"><span data-slate-node=\"text\"><span class=\"_base_t4qxl_61\" data-slate-leaf=\"true\">Dr. Nuno Garrido nam deel aan de BQDC Annual Meeting en het 1e BQDC Scientific Symposium in Porto, een bijeenkomst die een aantal van de meest gerenommeerde klinieken en professionals van het Iberisch schiereiland samenbracht.<\/span><\/span><\/div><div> <\/div><p><span data-slate-node=\"text\"><span class=\"_base_t4qxl_61\" data-slate-leaf=\"true\">Tijdens twee intensieve dagen werden essenti\u00eble onderwerpen van de moderne tandheelkunde besproken &#8211; van intraorale scanners en nieuwe digitale stromen tot geavanceerde orale revalidatie, geleide chirurgie, omgaan met complicaties bij implantaten, hechting, cementeren en up-to-date klinisch-laboratoriumprotocollen.<\/span><\/span><\/p><p><span data-slate-node=\"text\"><span class=\"_base_t4qxl_61\" data-slate-leaf=\"true\">Het evenement omvatte ook strategische beschouwingen over de toekomst van de tandheelkunde en de rol van onafhankelijke klinieken bij het verdedigen van kwaliteit en wetenschappelijke nauwkeurigheid.<\/span><\/span><\/p><p><span data-slate-node=\"text\"><span class=\"_base_t4qxl_61\" data-slate-leaf=\"true\">De aanwezigheid van Dr. Nuno Garrido op deze bijeenkomst versterkt onze dagelijkse toewijding: Orallagos voorzien van de meest up-to-date kennis, de meest nauwkeurige technologie en klinische praktijken gebaseerd op het beste bewijs, waardoor onze pati\u00ebnten verzekerd zijn van uitstekende, veilige en duurzame behandelingen.<\/span><\/span><\/p>\t\t\n\t\t<\/div>\n\t<\/div>\n<\/div>\t\t\t\t<\/div>\n\t\t\t\t<\/div>\n\t\t\t\t<\/div>\r\n\t\t\t\t\t<\/div>\r\n\t\t\t\t<\/div>\r\n\t\t<div class=\"elementor-element elementor-element-d95bb79 e-flex e-con-boxed pxl-column-none pxl-row-scroll-none pxl-zoom-point-false pxl-section-overflow-visible pxl-section-fix-none pxl-full-content-with-space-none pxl-bg-color-none pxl-section-overlay-none e-con e-parent \" data-id=\"d95bb79\" data-element_type=\"container\" data-e-type=\"container\">\t\t\t<div class=\"e-con-inner\">\r\n\t\t<div class=\"elementor-element elementor-element-a8ca0f9 e-con-full e-flex pxl-column-none pxl-row-scroll-none pxl-zoom-point-false pxl-section-overflow-visible pxl-section-fix-none pxl-full-content-with-space-none pxl-bg-color-none pxl-section-overlay-none e-con e-child \" data-id=\"a8ca0f9\" data-element_type=\"container\" data-e-type=\"container\"><div class=\"elementor-element elementor-element-c7135f6 e-con-full e-flex pxl-column-none pxl-row-scroll-none pxl-zoom-point-false pxl-section-overflow-visible pxl-section-fix-none pxl-full-content-with-space-none pxl-bg-color-none pxl-section-overlay-none e-con e-child \" data-id=\"c7135f6\" data-element_type=\"container\" data-e-type=\"container\">\t\t<div class=\"elementor-element elementor-element-162c4cf elementor-widget elementor-widget-pxl_image\" data-id=\"162c4cf\" data-element_type=\"widget\" data-e-type=\"widget\" data-widget_type=\"pxl_image.default\">\n\t\t\t\t<div class=\"elementor-widget-container\">\n\t\t\t\t\t<div id=\"pxl_image-162c4cf-8305\" class=\"pxl-image-single  style-default wow zoomInSmall\" data-wow-delay=\"500ms\" >\r\n    <div class=\"pxl-item--inner \" data-wow-delay=\"120ms\">\r\n        \r\n                                <div class=\"pxl-item--bg bg-image wow scaleIn\" data-wow-delay=\"500ms\" style=\"background-image: url(https:\/\/orallagos.pt\/wp-content\/uploads\/2025\/12\/f7063906-24de-4a4f-be5c-5c1c6cf46e84.jpg);\"><\/div>\r\n                                <\/div>\r\n<\/div>\t\t\t\t<\/div>\n\t\t\t\t<\/div>\n\t\t\t\t<div class=\"elementor-element elementor-element-285fc7f elementor-widget elementor-widget-pxl_image\" data-id=\"285fc7f\" data-element_type=\"widget\" data-e-type=\"widget\" data-widget_type=\"pxl_image.default\">\n\t\t\t\t<div class=\"elementor-widget-container\">\n\t\t\t\t\t<div id=\"pxl_image-285fc7f-4299\" class=\"pxl-image-single  style-default wow zoomInSmall\" data-wow-delay=\"500ms\" >\r\n    <div class=\"pxl-item--inner \" data-wow-delay=\"120ms\">\r\n        \r\n                                <div class=\"pxl-item--bg bg-image wow scaleIn\" data-wow-delay=\"500ms\" style=\"background-image: url(https:\/\/orallagos.pt\/wp-content\/uploads\/2025\/12\/1b9d1ea9-f4aa-4389-a892-6aa69e6afc2d.jpg);\"><\/div>\r\n                                <\/div>\r\n<\/div>\t\t\t\t<\/div>\n\t\t\t\t<\/div>\n\t\t\t\t<\/div>\r\n\t\t<div class=\"elementor-element elementor-element-954eb75 e-con-full e-flex pxl-column-none pxl-row-scroll-none pxl-zoom-point-false pxl-section-overflow-visible pxl-section-fix-none pxl-full-content-with-space-none pxl-bg-color-none pxl-section-overlay-none e-con e-child \" data-id=\"954eb75\" data-element_type=\"container\" data-e-type=\"container\">\t\t<div class=\"elementor-element elementor-element-2a71e52 elementor-widget elementor-widget-pxl_image\" data-id=\"2a71e52\" data-element_type=\"widget\" data-e-type=\"widget\" data-widget_type=\"pxl_image.default\">\n\t\t\t\t<div class=\"elementor-widget-container\">\n\t\t\t\t\t<div id=\"pxl_image-2a71e52-5840\" class=\"pxl-image-single  style-default wow zoomInSmall\" data-wow-delay=\"400ms\" >\r\n    <div class=\"pxl-item--inner \" data-wow-delay=\"120ms\">\r\n        \r\n                                <div class=\"pxl-item--bg bg-image wow scaleIn\" data-wow-delay=\"400ms\" style=\"background-image: url(https:\/\/orallagos.pt\/wp-content\/uploads\/2025\/12\/7b827501-b2f9-49eb-a64a-998cb059c813.jpg);\"><\/div>\r\n                                <\/div>\r\n<\/div>\t\t\t\t<\/div>\n\t\t\t\t<\/div>\n\t\t\t\t<\/div>\r\n\t\t\t\t<\/div>\r\n\t\t<div class=\"elementor-element elementor-element-8eb1226 e-con-full e-flex pxl-column-none pxl-row-scroll-none pxl-zoom-point-false pxl-section-overflow-visible pxl-section-fix-none pxl-full-content-with-space-none pxl-bg-color-none pxl-section-overlay-none e-con e-child \" data-id=\"8eb1226\" data-element_type=\"container\" data-e-type=\"container\">\t\t<div class=\"elementor-element elementor-element-960d966 elementor-widget elementor-widget-pxl_heading\" data-id=\"960d966\" data-element_type=\"widget\" data-e-type=\"widget\" data-widget_type=\"pxl_heading.default\">\n\t\t\t\t<div class=\"elementor-widget-container\">\n\t\t\t\t\t<div id=\"pxl-pxl_heading-960d966-6049\" class=\"pxl-heading px-sub-title-default-style\">\n\t<div class=\"pxl-heading--inner\">\n\t\t\n\t\t\n\t\t<h2 class=\"pxl-item--title wow fadeInUp\" data-wow-delay=\"400ms\">\n\t\t\tKlinisch personeel werkt GBT-protocol bij\t\t\n\t\t<\/h2>\n\n\t\t\t\t\n\t<\/div>\n<\/div>\t\t\t\t<\/div>\n\t\t\t\t<\/div>\n\t\t\t\t<div class=\"elementor-element elementor-element-99e7f90 elementor-widget elementor-widget-pxl_text_editor\" data-id=\"99e7f90\" data-element_type=\"widget\" data-e-type=\"widget\" data-widget_type=\"pxl_text_editor.default\">\n\t\t\t\t<div class=\"elementor-widget-container\">\n\t\t\t\t\t<div id=\"pxl_text_editor-99e7f90-8800\" class=\"pxl-image-wg\" duration=\"1\">\n\t<div class=\"pxl-text-editor\">\n\t\t<div class=\"pxl-item--inner wow fadeInUp\" data-wow-delay=\"500ms\">\n\t\t\t<div class=\"_lineContent_t4qxl_32\"><p class=\"p1\">Het klinische team van Orallagos heeft onlangs een uitgebreide update van het GBT (Guided Biofilm Therapy) protocol afgerond, waarmee we onze toewijding aan moderne preventieve tandheelkunde op basis van het beste wetenschappelijke bewijs versterken. Deze grondige herziening heeft ons in staat gesteld om procedures op elkaar af te stemmen, technische verbeteringen te integreren en elke fase van de behandeling te optimaliseren om meer comfort, effectiviteit en voorspelbaarheid voor onze pati\u00ebnten te garanderen. <\/p><p class=\"p1\">Training en voortdurende bijscholing maken deel uit van onze identiteit. Daarom hanteren we een rigoureuze aanpak die ervoor zorgt dat al onze professionals de meest geavanceerde praktijken volgen, altijd met het doel om uitstekende zorg te bieden en de klinische normen bij elk consult te verhogen. <\/p><\/div>\t\t\n\t\t<\/div>\n\t<\/div>\n<\/div>\t\t\t\t<\/div>\n\t\t\t\t<\/div>\n\t\t\t\t<\/div>\r\n\t\t\t\t\t<\/div>\r\n\t\t\t\t<\/div>\r\n\t\t<div class=\"elementor-element elementor-element-092e951 e-flex e-con-boxed pxl-column-none pxl-row-scroll-none pxl-zoom-point-false pxl-section-overflow-visible pxl-section-fix-none pxl-full-content-with-space-none pxl-bg-color-none pxl-section-overlay-none e-con e-parent \" data-id=\"092e951\" data-element_type=\"container\" data-e-type=\"container\">\t\t\t<div class=\"e-con-inner\">\r\n\t\t<div class=\"elementor-element elementor-element-e0a1227 e-con-full e-flex pxl-column-none pxl-row-scroll-none pxl-zoom-point-false pxl-section-overflow-visible pxl-section-fix-none pxl-full-content-with-space-none pxl-bg-color-none pxl-section-overlay-none e-con e-child \" data-id=\"e0a1227\" data-element_type=\"container\" data-e-type=\"container\"><div class=\"elementor-element elementor-element-016722c e-con-full e-flex pxl-column-none pxl-row-scroll-none pxl-zoom-point-false pxl-section-overflow-visible pxl-section-fix-none pxl-full-content-with-space-none pxl-bg-color-none pxl-section-overlay-none e-con e-child \" data-id=\"016722c\" data-element_type=\"container\" data-e-type=\"container\">\t\t<div class=\"elementor-element elementor-element-c8e1dc1 elementor-widget elementor-widget-pxl_image\" data-id=\"c8e1dc1\" data-element_type=\"widget\" data-e-type=\"widget\" data-widget_type=\"pxl_image.default\">\n\t\t\t\t<div class=\"elementor-widget-container\">\n\t\t\t\t\t<div id=\"pxl_image-c8e1dc1-2971\" class=\"pxl-image-single  style-default wow zoomInSmall\" data-wow-delay=\"400ms\" >\r\n    <div class=\"pxl-item--inner \" data-wow-delay=\"120ms\">\r\n        \r\n                                <div class=\"pxl-item--bg bg-image wow scaleIn\" data-wow-delay=\"400ms\" style=\"background-image: url(https:\/\/orallagos.pt\/wp-content\/uploads\/2025\/12\/IMG_9447-scaled.jpg);\"><\/div>\r\n                                <\/div>\r\n<\/div>\t\t\t\t<\/div>\n\t\t\t\t<\/div>\n\t\t\t\t<\/div>\r\n\t\t\t\t<\/div>\r\n\t\t<div class=\"elementor-element elementor-element-86ed109 e-con-full e-flex pxl-column-none pxl-row-scroll-none pxl-zoom-point-false pxl-section-overflow-visible pxl-section-fix-none pxl-full-content-with-space-none pxl-bg-color-none pxl-section-overlay-none e-con e-child \" data-id=\"86ed109\" data-element_type=\"container\" data-e-type=\"container\">\t\t<div class=\"elementor-element elementor-element-5816a02 elementor-widget elementor-widget-pxl_heading\" data-id=\"5816a02\" data-element_type=\"widget\" data-e-type=\"widget\" data-widget_type=\"pxl_heading.default\">\n\t\t\t\t<div class=\"elementor-widget-container\">\n\t\t\t\t\t<div id=\"pxl-pxl_heading-5816a02-5834\" class=\"pxl-heading px-sub-title-default-style\">\n\t<div class=\"pxl-heading--inner\">\n\t\t\n\t\t\n\t\t<h2 class=\"pxl-item--title wow fadeInUp\" data-wow-delay=\"400ms\">\n\t\t\tOMD2025 Congres\t\t\n\t\t<\/h2>\n\n\t\t\t\t\n\t<\/div>\n<\/div>\t\t\t\t<\/div>\n\t\t\t\t<\/div>\n\t\t\t\t<div class=\"elementor-element elementor-element-8bfbbca elementor-widget elementor-widget-pxl_text_editor\" data-id=\"8bfbbca\" data-element_type=\"widget\" data-e-type=\"widget\" data-widget_type=\"pxl_text_editor.default\">\n\t\t\t\t<div class=\"elementor-widget-container\">\n\t\t\t\t\t<div id=\"pxl_text_editor-8bfbbca-6055\" class=\"pxl-image-wg\" duration=\"1\">\n\t<div class=\"pxl-text-editor\">\n\t\t<div class=\"pxl-item--inner wow fadeInUp\" data-wow-delay=\"500ms\">\n\t\t\t<div class=\"_lineContent_t4qxl_32\"><p>Het medische team van Orallagos heeft deelgenomen aan het jaarlijkse congres van de Portugese Medische Associatie, een van de belangrijkste wetenschappelijke evenementen in het land. Het was een uitstekende gelegenheid om kennis te versterken, klinische ervaringen te delen en op de hoogte te blijven van de laatste ontwikkelingen in de geneeskunde. <\/p><p>Voortdurende deelname aan congressen en trainingsprogramma&#8217;s maakt deel uit van onze dagelijkse toewijding: het bieden van uitstekende zorg, gebaseerd op het beste wetenschappelijke bewijs en de meest actuele praktijken.<\/p><\/div>\t\t\n\t\t<\/div>\n\t<\/div>\n<\/div>\t\t\t\t<\/div>\n\t\t\t\t<\/div>\n\t\t\t\t<\/div>\r\n\t\t\t\t\t<\/div>\r\n\t\t\t\t<\/div>\r\n\t\t\t\t<\/div>\n\t\t","protected":false},"excerpt":{"rendered":"<p>https:\/\/orallagos.pt\/wp-content\/uploads\/2025\/10\/888c7f8e-c402-42ff-bb3e-85ff9a8c1637.mp4 Onderwijsactiviteit Prof. Dr. Nuno Garrido geeft regelmatig les aan de Facultad de Odontolog\u00eda van de Universidad de Sevilla, waar hij sinds 2008 als docent samenwerkt. De lessen weerspiegelen zijn toewijding aan klinisch en wetenschappelijk onderwijs, het bevorderen van evidence-based training, technologische innovatie en het delen van praktijkervaring met studenten en jonge professionals. Conferentie aan [&hellip;]<\/p>\n","protected":false},"author":2,"featured_media":4823,"parent":0,"menu_order":0,"comment_status":"closed","ping_status":"closed","template":"","meta":{"footnotes":""},"class_list":["post-4811","page","type-page","status-publish","has-post-thumbnail","hentry"],"yoast_head":"<!-- This site is optimized with the Yoast SEO plugin v26.9 - https:\/\/yoast.com\/product\/yoast-seo-wordpress\/ -->\n<title>Academische en wetenschappelijke evenementen - Orallagos<\/title>\n<meta name=\"description\" content=\"Orallagos neemt deel aan academische en wetenschappelijke evenementen en versterkt zijn streven naar uitmuntendheid op het gebied van tandheelkundige gezondheid in Lagos.\" \/>\n<meta name=\"robots\" content=\"index, follow, max-snippet:-1, max-image-preview:large, max-video-preview:-1\" \/>\n<link rel=\"canonical\" href=\"https:\/\/orallagos.pt\/nl\/academische-en-wetenschappelijke-evenementen\/\" \/>\n<meta property=\"og:locale\" content=\"nl_NL\" \/>\n<meta property=\"og:type\" content=\"article\" \/>\n<meta property=\"og:title\" content=\"Academische en wetenschappelijke evenementen - Orallagos\" \/>\n<meta property=\"og:description\" content=\"Orallagos neemt deel aan academische en wetenschappelijke evenementen en versterkt zijn streven naar uitmuntendheid op het gebied van tandheelkundige gezondheid in Lagos.\" \/>\n<meta property=\"og:url\" content=\"https:\/\/orallagos.pt\/nl\/academische-en-wetenschappelijke-evenementen\/\" \/>\n<meta property=\"og:site_name\" content=\"Orallagos\" \/>\n<meta property=\"article:publisher\" content=\"https:\/\/www.facebook.com\/orallagosclinica\" \/>\n<meta property=\"article:modified_time\" content=\"2025-12-09T04:16:39+00:00\" \/>\n<meta property=\"og:image\" content=\"https:\/\/orallagos.pt\/wp-content\/uploads\/2025\/10\/IMG_9172.jpg\" \/>\n\t<meta property=\"og:image:width\" content=\"1920\" \/>\n\t<meta property=\"og:image:height\" content=\"1280\" \/>\n\t<meta property=\"og:image:type\" content=\"image\/jpeg\" \/>\n<meta name=\"twitter:card\" content=\"summary_large_image\" \/>\n<meta name=\"twitter:label1\" content=\"Geschatte leestijd\" \/>\n\t<meta name=\"twitter:data1\" content=\"3 minuten\" \/>\n<script type=\"application\/ld+json\" class=\"yoast-schema-graph\">{\"@context\":\"https:\/\/schema.org\",\"@graph\":[{\"@type\":\"WebPage\",\"@id\":\"https:\/\/orallagos.pt\/nl\/academische-en-wetenschappelijke-evenementen\/\",\"url\":\"https:\/\/orallagos.pt\/nl\/academische-en-wetenschappelijke-evenementen\/\",\"name\":\"Academische en wetenschappelijke evenementen - Orallagos\",\"isPartOf\":{\"@id\":\"https:\/\/orallagos.pt\/#website\"},\"primaryImageOfPage\":{\"@id\":\"https:\/\/orallagos.pt\/nl\/academische-en-wetenschappelijke-evenementen\/#primaryimage\"},\"image\":{\"@id\":\"https:\/\/orallagos.pt\/nl\/academische-en-wetenschappelijke-evenementen\/#primaryimage\"},\"thumbnailUrl\":\"https:\/\/orallagos.pt\/wp-content\/uploads\/2025\/10\/IMG_9172.jpg\",\"datePublished\":\"2025-10-15T19:51:36+00:00\",\"dateModified\":\"2025-12-09T04:16:39+00:00\",\"description\":\"Orallagos neemt deel aan academische en wetenschappelijke evenementen en versterkt zijn streven naar uitmuntendheid op het gebied van tandheelkundige gezondheid in Lagos.\",\"breadcrumb\":{\"@id\":\"https:\/\/orallagos.pt\/nl\/academische-en-wetenschappelijke-evenementen\/#breadcrumb\"},\"inLanguage\":\"nl-NL\",\"potentialAction\":[{\"@type\":\"ReadAction\",\"target\":[\"https:\/\/orallagos.pt\/nl\/academische-en-wetenschappelijke-evenementen\/\"]}]},{\"@type\":\"ImageObject\",\"inLanguage\":\"nl-NL\",\"@id\":\"https:\/\/orallagos.pt\/nl\/academische-en-wetenschappelijke-evenementen\/#primaryimage\",\"url\":\"https:\/\/orallagos.pt\/wp-content\/uploads\/2025\/10\/IMG_9172.jpg\",\"contentUrl\":\"https:\/\/orallagos.pt\/wp-content\/uploads\/2025\/10\/IMG_9172.jpg\",\"width\":1920,\"height\":1280},{\"@type\":\"BreadcrumbList\",\"@id\":\"https:\/\/orallagos.pt\/nl\/academische-en-wetenschappelijke-evenementen\/#breadcrumb\",\"itemListElement\":[{\"@type\":\"ListItem\",\"position\":1,\"name\":\"Home\",\"item\":\"https:\/\/orallagos.pt\/de\/\"},{\"@type\":\"ListItem\",\"position\":2,\"name\":\"Academische en wetenschappelijke evenementen\"}]},{\"@type\":\"WebSite\",\"@id\":\"https:\/\/orallagos.pt\/#website\",\"url\":\"https:\/\/orallagos.pt\/\",\"name\":\"Orallagos\",\"description\":\"\",\"publisher\":{\"@id\":\"https:\/\/orallagos.pt\/#organization\"},\"potentialAction\":[{\"@type\":\"SearchAction\",\"target\":{\"@type\":\"EntryPoint\",\"urlTemplate\":\"https:\/\/orallagos.pt\/?s={search_term_string}\"},\"query-input\":{\"@type\":\"PropertyValueSpecification\",\"valueRequired\":true,\"valueName\":\"search_term_string\"}}],\"inLanguage\":\"nl-NL\"},{\"@type\":\"Organization\",\"@id\":\"https:\/\/orallagos.pt\/#organization\",\"name\":\"Orallagos\",\"url\":\"https:\/\/orallagos.pt\/\",\"logo\":{\"@type\":\"ImageObject\",\"inLanguage\":\"nl-NL\",\"@id\":\"https:\/\/orallagos.pt\/#\/schema\/logo\/image\/\",\"url\":\"https:\/\/orallagos.pt\/wp-content\/uploads\/2025\/08\/cropped-cropped-orallagos-logo-blue-.png\",\"contentUrl\":\"https:\/\/orallagos.pt\/wp-content\/uploads\/2025\/08\/cropped-cropped-orallagos-logo-blue-.png\",\"width\":229,\"height\":63,\"caption\":\"Orallagos\"},\"image\":{\"@id\":\"https:\/\/orallagos.pt\/#\/schema\/logo\/image\/\"},\"sameAs\":[\"https:\/\/www.facebook.com\/orallagosclinica\",\"https:\/\/www.instagram.com\/orallagosclinica\/\",\"https:\/\/www.linkedin.com\/company\/orallagos---centro-dent-rio-especializado\/about\/\"]}]}<\/script>\n<!-- \/ Yoast SEO plugin. -->","yoast_head_json":{"title":"Academische en wetenschappelijke evenementen - Orallagos","description":"Orallagos neemt deel aan academische en wetenschappelijke evenementen en versterkt zijn streven naar uitmuntendheid op het gebied van tandheelkundige gezondheid in Lagos.","robots":{"index":"index","follow":"follow","max-snippet":"max-snippet:-1","max-image-preview":"max-image-preview:large","max-video-preview":"max-video-preview:-1"},"canonical":"https:\/\/orallagos.pt\/nl\/academische-en-wetenschappelijke-evenementen\/","og_locale":"nl_NL","og_type":"article","og_title":"Academische en wetenschappelijke evenementen - Orallagos","og_description":"Orallagos neemt deel aan academische en wetenschappelijke evenementen en versterkt zijn streven naar uitmuntendheid op het gebied van tandheelkundige gezondheid in Lagos.","og_url":"https:\/\/orallagos.pt\/nl\/academische-en-wetenschappelijke-evenementen\/","og_site_name":"Orallagos","article_publisher":"https:\/\/www.facebook.com\/orallagosclinica","article_modified_time":"2025-12-09T04:16:39+00:00","og_image":[{"width":1920,"height":1280,"url":"https:\/\/orallagos.pt\/wp-content\/uploads\/2025\/10\/IMG_9172.jpg","type":"image\/jpeg"}],"twitter_card":"summary_large_image","twitter_misc":{"Geschatte leestijd":"3 minuten"},"schema":{"@context":"https:\/\/schema.org","@graph":[{"@type":"WebPage","@id":"https:\/\/orallagos.pt\/nl\/academische-en-wetenschappelijke-evenementen\/","url":"https:\/\/orallagos.pt\/nl\/academische-en-wetenschappelijke-evenementen\/","name":"Academische en wetenschappelijke evenementen - Orallagos","isPartOf":{"@id":"https:\/\/orallagos.pt\/#website"},"primaryImageOfPage":{"@id":"https:\/\/orallagos.pt\/nl\/academische-en-wetenschappelijke-evenementen\/#primaryimage"},"image":{"@id":"https:\/\/orallagos.pt\/nl\/academische-en-wetenschappelijke-evenementen\/#primaryimage"},"thumbnailUrl":"https:\/\/orallagos.pt\/wp-content\/uploads\/2025\/10\/IMG_9172.jpg","datePublished":"2025-10-15T19:51:36+00:00","dateModified":"2025-12-09T04:16:39+00:00","description":"Orallagos neemt deel aan academische en wetenschappelijke evenementen en versterkt zijn streven naar uitmuntendheid op het gebied van tandheelkundige gezondheid in Lagos.","breadcrumb":{"@id":"https:\/\/orallagos.pt\/nl\/academische-en-wetenschappelijke-evenementen\/#breadcrumb"},"inLanguage":"nl-NL","potentialAction":[{"@type":"ReadAction","target":["https:\/\/orallagos.pt\/nl\/academische-en-wetenschappelijke-evenementen\/"]}]},{"@type":"ImageObject","inLanguage":"nl-NL","@id":"https:\/\/orallagos.pt\/nl\/academische-en-wetenschappelijke-evenementen\/#primaryimage","url":"https:\/\/orallagos.pt\/wp-content\/uploads\/2025\/10\/IMG_9172.jpg","contentUrl":"https:\/\/orallagos.pt\/wp-content\/uploads\/2025\/10\/IMG_9172.jpg","width":1920,"height":1280},{"@type":"BreadcrumbList","@id":"https:\/\/orallagos.pt\/nl\/academische-en-wetenschappelijke-evenementen\/#breadcrumb","itemListElement":[{"@type":"ListItem","position":1,"name":"Home","item":"https:\/\/orallagos.pt\/de\/"},{"@type":"ListItem","position":2,"name":"Academische en wetenschappelijke evenementen"}]},{"@type":"WebSite","@id":"https:\/\/orallagos.pt\/#website","url":"https:\/\/orallagos.pt\/","name":"Orallagos","description":"","publisher":{"@id":"https:\/\/orallagos.pt\/#organization"},"potentialAction":[{"@type":"SearchAction","target":{"@type":"EntryPoint","urlTemplate":"https:\/\/orallagos.pt\/?s={search_term_string}"},"query-input":{"@type":"PropertyValueSpecification","valueRequired":true,"valueName":"search_term_string"}}],"inLanguage":"nl-NL"},{"@type":"Organization","@id":"https:\/\/orallagos.pt\/#organization","name":"Orallagos","url":"https:\/\/orallagos.pt\/","logo":{"@type":"ImageObject","inLanguage":"nl-NL","@id":"https:\/\/orallagos.pt\/#\/schema\/logo\/image\/","url":"https:\/\/orallagos.pt\/wp-content\/uploads\/2025\/08\/cropped-cropped-orallagos-logo-blue-.png","contentUrl":"https:\/\/orallagos.pt\/wp-content\/uploads\/2025\/08\/cropped-cropped-orallagos-logo-blue-.png","width":229,"height":63,"caption":"Orallagos"},"image":{"@id":"https:\/\/orallagos.pt\/#\/schema\/logo\/image\/"},"sameAs":["https:\/\/www.facebook.com\/orallagosclinica","https:\/\/www.instagram.com\/orallagosclinica\/","https:\/\/www.linkedin.com\/company\/orallagos---centro-dent-rio-especializado\/about\/"]}]}},"_links":{"self":[{"href":"https:\/\/orallagos.pt\/nl\/wp-json\/wp\/v2\/pages\/4811","targetHints":{"allow":["GET"]}}],"collection":[{"href":"https:\/\/orallagos.pt\/nl\/wp-json\/wp\/v2\/pages"}],"about":[{"href":"https:\/\/orallagos.pt\/nl\/wp-json\/wp\/v2\/types\/page"}],"author":[{"embeddable":true,"href":"https:\/\/orallagos.pt\/nl\/wp-json\/wp\/v2\/users\/2"}],"replies":[{"embeddable":true,"href":"https:\/\/orallagos.pt\/nl\/wp-json\/wp\/v2\/comments?post=4811"}],"version-history":[{"count":2,"href":"https:\/\/orallagos.pt\/nl\/wp-json\/wp\/v2\/pages\/4811\/revisions"}],"predecessor-version":[{"id":6845,"href":"https:\/\/orallagos.pt\/nl\/wp-json\/wp\/v2\/pages\/4811\/revisions\/6845"}],"wp:featuredmedia":[{"embeddable":true,"href":"https:\/\/orallagos.pt\/nl\/wp-json\/wp\/v2\/media\/4823"}],"wp:attachment":[{"href":"https:\/\/orallagos.pt\/nl\/wp-json\/wp\/v2\/media?parent=4811"}],"curies":[{"name":"wp","href":"https:\/\/api.w.org\/{rel}","templated":true}]}}