{"id":4688,"date":"2025-08-05T02:38:43","date_gmt":"2025-08-05T02:38:43","guid":{"rendered":"https:\/\/orallagos.pt\/personnel-clinique\/"},"modified":"2025-11-21T12:29:08","modified_gmt":"2025-11-21T12:29:08","slug":"personnel-clinique","status":"publish","type":"page","link":"https:\/\/orallagos.pt\/fr\/personnel-clinique\/","title":{"rendered":"Personnel clinique"},"content":{"rendered":"\t\t<div data-elementor-type=\"wp-page\" data-elementor-id=\"4688\" class=\"elementor elementor-4688 elementor-164\" data-elementor-post-type=\"page\">\n\t\t\t\t<div class=\"elementor-element elementor-element-034db9e e-flex e-con-boxed pxl-column-none pxl-row-scroll-none pxl-zoom-point-false pxl-section-overflow-visible pxl-section-fix-none pxl-full-content-with-space-none pxl-bg-color-none pxl-section-overlay-none e-con e-parent \" data-id=\"034db9e\" data-element_type=\"container\" data-e-type=\"container\">\t\t\t<div class=\"e-con-inner\">\r\n\t\t<div class=\"elementor-element elementor-element-62fa07a e-con-full e-flex pxl-column-none pxl-row-scroll-none pxl-zoom-point-false pxl-section-overflow-visible pxl-section-fix-none pxl-full-content-with-space-none pxl-bg-color-none pxl-section-overlay-none e-con e-child \" data-id=\"62fa07a\" data-element_type=\"container\" data-e-type=\"container\"><div class=\"elementor-element elementor-element-f47de24 e-con-full e-flex pxl-column-none pxl-row-scroll-none pxl-zoom-point-false pxl-section-overflow-visible pxl-section-fix-none pxl-full-content-with-space-none pxl-bg-color-none pxl-section-overlay-none e-con e-child \" data-id=\"f47de24\" data-element_type=\"container\" data-e-type=\"container\">\t\t<div class=\"elementor-element elementor-element-0b5b36a elementor-widget-laptop__width-initial elementor-widget elementor-widget-pxl_image\" data-id=\"0b5b36a\" data-element_type=\"widget\" data-e-type=\"widget\" data-widget_type=\"pxl_image.default\">\n\t\t\t\t<div class=\"elementor-widget-container\">\n\t\t\t\t\t<div id=\"pxl_image-0b5b36a-6600\" class=\"pxl-image-single  style-default \" data-wow-delay=\"ms\" >\r\n    <div class=\"pxl-item--inner \" data-wow-delay=\"120ms\">\r\n        \r\n                                <div class=\"pxl-item--image \" data-wow-delay=\"ms\" data-parallax-value=\"\">\r\n                                                    <img fetchpriority=\"high\" decoding=\"async\" width=\"1707\" height=\"2560\" src=\"https:\/\/orallagos.pt\/wp-content\/uploads\/2025\/10\/55-scaled.jpg\" class=\"no-lazyload attachment-full\" alt=\"\" \/>                                            <\/div>\r\n                                <\/div>\r\n<\/div>\t\t\t\t<\/div>\n\t\t\t\t<\/div>\n\t\t\t\t<\/div>\r\n\t\t<div class=\"elementor-element elementor-element-3c2cf63 e-con-full e-flex pxl-column-none pxl-row-scroll-none pxl-zoom-point-false pxl-section-overflow-visible pxl-section-fix-none pxl-full-content-with-space-none pxl-bg-color-none pxl-section-overlay-none e-con e-child \" data-id=\"3c2cf63\" data-element_type=\"container\" data-e-type=\"container\">\t\t<div class=\"elementor-element elementor-element-fdfb6e5 elementor-widget elementor-widget-pxl_heading\" data-id=\"fdfb6e5\" data-element_type=\"widget\" data-e-type=\"widget\" data-widget_type=\"pxl_heading.default\">\n\t\t\t\t<div class=\"elementor-widget-container\">\n\t\t\t\t\t<div id=\"pxl-pxl_heading-fdfb6e5-3861\" class=\"pxl-heading px-sub-title-default-style\">\n\t<div class=\"pxl-heading--inner\">\n\t\t\n\t\t\t\t\t<div class=\"pxl-item--subtitle px-sub-title-default wow fadeInUp\" data-wow-delay=\"300ms\">\n\t\t\t\t\t\t\t\t<span class=\"pxl-item--subtext\">\n\t\t\t\t\tOrallagos\t\t\t\t<\/span>\n\t\t\t<\/div>\n\t\t\n\t\t<h2 class=\"pxl-item--title wow fadeInUp\" data-wow-delay=\"400ms\">\n\t\t\tPersonnel clinique d\u2019Orallagos\t\t\n\t\t<\/h2>\n\n\t\t\t\t\n\t<\/div>\n<\/div>\t\t\t\t<\/div>\n\t\t\t\t<\/div>\n\t\t\t\t<div class=\"elementor-element elementor-element-56b7992 elementor-widget elementor-widget-pxl_text_editor\" data-id=\"56b7992\" data-element_type=\"widget\" data-e-type=\"widget\" data-widget_type=\"pxl_text_editor.default\">\n\t\t\t\t<div class=\"elementor-widget-container\">\n\t\t\t\t\t<div id=\"pxl_text_editor-56b7992-2219\" class=\"pxl-image-wg\" duration=\"1\">\n\t<div class=\"pxl-text-editor\">\n\t\t<div class=\"pxl-item--inner wow fadeInUp\" data-wow-delay=\"500ms\">\n\t\t\t<div class=\"elementor-element elementor-element-4bcf990 elementor-widget elementor-widget-text-editor\" data-id=\"4bcf990\" data-element_type=\"widget\" data-widget_type=\"text-editor.default\"><div class=\"elementor-widget-container\"><p class=\"p1\">Une \u00e9quipe qui allie l\u2019excellence clinique \u00e0 des soins v\u00e9ritablement humains.<\/p><p class=\"p1\">Chez Orallagos, nous croyons que la r\u00e9ussite de tout traitement commence par la relation de confiance entre le patient et le professionnel. C\u2019est pourquoi nous avons r\u00e9uni un personnel clinique multidisciplinaire et exp\u00e9riment\u00e9 en formation constante, ce qui garantit le meilleur suivi &#8211; de la pr\u00e9vention \u00e0 la r\u00e9habilitation totale du sourire. <\/p><p class=\"p1\">Plus que des titres, ce qui nous distingue, c\u2019est la fa\u00e7on dont nous prenons soin : avec attention, empathie et d\u00e9vouement total \u00e0 chaque patient.<\/p><p class=\"p1\">Rencontrez les professionnels qui seront \u00e0 vos c\u00f4t\u00e9s \u00e0 chaque \u00e9tape de votre traitement.<\/p><\/div><\/div><div class=\"elementor-element elementor-element-1980e34 elementor-widget elementor-widget-heading\" data-id=\"1980e34\" data-element_type=\"widget\" data-widget_type=\"heading.default\"><div class=\"elementor-widget-container\"> <\/div><\/div>\t\t\n\t\t<\/div>\n\t<\/div>\n<\/div>\t\t\t\t<\/div>\n\t\t\t\t<\/div>\n\t\t\t\t<div class=\"elementor-element elementor-element-eb3e961 elementor-widget elementor-widget-pxl_button\" data-id=\"eb3e961\" data-element_type=\"widget\" data-e-type=\"widget\" data-widget_type=\"pxl_button.default\">\n\t\t\t\t<div class=\"elementor-widget-container\">\n\t\t\t\t\t<div id=\"pxl-pxl_button-eb3e961-3833\" class=\"pxl-button pxl-atc-link wow fadeInUp\" data-wow-delay=\"700ms\">\r\n    <a href=\"https:\/\/orallagos.pt\/contactos\/\" class=\"btn pxl-icon-active btn-default wow fadeInUp pxl-icon--right\" data-wow-delay=\"700ms\" data-onepage-offset=\"\">\r\n        \r\n                \r\n        <span class=\"pxl--btn-text\" data-text=\"Planifier la consultation\">\r\n            Planifier la consultation        <\/span>\r\n        \r\n                    <span class=\"pxl--text-wrap\">\r\n                <span class=\"pxl--btn-text1\">Planifier la consultation<\/span>\r\n                <span class=\"pxl--btn-text2\">Planifier la consultation<\/span>\r\n            <\/span>\r\n         \r\n\r\n    <\/a>\r\n<\/div>\t\t\t\t<\/div>\n\t\t\t\t<\/div>\n\t\t\t\t<\/div>\r\n\t\t\t\t<\/div>\r\n\t\t<div class=\"elementor-element elementor-element-da9cc5a e-con-full e-flex pxl-column-none pxl-row-scroll-none pxl-zoom-point-false pxl-section-overflow-visible pxl-section-fix-none pxl-full-content-with-space-none pxl-bg-color-none pxl-section-overlay-none e-con e-child \" data-id=\"da9cc5a\" data-element_type=\"container\" data-e-type=\"container\"><div class=\"elementor-element elementor-element-018f67a e-con-full e-flex pxl-column-none pxl-row-scroll-none pxl-zoom-point-false pxl-section-overflow-visible pxl-section-fix-none pxl-full-content-with-space-none pxl-bg-color-none pxl-section-overlay-none e-con e-child \" data-id=\"018f67a\" data-element_type=\"container\" data-e-type=\"container\">\t\t<div class=\"elementor-element elementor-element-c599fc9 elementor-widget elementor-widget-pxl_heading\" data-id=\"c599fc9\" data-element_type=\"widget\" data-e-type=\"widget\" data-widget_type=\"pxl_heading.default\">\n\t\t\t\t<div class=\"elementor-widget-container\">\n\t\t\t\t\t<div id=\"pxl-pxl_heading-c599fc9-7990\" class=\"pxl-heading px-sub-title-default-style\">\n\t<div class=\"pxl-heading--inner\">\n\t\t\n\t\t\t\t\t<div class=\"pxl-item--subtitle px-sub-title-default wow fadeInUp\" data-wow-delay=\"300ms\">\n\t\t\t\t\t\t\t\t<span class=\"pxl-item--subtext\">\n\t\t\t\t\tLe personnel clinique\t\t\t\t<\/span>\n\t\t\t<\/div>\n\t\t\n\t\t<h2 class=\"pxl-item--title wow fadeInUp\" data-wow-delay=\"400ms\">\n\t\t\tNos cliniciens\t\t\n\t\t<\/h2>\n\n\t\t\t\t\n\t<\/div>\n<\/div>\t\t\t\t<\/div>\n\t\t\t\t<\/div>\n\t\t\t\t<div class=\"elementor-element elementor-element-ee5f0a9 elementor-widget elementor-widget-pxl_text_editor\" data-id=\"ee5f0a9\" data-element_type=\"widget\" data-e-type=\"widget\" data-widget_type=\"pxl_text_editor.default\">\n\t\t\t\t<div class=\"elementor-widget-container\">\n\t\t\t\t\t<div id=\"pxl_text_editor-ee5f0a9-5860\" class=\"pxl-image-wg\" duration=\"1\">\n\t<div class=\"pxl-text-editor\">\n\t\t<div class=\"pxl-item--inner wow fadeInUp\" data-wow-delay=\"500ms\">\n\t\t\t<p class=\"p1\">Nous avons des dentistes et des stomatologues ayant une exp\u00e9rience et une formation approfondies dans des domaines tels que l\u2019implantologie, l\u2019orthodontie, l\u2019esth\u00e9tique dentaire, l\u2019endodontie et bien plus encore. Tous s\u2019engagent \u00e0 atteindre le plus haut niveau de qualit\u00e9 et une attention personnalis\u00e9e. <\/p>\t\t\n\t\t<\/div>\n\t<\/div>\n<\/div>\t\t\t\t<\/div>\n\t\t\t\t<\/div>\n\t\t\t\t<\/div>\r\n\t\t<div class=\"elementor-element elementor-element-d734d87 e-con-full e-flex pxl-column-none pxl-row-scroll-none pxl-zoom-point-false pxl-section-overflow-visible pxl-section-fix-none pxl-full-content-with-space-none pxl-bg-color-none pxl-section-overlay-none e-con e-child \" data-id=\"d734d87\" data-element_type=\"container\" data-e-type=\"container\">\t\t<div class=\"elementor-element elementor-element-1ddd731 elementor-widget__width-initial elementor-widget elementor-widget-pxl_team_grid\" data-id=\"1ddd731\" data-element_type=\"widget\" data-e-type=\"widget\" data-widget_type=\"pxl_team_grid.default\">\n\t\t\t\t<div class=\"elementor-widget-container\">\n\t\t\t\t\t    <div class=\"pxl-grid pxl-team-grid pxl-team-grid1\" data-layout=\"masonry\">\n        <div class=\"pxl-grid-inner pxl-grid-masonry row\" data-gutter=\"15\">\n                            <div class=\"pxl-grid-item col-xl-3 col-lg-3 col-md-6 col-sm-6 col-12\">\n                    <div class=\"pxl-item--inner\">\n                                                    <div class=\"pxl-item--image\">\n                                <div class=\"pxl-img wow zoomInSmall\" data-wow-delay=\"600ms\">\n                                    <img decoding=\"async\" width=\"480\" height=\"480\" src=\"https:\/\/orallagos.pt\/wp-content\/uploads\/2025\/10\/Clinica-Nuno-Garrido.jpg\" class=\"no-lazyload attachment-full\" alt=\"\" \/>                                <\/div>\n                            <\/div>\n                                                <div class=\"pxl-item-content wow fadeInDown\" data-wow-delay=\"700ms\">\n                            <div class=\"pxl-content\">\n                                <h4 class=\"pxl-item--title\">\n                                    Prof. Dr. Nuno Garrido                                <\/h4>\n                                <div class=\"pxl-item--position\">Dentiste Sp\u00e9cialiste<\/div>\n                            <\/div>\n                        <\/div>\n                   <\/div>\n                <\/div>\n                            <div class=\"pxl-grid-item col-xl-3 col-lg-3 col-md-6 col-sm-6 col-12\">\n                    <div class=\"pxl-item--inner\">\n                                                    <div class=\"pxl-item--image\">\n                                <div class=\"pxl-img wow zoomInSmall\" data-wow-delay=\"600ms\">\n                                    <img decoding=\"async\" width=\"480\" height=\"480\" src=\"https:\/\/orallagos.pt\/wp-content\/uploads\/2025\/10\/Clinico-Pestana.jpg\" class=\"no-lazyload attachment-full\" alt=\"\" \/>                                <\/div>\n                            <\/div>\n                                                <div class=\"pxl-item-content wow fadeInDown\" data-wow-delay=\"700ms\">\n                            <div class=\"pxl-content\">\n                                <h4 class=\"pxl-item--title\">\n                                    Dr. Pedro Pestana                                <\/h4>\n                                <div class=\"pxl-item--position\">M\u00e9decin Stomatologue<\/div>\n                            <\/div>\n                        <\/div>\n                   <\/div>\n                <\/div>\n                            <div class=\"pxl-grid-item col-xl-3 col-lg-3 col-md-6 col-sm-6 col-12\">\n                    <div class=\"pxl-item--inner\">\n                                                    <div class=\"pxl-item--image\">\n                                <div class=\"pxl-img wow zoomInSmall\" data-wow-delay=\"600ms\">\n                                    <img loading=\"lazy\" decoding=\"async\" width=\"480\" height=\"480\" src=\"https:\/\/orallagos.pt\/wp-content\/uploads\/2025\/10\/Clinico-Nuno-Jorge.jpg\" class=\"no-lazyload attachment-full\" alt=\"\" \/>                                <\/div>\n                            <\/div>\n                                                <div class=\"pxl-item-content wow fadeInDown\" data-wow-delay=\"700ms\">\n                            <div class=\"pxl-content\">\n                                <h4 class=\"pxl-item--title\">\n                                    Dr. Nuno Jorge                                <\/h4>\n                                <div class=\"pxl-item--position\">Dentiste Sp\u00e9cialiste<\/div>\n                            <\/div>\n                        <\/div>\n                   <\/div>\n                <\/div>\n                            <div class=\"pxl-grid-item col-xl-3 col-lg-3 col-md-6 col-sm-6 col-12\">\n                    <div class=\"pxl-item--inner\">\n                                                    <div class=\"pxl-item--image\">\n                                <div class=\"pxl-img wow zoomInSmall\" data-wow-delay=\"600ms\">\n                                    <img loading=\"lazy\" decoding=\"async\" width=\"480\" height=\"480\" src=\"https:\/\/orallagos.pt\/wp-content\/uploads\/2025\/10\/Clinico-Gisela.jpg\" class=\"no-lazyload attachment-full\" alt=\"\" \/>                                <\/div>\n                            <\/div>\n                                                <div class=\"pxl-item-content wow fadeInDown\" data-wow-delay=\"700ms\">\n                            <div class=\"pxl-content\">\n                                <h4 class=\"pxl-item--title\">\n                                    Dra. Gisela Cabrita                                <\/h4>\n                                <div class=\"pxl-item--position\">Dentiste<\/div>\n                            <\/div>\n                        <\/div>\n                   <\/div>\n                <\/div>\n                        <div class=\"grid-sizer col-xl-3 col-lg-3 col-md-6 col-sm-6 col-12\"><\/div>\n        <\/div>\n    <\/div>\n\t\t\t\t<\/div>\n\t\t\t\t<\/div>\n\t\t\t\t<div class=\"elementor-element elementor-element-6abe7f1 elementor-widget__width-initial elementor-widget elementor-widget-pxl_team_grid\" data-id=\"6abe7f1\" data-element_type=\"widget\" data-e-type=\"widget\" data-widget_type=\"pxl_team_grid.default\">\n\t\t\t\t<div class=\"elementor-widget-container\">\n\t\t\t\t\t    <div class=\"pxl-grid pxl-team-grid pxl-team-grid1\" data-layout=\"masonry\">\n        <div class=\"pxl-grid-inner pxl-grid-masonry row\" data-gutter=\"15\">\n                            <div class=\"pxl-grid-item col-xl-3 col-lg-3 col-md-6 col-sm-6 col-12\">\n                    <div class=\"pxl-item--inner\">\n                                                    <div class=\"pxl-item--image\">\n                                <div class=\"pxl-img wow zoomInSmall\" data-wow-delay=\"600ms\">\n                                    <img loading=\"lazy\" decoding=\"async\" width=\"480\" height=\"480\" src=\"https:\/\/orallagos.pt\/wp-content\/uploads\/2025\/10\/Clinico-Bruno.jpg\" class=\"no-lazyload attachment-full\" alt=\"\" \/>                                <\/div>\n                            <\/div>\n                                                <div class=\"pxl-item-content wow fadeInDown\" data-wow-delay=\"700ms\">\n                            <div class=\"pxl-content\">\n                                <h4 class=\"pxl-item--title\">\n                                    Dr. Bruno Taxa                                <\/h4>\n                                <div class=\"pxl-item--position\">Dentiste<\/div>\n                            <\/div>\n                        <\/div>\n                   <\/div>\n                <\/div>\n                            <div class=\"pxl-grid-item col-xl-3 col-lg-3 col-md-6 col-sm-6 col-12\">\n                    <div class=\"pxl-item--inner\">\n                                                    <div class=\"pxl-item--image\">\n                                <div class=\"pxl-img wow zoomInSmall\" data-wow-delay=\"600ms\">\n                                    <img loading=\"lazy\" decoding=\"async\" width=\"480\" height=\"480\" src=\"https:\/\/orallagos.pt\/wp-content\/uploads\/2025\/10\/Clinico-Ana-Marta.jpg\" class=\"no-lazyload attachment-full\" alt=\"\" \/>                                <\/div>\n                            <\/div>\n                                                <div class=\"pxl-item-content wow fadeInDown\" data-wow-delay=\"700ms\">\n                            <div class=\"pxl-content\">\n                                <h4 class=\"pxl-item--title\">\n                                    Dra. Ana Marta Fidalgo                                <\/h4>\n                                <div class=\"pxl-item--position\">Dentiste<\/div>\n                            <\/div>\n                        <\/div>\n                   <\/div>\n                <\/div>\n                            <div class=\"pxl-grid-item col-xl-3 col-lg-3 col-md-6 col-sm-6 col-12\">\n                    <div class=\"pxl-item--inner\">\n                                                    <div class=\"pxl-item--image\">\n                                <div class=\"pxl-img wow zoomInSmall\" data-wow-delay=\"600ms\">\n                                    <img loading=\"lazy\" decoding=\"async\" width=\"480\" height=\"480\" src=\"https:\/\/orallagos.pt\/wp-content\/uploads\/2025\/10\/Clinico-Ines.jpg\" class=\"no-lazyload attachment-full\" alt=\"\" \/>                                <\/div>\n                            <\/div>\n                                                <div class=\"pxl-item-content wow fadeInDown\" data-wow-delay=\"700ms\">\n                            <div class=\"pxl-content\">\n                                <h4 class=\"pxl-item--title\">\n                                    Dra. In\u00eas Mocho                                <\/h4>\n                                <div class=\"pxl-item--position\">Dentiste<\/div>\n                            <\/div>\n                        <\/div>\n                   <\/div>\n                <\/div>\n                            <div class=\"pxl-grid-item col-xl-3 col-lg-3 col-md-6 col-sm-6 col-12\">\n                    <div class=\"pxl-item--inner\">\n                                                    <div class=\"pxl-item--image\">\n                                <div class=\"pxl-img wow zoomInSmall\" data-wow-delay=\"600ms\">\n                                    <img loading=\"lazy\" decoding=\"async\" width=\"480\" height=\"480\" src=\"https:\/\/orallagos.pt\/wp-content\/uploads\/2025\/10\/Clinico-Joana.jpg\" class=\"no-lazyload attachment-full\" alt=\"\" \/>                                <\/div>\n                            <\/div>\n                                                <div class=\"pxl-item-content wow fadeInDown\" data-wow-delay=\"700ms\">\n                            <div class=\"pxl-content\">\n                                <h4 class=\"pxl-item--title\">\n                                    Dra. Joana Reis                                <\/h4>\n                                <div class=\"pxl-item--position\">Dentiste<\/div>\n                            <\/div>\n                        <\/div>\n                   <\/div>\n                <\/div>\n                        <div class=\"grid-sizer col-xl-3 col-lg-3 col-md-6 col-sm-6 col-12\"><\/div>\n        <\/div>\n    <\/div>\n\t\t\t\t<\/div>\n\t\t\t\t<\/div>\n\t\t\t\t<div class=\"elementor-element elementor-element-b55727d elementor-widget__width-initial elementor-widget elementor-widget-pxl_team_grid\" data-id=\"b55727d\" data-element_type=\"widget\" data-e-type=\"widget\" data-widget_type=\"pxl_team_grid.default\">\n\t\t\t\t<div class=\"elementor-widget-container\">\n\t\t\t\t\t    <div class=\"pxl-grid pxl-team-grid pxl-team-grid1\" data-layout=\"masonry\">\n        <div class=\"pxl-grid-inner pxl-grid-masonry row\" data-gutter=\"15\">\n                            <div class=\"pxl-grid-item col-xl-3 col-lg-3 col-md-6 col-sm-6 col-12\">\n                    <div class=\"pxl-item--inner\">\n                                                    <div class=\"pxl-item--image\">\n                                <div class=\"pxl-img wow zoomInSmall\" data-wow-delay=\"600ms\">\n                                    <img loading=\"lazy\" decoding=\"async\" width=\"480\" height=\"480\" src=\"https:\/\/orallagos.pt\/wp-content\/uploads\/2025\/10\/Clinica-Rita-Oliveira.jpg\" class=\"no-lazyload attachment-full\" alt=\"\" \/>                                <\/div>\n                            <\/div>\n                                                <div class=\"pxl-item-content wow fadeInDown\" data-wow-delay=\"700ms\">\n                            <div class=\"pxl-content\">\n                                <h4 class=\"pxl-item--title\">\n                                    Dra. Rita Oliveira                                <\/h4>\n                                <div class=\"pxl-item--position\">Dentiste<\/div>\n                            <\/div>\n                        <\/div>\n                   <\/div>\n                <\/div>\n                            <div class=\"pxl-grid-item col-xl-3 col-lg-3 col-md-6 col-sm-6 col-12\">\n                    <div class=\"pxl-item--inner\">\n                                                    <div class=\"pxl-item--image\">\n                                <div class=\"pxl-img wow zoomInSmall\" data-wow-delay=\"600ms\">\n                                    <img loading=\"lazy\" decoding=\"async\" width=\"1080\" height=\"1080\" src=\"https:\/\/orallagos.pt\/wp-content\/uploads\/2025\/10\/Design-sem-nome.png\" class=\"no-lazyload attachment-full\" alt=\"\" \/>                                <\/div>\n                            <\/div>\n                                                <div class=\"pxl-item-content wow fadeInDown\" data-wow-delay=\"700ms\">\n                            <div class=\"pxl-content\">\n                                <h4 class=\"pxl-item--title\">\n                                    Dr. Pedro Marcos                                <\/h4>\n                                <div class=\"pxl-item--position\">Dentiste<\/div>\n                            <\/div>\n                        <\/div>\n                   <\/div>\n                <\/div>\n                        <div class=\"grid-sizer col-xl-3 col-lg-3 col-md-6 col-sm-6 col-12\"><\/div>\n        <\/div>\n    <\/div>\n\t\t\t\t<\/div>\n\t\t\t\t<\/div>\n\t\t\t\t<div class=\"elementor-element elementor-element-a56d02f elementor-widget elementor-widget-spacer\" data-id=\"a56d02f\" data-element_type=\"widget\" data-e-type=\"widget\" data-widget_type=\"spacer.default\">\n\t\t\t\t\t\t\t<div class=\"elementor-spacer\">\n\t\t\t<div class=\"elementor-spacer-inner\"><\/div>\n\t\t<\/div>\n\t\t\t\t\t\t<\/div>\n\t\t\t\t<div class=\"elementor-element elementor-element-0e68dbb elementor-widget elementor-widget-pxl_heading\" data-id=\"0e68dbb\" data-element_type=\"widget\" data-e-type=\"widget\" data-widget_type=\"pxl_heading.default\">\n\t\t\t\t<div class=\"elementor-widget-container\">\n\t\t\t\t\t<div id=\"pxl-pxl_heading-0e68dbb-8252\" class=\"pxl-heading px-sub-title-default-style\">\n\t<div class=\"pxl-heading--inner\">\n\t\t\n\t\t\t\t\t<div class=\"pxl-item--subtitle px-sub-title-default wow fadeInUp\" data-wow-delay=\"300ms\">\n\t\t\t\t\t\t\t\t<span class=\"pxl-item--subtext\">\n\t\t\t\t\tLe personnel clinique\t\t\t\t<\/span>\n\t\t\t<\/div>\n\t\t\n\t\t<h2 class=\"pxl-item--title wow fadeInUp\" data-wow-delay=\"400ms\">\n\t\t\tNos assistants\t\t\n\t\t<\/h2>\n\n\t\t\t\t\n\t<\/div>\n<\/div>\t\t\t\t<\/div>\n\t\t\t\t<\/div>\n\t\t\t\t<div class=\"elementor-element elementor-element-5f9c873 elementor-widget elementor-widget-pxl_text_editor\" data-id=\"5f9c873\" data-element_type=\"widget\" data-e-type=\"widget\" data-widget_type=\"pxl_text_editor.default\">\n\t\t\t\t<div class=\"elementor-widget-container\">\n\t\t\t\t\t<div id=\"pxl_text_editor-5f9c873-9023\" class=\"pxl-image-wg\" duration=\"1\">\n\t<div class=\"pxl-text-editor\">\n\t\t<div class=\"pxl-item--inner wow fadeInUp\" data-wow-delay=\"500ms\">\n\t\t\t<p class=\"p1\">Nos assistantes dentaires sont le pilier de l\u2019environnement accueillant que vous trouverez \u00e0 Orallagos.<\/p><p class=\"p1\">Ils sont toujours l\u00e0 pour soutenir les m\u00e9decins et garantir au patient le confort, la s\u00e9curit\u00e9 et la tranquillit\u00e9 fondamentaux dans chaque consultation.<\/p>\t\t\n\t\t<\/div>\n\t<\/div>\n<\/div>\t\t\t\t<\/div>\n\t\t\t\t<\/div>\n\t\t\t\t<div class=\"elementor-element elementor-element-1fa72e5 elementor-widget__width-initial elementor-widget elementor-widget-pxl_team_grid\" data-id=\"1fa72e5\" data-element_type=\"widget\" data-e-type=\"widget\" data-widget_type=\"pxl_team_grid.default\">\n\t\t\t\t<div class=\"elementor-widget-container\">\n\t\t\t\t\t    <div class=\"pxl-grid pxl-team-grid pxl-team-grid1\" data-layout=\"masonry\">\n        <div class=\"pxl-grid-inner pxl-grid-masonry row\" data-gutter=\"15\">\n                            <div class=\"pxl-grid-item col-xl-3 col-lg-3 col-md-6 col-sm-6 col-12\">\n                    <div class=\"pxl-item--inner\">\n                                                    <div class=\"pxl-item--image\">\n                                <div class=\"pxl-img wow zoomInSmall\" data-wow-delay=\"600ms\">\n                                    <img loading=\"lazy\" decoding=\"async\" width=\"480\" height=\"480\" src=\"https:\/\/orallagos.pt\/wp-content\/uploads\/2025\/10\/Clinica-Serenela.jpg\" class=\"no-lazyload attachment-full\" alt=\"\" \/>                                <\/div>\n                            <\/div>\n                                                <div class=\"pxl-item-content wow fadeInDown\" data-wow-delay=\"700ms\">\n                            <div class=\"pxl-content\">\n                                <h4 class=\"pxl-item--title\">\n                                    Serenela Rodrigues                                <\/h4>\n                                <div class=\"pxl-item--position\">Assistante Dentaire<\/div>\n                            <\/div>\n                        <\/div>\n                   <\/div>\n                <\/div>\n                            <div class=\"pxl-grid-item col-xl-3 col-lg-3 col-md-6 col-sm-6 col-12\">\n                    <div class=\"pxl-item--inner\">\n                                                    <div class=\"pxl-item--image\">\n                                <div class=\"pxl-img wow zoomInSmall\" data-wow-delay=\"600ms\">\n                                    <img loading=\"lazy\" decoding=\"async\" width=\"480\" height=\"480\" src=\"https:\/\/orallagos.pt\/wp-content\/uploads\/2025\/10\/Clinico-Jessica.jpg\" class=\"no-lazyload attachment-full\" alt=\"\" \/>                                <\/div>\n                            <\/div>\n                                                <div class=\"pxl-item-content wow fadeInDown\" data-wow-delay=\"700ms\">\n                            <div class=\"pxl-content\">\n                                <h4 class=\"pxl-item--title\">\n                                    J\u00e9ssica Silva                                <\/h4>\n                                <div class=\"pxl-item--position\">Assistante Dentaire<\/div>\n                            <\/div>\n                        <\/div>\n                   <\/div>\n                <\/div>\n                            <div class=\"pxl-grid-item col-xl-3 col-lg-3 col-md-6 col-sm-6 col-12\">\n                    <div class=\"pxl-item--inner\">\n                                                    <div class=\"pxl-item--image\">\n                                <div class=\"pxl-img wow zoomInSmall\" data-wow-delay=\"600ms\">\n                                    <img loading=\"lazy\" decoding=\"async\" width=\"480\" height=\"480\" src=\"https:\/\/orallagos.pt\/wp-content\/uploads\/2025\/10\/Clinica-Samantha.jpg\" class=\"no-lazyload attachment-full\" alt=\"\" \/>                                <\/div>\n                            <\/div>\n                                                <div class=\"pxl-item-content wow fadeInDown\" data-wow-delay=\"700ms\">\n                            <div class=\"pxl-content\">\n                                <h4 class=\"pxl-item--title\">\n                                    Samantha Ferreira                                <\/h4>\n                                <div class=\"pxl-item--position\">Assistante Dentaire<\/div>\n                            <\/div>\n                        <\/div>\n                   <\/div>\n                <\/div>\n                            <div class=\"pxl-grid-item col-xl-3 col-lg-3 col-md-6 col-sm-6 col-12\">\n                    <div class=\"pxl-item--inner\">\n                                                    <div class=\"pxl-item--image\">\n                                <div class=\"pxl-img wow zoomInSmall\" data-wow-delay=\"600ms\">\n                                    <img loading=\"lazy\" decoding=\"async\" width=\"345\" height=\"330\" src=\"https:\/\/orallagos.pt\/wp-content\/uploads\/2025\/10\/Captura-de-ecra-2025-10-15-as-16.40.39-1.png\" class=\"no-lazyload attachment-full\" alt=\"\" \/>                                <\/div>\n                            <\/div>\n                                                <div class=\"pxl-item-content wow fadeInDown\" data-wow-delay=\"700ms\">\n                            <div class=\"pxl-content\">\n                                <h4 class=\"pxl-item--title\">\n                                    Raquel Sousa                                <\/h4>\n                                <div class=\"pxl-item--position\">Assistante Dentaire<\/div>\n                            <\/div>\n                        <\/div>\n                   <\/div>\n                <\/div>\n                        <div class=\"grid-sizer col-xl-3 col-lg-3 col-md-6 col-sm-6 col-12\"><\/div>\n        <\/div>\n    <\/div>\n\t\t\t\t<\/div>\n\t\t\t\t<\/div>\n\t\t\t\t<div class=\"elementor-element elementor-element-981c84a elementor-widget__width-initial elementor-widget elementor-widget-pxl_team_grid\" data-id=\"981c84a\" data-element_type=\"widget\" data-e-type=\"widget\" data-widget_type=\"pxl_team_grid.default\">\n\t\t\t\t<div class=\"elementor-widget-container\">\n\t\t\t\t\t    <div class=\"pxl-grid pxl-team-grid pxl-team-grid1\" data-layout=\"masonry\">\n        <div class=\"pxl-grid-inner pxl-grid-masonry row\" data-gutter=\"15\">\n                            <div class=\"pxl-grid-item col-xl-3 col-lg-3 col-md-6 col-sm-6 col-12\">\n                    <div class=\"pxl-item--inner\">\n                                                    <div class=\"pxl-item--image\">\n                                <div class=\"pxl-img wow zoomInSmall\" data-wow-delay=\"600ms\">\n                                    <img loading=\"lazy\" decoding=\"async\" width=\"480\" height=\"480\" src=\"https:\/\/orallagos.pt\/wp-content\/uploads\/2025\/11\/Sayonara-1-e1762883533827.webp\" class=\"no-lazyload attachment-full\" alt=\"\" \/>                                <\/div>\n                            <\/div>\n                                                <div class=\"pxl-item-content wow fadeInDown\" data-wow-delay=\"700ms\">\n                            <div class=\"pxl-content\">\n                                <h4 class=\"pxl-item--title\">\n                                    Sayonara                                <\/h4>\n                                <div class=\"pxl-item--position\">Assistante Dentaire<\/div>\n                            <\/div>\n                        <\/div>\n                   <\/div>\n                <\/div>\n                            <div class=\"pxl-grid-item col-xl-3 col-lg-3 col-md-6 col-sm-6 col-12\">\n                    <div class=\"pxl-item--inner\">\n                                                    <div class=\"pxl-item--image\">\n                                <div class=\"pxl-img wow zoomInSmall\" data-wow-delay=\"600ms\">\n                                    <img loading=\"lazy\" decoding=\"async\" width=\"480\" height=\"480\" src=\"https:\/\/orallagos.pt\/wp-content\/uploads\/2025\/11\/Marcela-1-scaled-e1762883481799.jpg\" class=\"no-lazyload attachment-full\" alt=\"\" \/>                                <\/div>\n                            <\/div>\n                                                <div class=\"pxl-item-content wow fadeInDown\" data-wow-delay=\"700ms\">\n                            <div class=\"pxl-content\">\n                                <h4 class=\"pxl-item--title\">\n                                    Marcela                                <\/h4>\n                                <div class=\"pxl-item--position\">Assistante Dentaire<\/div>\n                            <\/div>\n                        <\/div>\n                   <\/div>\n                <\/div>\n                        <div class=\"grid-sizer col-xl-3 col-lg-3 col-md-6 col-sm-6 col-12\"><\/div>\n        <\/div>\n    <\/div>\n\t\t\t\t<\/div>\n\t\t\t\t<\/div>\n\t\t\t\t<div class=\"elementor-element elementor-element-bd55657 elementor-widget elementor-widget-spacer\" data-id=\"bd55657\" data-element_type=\"widget\" data-e-type=\"widget\" data-widget_type=\"spacer.default\">\n\t\t\t\t\t\t\t<div class=\"elementor-spacer\">\n\t\t\t<div class=\"elementor-spacer-inner\"><\/div>\n\t\t<\/div>\n\t\t\t\t\t\t<\/div>\n\t\t\t\t<div class=\"elementor-element elementor-element-400cd9d elementor-widget elementor-widget-pxl_heading\" data-id=\"400cd9d\" data-element_type=\"widget\" data-e-type=\"widget\" data-widget_type=\"pxl_heading.default\">\n\t\t\t\t<div class=\"elementor-widget-container\">\n\t\t\t\t\t<div id=\"pxl-pxl_heading-400cd9d-6990\" class=\"pxl-heading px-sub-title-default-style\">\n\t<div class=\"pxl-heading--inner\">\n\t\t\n\t\t\t\t\t<div class=\"pxl-item--subtitle px-sub-title-default wow fadeInUp\" data-wow-delay=\"300ms\">\n\t\t\t\t\t\t\t\t<span class=\"pxl-item--subtext\">\n\t\t\t\t\tLe personnel clinique\t\t\t\t<\/span>\n\t\t\t<\/div>\n\t\t\n\t\t<h2 class=\"pxl-item--title wow fadeInUp\" data-wow-delay=\"400ms\">\n\t\t\tNotre administration\t\t\n\t\t<\/h2>\n\n\t\t\t\t\n\t<\/div>\n<\/div>\t\t\t\t<\/div>\n\t\t\t\t<\/div>\n\t\t\t\t<div class=\"elementor-element elementor-element-84cf41a elementor-widget elementor-widget-pxl_text_editor\" data-id=\"84cf41a\" data-element_type=\"widget\" data-e-type=\"widget\" data-widget_type=\"pxl_text_editor.default\">\n\t\t\t\t<div class=\"elementor-widget-container\">\n\t\t\t\t\t<div id=\"pxl_text_editor-84cf41a-9125\" class=\"pxl-image-wg\" duration=\"1\">\n\t<div class=\"pxl-text-editor\">\n\t\t<div class=\"pxl-item--inner wow fadeInUp\" data-wow-delay=\"500ms\">\n\t\t\t<p class=\"p1\">De la prise de votre premier rendez-vous \u00e0 la planification de votre dernier contr\u00f4le, notre \u00e9quipe administrative est toujours disponible pour vous soutenir de mani\u00e8re amicale, claire et efficace.<\/p>\t\t\n\t\t<\/div>\n\t<\/div>\n<\/div>\t\t\t\t<\/div>\n\t\t\t\t<\/div>\n\t\t\t\t<div class=\"elementor-element elementor-element-864f8b4 elementor-widget__width-initial elementor-widget elementor-widget-pxl_team_grid\" data-id=\"864f8b4\" data-element_type=\"widget\" data-e-type=\"widget\" data-widget_type=\"pxl_team_grid.default\">\n\t\t\t\t<div class=\"elementor-widget-container\">\n\t\t\t\t\t    <div class=\"pxl-grid pxl-team-grid pxl-team-grid1\" data-layout=\"masonry\">\n        <div class=\"pxl-grid-inner pxl-grid-masonry row\" data-gutter=\"15\">\n                            <div class=\"pxl-grid-item col-xl-3 col-lg-3 col-md-6 col-sm-6 col-12\">\n                    <div class=\"pxl-item--inner\">\n                                                    <div class=\"pxl-item--image\">\n                                <div class=\"pxl-img wow zoomInSmall\" data-wow-delay=\"600ms\">\n                                    <img decoding=\"async\" width=\"480\" height=\"480\" src=\"https:\/\/orallagos.pt\/wp-content\/uploads\/2025\/10\/Clinica-Nuno-Garrido.jpg\" class=\"no-lazyload attachment-full\" alt=\"\" \/>                                <\/div>\n                            <\/div>\n                                                <div class=\"pxl-item-content wow fadeInDown\" data-wow-delay=\"700ms\">\n                            <div class=\"pxl-content\">\n                                <h4 class=\"pxl-item--title\">\n                                    Prof. Dr. Nuno Garrido                                <\/h4>\n                                <div class=\"pxl-item--position\">Direction Clinique<\/div>\n                            <\/div>\n                        <\/div>\n                   <\/div>\n                <\/div>\n                            <div class=\"pxl-grid-item col-xl-3 col-lg-3 col-md-6 col-sm-6 col-12\">\n                    <div class=\"pxl-item--inner\">\n                                                    <div class=\"pxl-item--image\">\n                                <div class=\"pxl-img wow zoomInSmall\" data-wow-delay=\"600ms\">\n                                    <img loading=\"lazy\" decoding=\"async\" width=\"988\" height=\"1002\" src=\"https:\/\/orallagos.pt\/wp-content\/uploads\/2025\/10\/WhatsApp-Image-2024-09-10-at-17.39.25.png\" class=\"no-lazyload attachment-full\" alt=\"\" \/>                                <\/div>\n                            <\/div>\n                                                <div class=\"pxl-item-content wow fadeInDown\" data-wow-delay=\"700ms\">\n                            <div class=\"pxl-content\">\n                                <h4 class=\"pxl-item--title\">\n                                    Patr\u00edcia Pinto                                <\/h4>\n                                <div class=\"pxl-item--position\">Back Office<\/div>\n                            <\/div>\n                        <\/div>\n                   <\/div>\n                <\/div>\n                            <div class=\"pxl-grid-item col-xl-3 col-lg-3 col-md-6 col-sm-6 col-12\">\n                    <div class=\"pxl-item--inner\">\n                                                    <div class=\"pxl-item--image\">\n                                <div class=\"pxl-img wow zoomInSmall\" data-wow-delay=\"600ms\">\n                                    <img loading=\"lazy\" decoding=\"async\" width=\"480\" height=\"480\" src=\"https:\/\/orallagos.pt\/wp-content\/uploads\/2025\/10\/ana-garibaldi.png\" class=\"no-lazyload attachment-full\" alt=\"\" \/>                                <\/div>\n                            <\/div>\n                                                <div class=\"pxl-item-content wow fadeInDown\" data-wow-delay=\"700ms\">\n                            <div class=\"pxl-content\">\n                                <h4 class=\"pxl-item--title\">\n                                    Ana Garibaldi                                <\/h4>\n                                <div class=\"pxl-item--position\">R\u00e9ception<\/div>\n                            <\/div>\n                        <\/div>\n                   <\/div>\n                <\/div>\n                            <div class=\"pxl-grid-item col-xl-3 col-lg-3 col-md-6 col-sm-6 col-12\">\n                    <div class=\"pxl-item--inner\">\n                                                    <div class=\"pxl-item--image\">\n                                <div class=\"pxl-img wow zoomInSmall\" data-wow-delay=\"600ms\">\n                                    <img loading=\"lazy\" decoding=\"async\" width=\"480\" height=\"480\" src=\"https:\/\/orallagos.pt\/wp-content\/uploads\/2025\/10\/ines-martins.jpg\" class=\"no-lazyload attachment-full\" alt=\"\" \/>                                <\/div>\n                            <\/div>\n                                                <div class=\"pxl-item-content wow fadeInDown\" data-wow-delay=\"700ms\">\n                            <div class=\"pxl-content\">\n                                <h4 class=\"pxl-item--title\">\n                                    In\u00eas Martins                                <\/h4>\n                                <div class=\"pxl-item--position\">R\u00e9ception<\/div>\n                            <\/div>\n                        <\/div>\n                   <\/div>\n                <\/div>\n                        <div class=\"grid-sizer col-xl-3 col-lg-3 col-md-6 col-sm-6 col-12\"><\/div>\n        <\/div>\n    <\/div>\n\t\t\t\t<\/div>\n\t\t\t\t<\/div>\n\t\t\t\t<div class=\"elementor-element elementor-element-ede765a elementor-widget__width-initial elementor-widget elementor-widget-pxl_team_grid\" data-id=\"ede765a\" data-element_type=\"widget\" data-e-type=\"widget\" data-widget_type=\"pxl_team_grid.default\">\n\t\t\t\t<div class=\"elementor-widget-container\">\n\t\t\t\t\t    <div class=\"pxl-grid pxl-team-grid pxl-team-grid1\" data-layout=\"masonry\">\n        <div class=\"pxl-grid-inner pxl-grid-masonry row\" data-gutter=\"15\">\n                            <div class=\"pxl-grid-item col-xl-3 col-lg-3 col-md-6 col-sm-6 col-12\">\n                    <div class=\"pxl-item--inner\">\n                                                    <div class=\"pxl-item--image\">\n                                <div class=\"pxl-img wow zoomInSmall\" data-wow-delay=\"600ms\">\n                                    <img loading=\"lazy\" decoding=\"async\" width=\"982\" height=\"982\" src=\"https:\/\/orallagos.pt\/wp-content\/uploads\/2025\/10\/WhatsApp-Image-2024-09-10-at-17.39.24.png\" class=\"no-lazyload attachment-full\" alt=\"\" \/>                                <\/div>\n                            <\/div>\n                                                <div class=\"pxl-item-content wow fadeInDown\" data-wow-delay=\"700ms\">\n                            <div class=\"pxl-content\">\n                                <h4 class=\"pxl-item--title\">\n                                    Patr\u00edcia Lamberto                                <\/h4>\n                                <div class=\"pxl-item--position\">R\u00e9ception<\/div>\n                            <\/div>\n                        <\/div>\n                   <\/div>\n                <\/div>\n                        <div class=\"grid-sizer col-xl-3 col-lg-3 col-md-6 col-sm-6 col-12\"><\/div>\n        <\/div>\n    <\/div>\n\t\t\t\t<\/div>\n\t\t\t\t<\/div>\n\t\t\t\t<div class=\"elementor-element elementor-element-993c46f elementor-widget elementor-widget-spacer\" data-id=\"993c46f\" data-element_type=\"widget\" data-e-type=\"widget\" data-widget_type=\"spacer.default\">\n\t\t\t\t\t\t\t<div class=\"elementor-spacer\">\n\t\t\t<div class=\"elementor-spacer-inner\"><\/div>\n\t\t<\/div>\n\t\t\t\t\t\t<\/div>\n\t\t\t\t<div class=\"elementor-element elementor-element-859f3ed elementor-widget elementor-widget-pxl_heading\" data-id=\"859f3ed\" data-element_type=\"widget\" data-e-type=\"widget\" data-widget_type=\"pxl_heading.default\">\n\t\t\t\t<div class=\"elementor-widget-container\">\n\t\t\t\t\t<div id=\"pxl-pxl_heading-859f3ed-7353\" class=\"pxl-heading px-sub-title-default-style\">\n\t<div class=\"pxl-heading--inner\">\n\t\t\n\t\t\t\t\t<div class=\"pxl-item--subtitle px-sub-title-default wow fadeInUp\" data-wow-delay=\"300ms\">\n\t\t\t\t\t\t\t\t<span class=\"pxl-item--subtext\">\n\t\t\t\t\tLe personnel clinique\t\t\t\t<\/span>\n\t\t\t<\/div>\n\t\t\n\t\t<h2 class=\"pxl-item--title wow fadeInUp\" data-wow-delay=\"400ms\">\n\t\t\tMaintenant que vous connaissez notre \u00e9quipe, nous sommes pr\u00eats \u00e0 am\u00e9liorer votre sourire.\t\t\n\t\t<\/h2>\n\n\t\t\t\t\n\t<\/div>\n<\/div>\t\t\t\t<\/div>\n\t\t\t\t<\/div>\n\t\t\t\t<div class=\"elementor-element elementor-element-b46a420 elementor-widget elementor-widget-spacer\" data-id=\"b46a420\" data-element_type=\"widget\" data-e-type=\"widget\" data-widget_type=\"spacer.default\">\n\t\t\t\t\t\t\t<div class=\"elementor-spacer\">\n\t\t\t<div class=\"elementor-spacer-inner\"><\/div>\n\t\t<\/div>\n\t\t\t\t\t\t<\/div>\n\t\t\t\t<div class=\"elementor-element elementor-element-506eff0 elementor-align-center elementor-widget__width-initial elementor-widget elementor-widget-pxl_button\" data-id=\"506eff0\" data-element_type=\"widget\" data-e-type=\"widget\" data-widget_type=\"pxl_button.default\">\n\t\t\t\t<div class=\"elementor-widget-container\">\n\t\t\t\t\t<div id=\"pxl-pxl_button-506eff0-3657\" class=\"pxl-button pxl-atc-link \" data-wow-delay=\"ms\">\r\n    <a href=\"https:\/\/orallagos.pt\/contactos\/\" class=\"btn pxl-icon-active btn-default  pxl-icon--left\" data-wow-delay=\"ms\" data-onepage-offset=\"\">\r\n        \r\n                \r\n        <span class=\"pxl--btn-text\" data-text=\"Contactez-nous !\">\r\n            Contactez-nous !        <\/span>\r\n        \r\n                    <span class=\"pxl--text-wrap\">\r\n                <span class=\"pxl--btn-text1\">Contactez-nous !<\/span>\r\n                <span class=\"pxl--btn-text2\">Contactez-nous !<\/span>\r\n            <\/span>\r\n         \r\n\r\n    <\/a>\r\n<\/div>\t\t\t\t<\/div>\n\t\t\t\t<\/div>\n\t\t\t\t<div class=\"elementor-element elementor-element-4066726 elementor-widget elementor-widget-spacer\" data-id=\"4066726\" data-element_type=\"widget\" data-e-type=\"widget\" data-widget_type=\"spacer.default\">\n\t\t\t\t\t\t\t<div class=\"elementor-spacer\">\n\t\t\t<div class=\"elementor-spacer-inner\"><\/div>\n\t\t<\/div>\n\t\t\t\t\t\t<\/div>\n\t\t\t\t<div class=\"elementor-element elementor-element-92489d6 elementor-widget elementor-widget-spacer\" data-id=\"92489d6\" data-element_type=\"widget\" data-e-type=\"widget\" data-widget_type=\"spacer.default\">\n\t\t\t\t\t\t\t<div class=\"elementor-spacer\">\n\t\t\t<div class=\"elementor-spacer-inner\"><\/div>\n\t\t<\/div>\n\t\t\t\t\t\t<\/div>\n\t\t\t\t<\/div>\r\n\t\t\t\t<\/div>\r\n\t\t\t\t\t<\/div>\r\n\t\t\t\t<\/div>\r\n\t\t<div class=\"elementor-element elementor-element-b7dc1e4 e-flex e-con-boxed pxl-column-none pxl-row-scroll-none pxl-zoom-point-false pxl-section-overflow-visible pxl-section-fix-none pxl-full-content-with-space-none pxl-bg-color-none pxl-section-overlay-none e-con e-parent \" data-id=\"b7dc1e4\" data-element_type=\"container\" data-e-type=\"container\" data-settings=\"{&quot;background_background&quot;:&quot;classic&quot;}\">\t\t\t<div class=\"e-con-inner\">\r\n\t\t<div class=\"elementor-element elementor-element-a310d95 e-con-full e-flex pxl-column-none pxl-row-scroll-none pxl-zoom-point-false pxl-section-overflow-visible pxl-section-fix-none pxl-full-content-with-space-none pxl-bg-color-none pxl-section-overlay-none e-con e-child \" data-id=\"a310d95\" data-element_type=\"container\" data-e-type=\"container\" data-settings=\"{&quot;background_background&quot;:&quot;classic&quot;}\"><div class=\"elementor-element elementor-element-78a3dd9 e-con-full e-flex pxl-column-none pxl-row-scroll-none pxl-zoom-point-false pxl-section-overflow-visible pxl-section-fix-none pxl-full-content-with-space-none pxl-bg-color-none pxl-section-overlay-none e-con e-child \" data-id=\"78a3dd9\" data-element_type=\"container\" data-e-type=\"container\">\t\t<div class=\"elementor-element elementor-element-d0f8661 elementor-widget elementor-widget-pxl_heading\" data-id=\"d0f8661\" data-element_type=\"widget\" data-e-type=\"widget\" data-widget_type=\"pxl_heading.default\">\n\t\t\t\t<div class=\"elementor-widget-container\">\n\t\t\t\t\t<div id=\"pxl-pxl_heading-d0f8661-2596\" class=\"pxl-heading px-sub-title-default-style\">\n\t<div class=\"pxl-heading--inner\">\n\t\t\n\t\t\t\t\t<div class=\"pxl-item--subtitle px-sub-title-default wow fadeInUp\" data-wow-delay=\"300ms\">\n\t\t\t\t\t\t\t\t<span class=\"pxl-item--subtext\">\n\t\t\t\t\tT\u00e9moignages\t\t\t\t<\/span>\n\t\t\t<\/div>\n\t\t\n\t\t<h2 class=\"pxl-item--title wow fadeInUp\" data-wow-delay=\"400ms\">\n\t\t\tCe que nos clients disent de nous\t\t\n\t\t<\/h2>\n\n\t\t\t\t\n\t<\/div>\n<\/div>\t\t\t\t<\/div>\n\t\t\t\t<\/div>\n\t\t\t\t<div class=\"elementor-element elementor-element-0cef774 elementor-widget elementor-widget-pxl_text_editor\" data-id=\"0cef774\" data-element_type=\"widget\" data-e-type=\"widget\" data-widget_type=\"pxl_text_editor.default\">\n\t\t\t\t<div class=\"elementor-widget-container\">\n\t\t\t\t\t<div id=\"pxl_text_editor-0cef774-3462\" class=\"pxl-image-wg\" duration=\"1\">\n\t<div class=\"pxl-text-editor\">\n\t\t<div class=\"pxl-item--inner wow fadeInUp\" data-wow-delay=\"500ms\">\n\t\t\t<p class=\"wow fadeInUp animated\">Rejoignez des milliers de patients satisfaits qui nous font confiance pour des soins d\u00e9licats et experts et de beaux sourires. Votre exp\u00e9rience dentaire parfaite commence ici ! <\/p>\t\t\n\t\t<\/div>\n\t<\/div>\n<\/div>\t\t\t\t<\/div>\n\t\t\t\t<\/div>\n\t\t\t\t<\/div>\r\n\t\t<div class=\"elementor-element elementor-element-0ee393a e-con-full e-flex pxl-column-none pxl-row-scroll-none pxl-zoom-point-false pxl-section-overflow-visible pxl-section-fix-none pxl-full-content-with-space-none pxl-bg-color-none pxl-section-overlay-none e-con e-child \" data-id=\"0ee393a\" data-element_type=\"container\" data-e-type=\"container\">\t\t<div class=\"elementor-element elementor-element-f340d9e elementor-widget elementor-widget-pxl_testimonial_carousel\" data-id=\"f340d9e\" data-element_type=\"widget\" data-e-type=\"widget\" data-widget_type=\"pxl_testimonial_carousel.default\">\n\t\t\t\t<div class=\"elementor-widget-container\">\n\t\t\t\t\t    <div class=\"pxl-swiper-sliders pxl-testimonial-carousel pxl-testimonial-carousel2\" >\n        <div class=\"pxl-carousel-inner\" data-center=\"true\">\n            <div class=\"pxl-swiper-container\" dir=\"ltr\" data-settings=\"{&quot;slide_direction&quot;:&quot;horizontal&quot;,&quot;slide_percolumn&quot;:&quot;1&quot;,&quot;slide_mode&quot;:&quot;slide&quot;,&quot;slides_to_show&quot;:&quot;3&quot;,&quot;slides_to_show_xxl&quot;:&quot;5&quot;,&quot;slides_to_show_lg&quot;:&quot;3&quot;,&quot;slides_to_show_md&quot;:&quot;2&quot;,&quot;slides_to_show_sm&quot;:&quot;2&quot;,&quot;slides_to_show_xs&quot;:&quot;1&quot;,&quot;slides_to_scroll&quot;:&quot;1&quot;,&quot;arrow&quot;:&quot;false&quot;,&quot;pagination&quot;:&quot;true&quot;,&quot;pagination_type&quot;:&quot;bullets&quot;,&quot;pagination_number&quot;:&quot;true&quot;,&quot;autoplay&quot;:&quot;&quot;,&quot;pause_on_hover&quot;:&quot;&quot;,&quot;pause_on_interaction&quot;:&quot;true&quot;,&quot;delay&quot;:5000,&quot;loop&quot;:&quot;true&quot;,&quot;speed&quot;:500,&quot;center&quot;:&quot;true&quot;}\">\n                <div class=\"pxl-swiper-wrapper\">\n                                            <div class=\"pxl-swiper-slide\">\n                            <div class=\"pxl-item--inner wow fadeInUp\" data-wow-delay=\"600ms\">\n                                <div class=\"pxl-icon\">\n                                    <i aria-hidden=\"true\" class=\"fas fa-quote-left\"><\/i>\n                                <\/div>\n                                                                    <div class=\"pxl-item--image\">\n                                        <img loading=\"lazy\" decoding=\"async\" class=\"no-lazyload \" src=\"https:\/\/orallagos.pt\/wp-content\/uploads\/2025\/09\/unnamed.png\" width=\"72\" height=\"72\" alt=\"unnamed\" title=\"unnamed\" \/>                                    <\/div>\n                                                                <div class=\"pxl-holder-content\">\n                                    <div class=\"pxl-item--title\">\n                                        Rob van der Woude                                    <\/div>\n                                    <div class=\"pxl-item--position\"><\/div>\n                                <\/div>\n                                <div class=\"pxl-item--desc\">\n                                    \u00ab Je suis all\u00e9e \u00e0 Orallagos le lendemain et j\u2019attendais un rendez-vous quelques jours plus tard, vivant entre-temps d\u2019analg\u00e9siques. \u00c0 ma grande surprise, j\u2019ai \u00e9t\u00e9 vu quelques heures plus tard par un dentiste tr\u00e8s professionnel. Ils ont sauv\u00e9 mes vacances.                                <\/div>\n                           <\/div>\n                        <\/div>\n                                            <div class=\"pxl-swiper-slide\">\n                            <div class=\"pxl-item--inner wow fadeInUp\" data-wow-delay=\"600ms\">\n                                <div class=\"pxl-icon\">\n                                    <i aria-hidden=\"true\" class=\"fas fa-quote-left\"><\/i>\n                                <\/div>\n                                                                    <div class=\"pxl-item--image\">\n                                        <img loading=\"lazy\" decoding=\"async\" class=\"no-lazyload \" src=\"https:\/\/orallagos.pt\/wp-content\/uploads\/2025\/09\/unnamed-1.png\" width=\"72\" height=\"72\" alt=\"unnamed-1\" title=\"unnamed-1\" \/>                                    <\/div>\n                                                                <div class=\"pxl-holder-content\">\n                                    <div class=\"pxl-item--title\">\n                                        Lionel M.                                    <\/div>\n                                    <div class=\"pxl-item--position\"><\/div>\n                                <\/div>\n                                <div class=\"pxl-item--desc\">\n                                    \u00ab C\u2019\u00e9tait l\u2019un des meilleurs rendez-vous dentaires que j\u2019ai eus depuis longtemps. Le bureau est tr\u00e8s professionnel et accueillant. Le Dr Gislea Cabrita a \u00e9t\u00e9 incroyable. Elle \u00e9tait gentille et tr\u00e8s professionnelle, et ma consultation et mon nettoyage ont \u00e9t\u00e9 rapides et indolores.                                <\/div>\n                           <\/div>\n                        <\/div>\n                                            <div class=\"pxl-swiper-slide\">\n                            <div class=\"pxl-item--inner wow fadeInUp\" data-wow-delay=\"600ms\">\n                                <div class=\"pxl-icon\">\n                                    <i aria-hidden=\"true\" class=\"fas fa-quote-left\"><\/i>\n                                <\/div>\n                                                                    <div class=\"pxl-item--image\">\n                                        <img loading=\"lazy\" decoding=\"async\" class=\"no-lazyload \" src=\"https:\/\/orallagos.pt\/wp-content\/uploads\/2025\/09\/unnamed-2.png\" width=\"72\" height=\"72\" alt=\"unnamed-2\" title=\"unnamed-2\" \/>                                    <\/div>\n                                                                <div class=\"pxl-holder-content\">\n                                    <div class=\"pxl-item--title\">\n                                          Peter Hart                                    <\/div>\n                                    <div class=\"pxl-item--position\"><\/div>\n                                <\/div>\n                                <div class=\"pxl-item--desc\">\n                                    \u00ab J\u2019ai facilement pris rendez-vous pour recoller la couronne. Le dentiste \u00e9tait super ! Je vais me brosser les dents l\u00e0-bas dans quelques semaines, puis me boucher une carie.                                <\/div>\n                           <\/div>\n                        <\/div>\n                                            <div class=\"pxl-swiper-slide\">\n                            <div class=\"pxl-item--inner wow fadeInUp\" data-wow-delay=\"600ms\">\n                                <div class=\"pxl-icon\">\n                                    <i aria-hidden=\"true\" class=\"fas fa-quote-left\"><\/i>\n                                <\/div>\n                                                                    <div class=\"pxl-item--image\">\n                                        <img loading=\"lazy\" decoding=\"async\" class=\"no-lazyload \" src=\"https:\/\/orallagos.pt\/wp-content\/uploads\/2025\/09\/unnamed-3.png\" width=\"72\" height=\"72\" alt=\"unnamed-3\" title=\"unnamed-3\" \/>                                    <\/div>\n                                                                <div class=\"pxl-holder-content\">\n                                    <div class=\"pxl-item--title\">\n                                        Vasco Freitas                                    <\/div>\n                                    <div class=\"pxl-item--position\"><\/div>\n                                <\/div>\n                                <div class=\"pxl-item--desc\">\n                                    \u00ab&nbsp;Des professionnels de haute qualit\u00e9, toujours pr\u00eats \u00e0 vous aider et \u00e0 r\u00e9pondre \u00e0 tous vos besoins et pr\u00e9occupations dentaires avec int\u00e9r\u00eat et honn\u00eatet\u00e9.&nbsp;\u00bb                                <\/div>\n                           <\/div>\n                        <\/div>\n                                            <div class=\"pxl-swiper-slide\">\n                            <div class=\"pxl-item--inner wow fadeInUp\" data-wow-delay=\"600ms\">\n                                <div class=\"pxl-icon\">\n                                    <i aria-hidden=\"true\" class=\"fas fa-quote-left\"><\/i>\n                                <\/div>\n                                                                    <div class=\"pxl-item--image\">\n                                        <img loading=\"lazy\" decoding=\"async\" class=\"no-lazyload \" src=\"https:\/\/orallagos.pt\/wp-content\/uploads\/2025\/09\/unnamed-5.png\" width=\"72\" height=\"72\" alt=\"unnamed-5\" title=\"unnamed-5\" \/>                                    <\/div>\n                                                                <div class=\"pxl-holder-content\">\n                                    <div class=\"pxl-item--title\">\n                                        Dave Atherton                                    <\/div>\n                                    <div class=\"pxl-item--position\"><\/div>\n                                <\/div>\n                                <div class=\"pxl-item--desc\">\n                                    \u00ab J\u2019ai \u00e9t\u00e9 tr\u00e8s impressionn\u00e9 par le niveau de service re\u00e7u avant et apr\u00e8s mes visites. Le traitement que j\u2019ai re\u00e7u a \u00e9galement \u00e9t\u00e9 excellent, avec une attention totale \u00e0 mon bien-\u00eatre.                                <\/div>\n                           <\/div>\n                        <\/div>\n                                            <div class=\"pxl-swiper-slide\">\n                            <div class=\"pxl-item--inner wow fadeInUp\" data-wow-delay=\"600ms\">\n                                <div class=\"pxl-icon\">\n                                    <i aria-hidden=\"true\" class=\"fas fa-quote-left\"><\/i>\n                                <\/div>\n                                                                    <div class=\"pxl-item--image\">\n                                        <img loading=\"lazy\" decoding=\"async\" class=\"no-lazyload \" src=\"https:\/\/orallagos.pt\/wp-content\/uploads\/2025\/09\/unnamed-6.png\" width=\"72\" height=\"72\" alt=\"unnamed-6\" title=\"unnamed-6\" \/>                                    <\/div>\n                                                                <div class=\"pxl-holder-content\">\n                                    <div class=\"pxl-item--title\">\n                                        Sofia Vasques                                    <\/div>\n                                    <div class=\"pxl-item--position\"><\/div>\n                                <\/div>\n                                <div class=\"pxl-item--desc\">\n                                    \u00ab R\u00e9cemment, j\u2019ai commenc\u00e9 \u00e0 \u00eatre surveill\u00e9e par l\u2019\u00e9quipe d\u2019Orallagos pour maintenir ma sant\u00e9 dentaire. Et pour la premi\u00e8re fois, je me sens tr\u00e8s confiant dans le fait qu\u2019on s\u2019occupe de moi. Toutes les proc\u00e9dures sont tr\u00e8s bien expliqu\u00e9es et il y a des conseils pr\u00e9alables, ce qui est tr\u00e8s enrichissant.                                <\/div>\n                           <\/div>\n                        <\/div>\n                                            <div class=\"pxl-swiper-slide\">\n                            <div class=\"pxl-item--inner wow fadeInUp\" data-wow-delay=\"600ms\">\n                                <div class=\"pxl-icon\">\n                                    <i aria-hidden=\"true\" class=\"fas fa-quote-left\"><\/i>\n                                <\/div>\n                                                                    <div class=\"pxl-item--image\">\n                                        <img loading=\"lazy\" decoding=\"async\" class=\"no-lazyload \" src=\"https:\/\/orallagos.pt\/wp-content\/uploads\/2025\/09\/unnamed-7.png\" width=\"72\" height=\"72\" alt=\"unnamed-7\" title=\"unnamed-7\" \/>                                    <\/div>\n                                                                <div class=\"pxl-holder-content\">\n                                    <div class=\"pxl-item--title\">\n                                        Jo\u00e3o Marreiros                                    <\/div>\n                                    <div class=\"pxl-item--position\">Customer<\/div>\n                                <\/div>\n                                <div class=\"pxl-item--desc\">\n                                    \u00ab Service et traitements toujours de grande qualit\u00e9, super sympa.\nRecommand\u00e9.                                <\/div>\n                           <\/div>\n                        <\/div>\n                                            <div class=\"pxl-swiper-slide\">\n                            <div class=\"pxl-item--inner wow fadeInUp\" data-wow-delay=\"600ms\">\n                                <div class=\"pxl-icon\">\n                                    <i aria-hidden=\"true\" class=\"fas fa-quote-left\"><\/i>\n                                <\/div>\n                                                                    <div class=\"pxl-item--image\">\n                                        <img loading=\"lazy\" decoding=\"async\" class=\"no-lazyload \" src=\"https:\/\/orallagos.pt\/wp-content\/uploads\/2025\/09\/unnamed-8.png\" width=\"72\" height=\"72\" alt=\"unnamed-8\" title=\"unnamed-8\" \/>                                    <\/div>\n                                                                <div class=\"pxl-holder-content\">\n                                    <div class=\"pxl-item--title\">\n                                        Adriana Pires                                    <\/div>\n                                    <div class=\"pxl-item--position\"><\/div>\n                                <\/div>\n                                <div class=\"pxl-item--desc\">\n                                    \"J\u2019ai \u00e9t\u00e9 bien assist\u00e9, tous les examens et mesures n\u00e9cessaires pour continuer le traitement ont \u00e9t\u00e9 assur\u00e9s, avec patience et tranquillit\u00e9. J\u2019aime beaucoup \u00e7a !                                <\/div>\n                           <\/div>\n                        <\/div>\n                                    <\/div>\n            <\/div>\n        <\/div>\n\n                    <div class=\"pxl-swiper-dots style-1\"><\/div>\n                    <\/div>\n\t\t\t\t<\/div>\n\t\t\t\t<\/div>\n\t\t\t\t<\/div>\r\n\t\t\t\t<\/div>\r\n\t\t\t\t\t<\/div>\r\n\t\t\t\t<\/div>\r\n\t\t\t\t<\/div>\n\t\t","protected":false},"excerpt":{"rendered":"<p>Orallagos Personnel clinique d\u2019Orallagos Une \u00e9quipe qui allie l\u2019excellence clinique \u00e0 des soins v\u00e9ritablement humains. Chez Orallagos, nous croyons que la r\u00e9ussite de tout traitement commence par la relation de confiance entre le patient et le professionnel. C\u2019est pourquoi nous avons r\u00e9uni un personnel clinique multidisciplinaire et exp\u00e9riment\u00e9 en formation constante, ce qui garantit le [&hellip;]<\/p>\n","protected":false},"author":2,"featured_media":4921,"parent":0,"menu_order":0,"comment_status":"closed","ping_status":"closed","template":"","meta":{"footnotes":""},"class_list":["post-4688","page","type-page","status-publish","has-post-thumbnail","hentry"],"yoast_head":"<!-- This site is optimized with the Yoast SEO plugin v26.9 - https:\/\/yoast.com\/product\/yoast-seo-wordpress\/ -->\n<title>\u00c9quipe des dentistes de Lagos | Dentistes Algarve<\/title>\n<meta name=\"description\" content=\"\u00c9quipe de dentistes sp\u00e9cialis\u00e9s \u00e0 Lagos. Des professionnels exp\u00e9riment\u00e9s et qualifi\u00e9s \u00e0 la clinique d\u2019Orallagos, en Algarve.\" \/>\n<meta name=\"robots\" content=\"index, follow, max-snippet:-1, max-image-preview:large, max-video-preview:-1\" \/>\n<link rel=\"canonical\" href=\"https:\/\/orallagos.pt\/nl\/klinisch-personeel\/\" \/>\n<meta property=\"og:locale\" content=\"fr_FR\" \/>\n<meta property=\"og:type\" content=\"article\" \/>\n<meta property=\"og:title\" content=\"\u00c9quipe des dentistes de Lagos | Dentistes Algarve\" \/>\n<meta property=\"og:description\" content=\"\u00c9quipe de dentistes sp\u00e9cialis\u00e9s \u00e0 Lagos. Des professionnels exp\u00e9riment\u00e9s et qualifi\u00e9s \u00e0 la clinique d\u2019Orallagos, en Algarve.\" \/>\n<meta property=\"og:url\" content=\"https:\/\/orallagos.pt\/nl\/klinisch-personeel\/\" \/>\n<meta property=\"og:site_name\" content=\"Orallagos\" \/>\n<meta property=\"article:publisher\" content=\"https:\/\/www.facebook.com\/orallagosclinica\" \/>\n<meta property=\"article:modified_time\" content=\"2025-11-21T12:29:08+00:00\" \/>\n<meta property=\"og:image\" content=\"https:\/\/orallagos.pt\/wp-content\/uploads\/2025\/10\/9-scaled.jpg\" \/>\n\t<meta property=\"og:image:width\" content=\"2560\" \/>\n\t<meta property=\"og:image:height\" content=\"1707\" \/>\n\t<meta property=\"og:image:type\" content=\"image\/jpeg\" \/>\n<meta name=\"twitter:card\" content=\"summary_large_image\" \/>\n<meta name=\"twitter:label1\" content=\"Dur\u00e9e de lecture estim\u00e9e\" \/>\n\t<meta name=\"twitter:data1\" content=\"14 minutes\" \/>\n<script type=\"application\/ld+json\" class=\"yoast-schema-graph\">{\"@context\":\"https:\/\/schema.org\",\"@graph\":[{\"@type\":\"WebPage\",\"@id\":\"https:\/\/orallagos.pt\/nl\/klinisch-personeel\/\",\"url\":\"https:\/\/orallagos.pt\/nl\/klinisch-personeel\/\",\"name\":\"\u00c9quipe des dentistes de Lagos | Dentistes Algarve\",\"isPartOf\":{\"@id\":\"https:\/\/orallagos.pt\/#website\"},\"primaryImageOfPage\":{\"@id\":\"https:\/\/orallagos.pt\/nl\/klinisch-personeel\/#primaryimage\"},\"image\":{\"@id\":\"https:\/\/orallagos.pt\/nl\/klinisch-personeel\/#primaryimage\"},\"thumbnailUrl\":\"https:\/\/orallagos.pt\/wp-content\/uploads\/2025\/10\/9-scaled.jpg\",\"datePublished\":\"2025-08-05T02:38:43+00:00\",\"dateModified\":\"2025-11-21T12:29:08+00:00\",\"description\":\"\u00c9quipe de dentistes sp\u00e9cialis\u00e9s \u00e0 Lagos. Des professionnels exp\u00e9riment\u00e9s et qualifi\u00e9s \u00e0 la clinique d\u2019Orallagos, en Algarve.\",\"breadcrumb\":{\"@id\":\"https:\/\/orallagos.pt\/nl\/klinisch-personeel\/#breadcrumb\"},\"inLanguage\":\"fr-FR\",\"potentialAction\":[{\"@type\":\"ReadAction\",\"target\":[\"https:\/\/orallagos.pt\/nl\/klinisch-personeel\/\"]}]},{\"@type\":\"ImageObject\",\"inLanguage\":\"fr-FR\",\"@id\":\"https:\/\/orallagos.pt\/nl\/klinisch-personeel\/#primaryimage\",\"url\":\"https:\/\/orallagos.pt\/wp-content\/uploads\/2025\/10\/9-scaled.jpg\",\"contentUrl\":\"https:\/\/orallagos.pt\/wp-content\/uploads\/2025\/10\/9-scaled.jpg\",\"width\":2560,\"height\":1707},{\"@type\":\"BreadcrumbList\",\"@id\":\"https:\/\/orallagos.pt\/nl\/klinisch-personeel\/#breadcrumb\",\"itemListElement\":[{\"@type\":\"ListItem\",\"position\":1,\"name\":\"Home\",\"item\":\"https:\/\/orallagos.pt\/de\/\"},{\"@type\":\"ListItem\",\"position\":2,\"name\":\"Personnel clinique\"}]},{\"@type\":\"WebSite\",\"@id\":\"https:\/\/orallagos.pt\/#website\",\"url\":\"https:\/\/orallagos.pt\/\",\"name\":\"Orallagos\",\"description\":\"\",\"publisher\":{\"@id\":\"https:\/\/orallagos.pt\/#organization\"},\"potentialAction\":[{\"@type\":\"SearchAction\",\"target\":{\"@type\":\"EntryPoint\",\"urlTemplate\":\"https:\/\/orallagos.pt\/?s={search_term_string}\"},\"query-input\":{\"@type\":\"PropertyValueSpecification\",\"valueRequired\":true,\"valueName\":\"search_term_string\"}}],\"inLanguage\":\"fr-FR\"},{\"@type\":\"Organization\",\"@id\":\"https:\/\/orallagos.pt\/#organization\",\"name\":\"Orallagos\",\"url\":\"https:\/\/orallagos.pt\/\",\"logo\":{\"@type\":\"ImageObject\",\"inLanguage\":\"fr-FR\",\"@id\":\"https:\/\/orallagos.pt\/#\/schema\/logo\/image\/\",\"url\":\"https:\/\/orallagos.pt\/wp-content\/uploads\/2025\/08\/cropped-cropped-orallagos-logo-blue-.png\",\"contentUrl\":\"https:\/\/orallagos.pt\/wp-content\/uploads\/2025\/08\/cropped-cropped-orallagos-logo-blue-.png\",\"width\":229,\"height\":63,\"caption\":\"Orallagos\"},\"image\":{\"@id\":\"https:\/\/orallagos.pt\/#\/schema\/logo\/image\/\"},\"sameAs\":[\"https:\/\/www.facebook.com\/orallagosclinica\",\"https:\/\/www.instagram.com\/orallagosclinica\/\",\"https:\/\/www.linkedin.com\/company\/orallagos---centro-dent-rio-especializado\/about\/\"]}]}<\/script>\n<!-- \/ Yoast SEO plugin. -->","yoast_head_json":{"title":"\u00c9quipe des dentistes de Lagos | Dentistes Algarve","description":"\u00c9quipe de dentistes sp\u00e9cialis\u00e9s \u00e0 Lagos. Des professionnels exp\u00e9riment\u00e9s et qualifi\u00e9s \u00e0 la clinique d\u2019Orallagos, en Algarve.","robots":{"index":"index","follow":"follow","max-snippet":"max-snippet:-1","max-image-preview":"max-image-preview:large","max-video-preview":"max-video-preview:-1"},"canonical":"https:\/\/orallagos.pt\/nl\/klinisch-personeel\/","og_locale":"fr_FR","og_type":"article","og_title":"\u00c9quipe des dentistes de Lagos | Dentistes Algarve","og_description":"\u00c9quipe de dentistes sp\u00e9cialis\u00e9s \u00e0 Lagos. Des professionnels exp\u00e9riment\u00e9s et qualifi\u00e9s \u00e0 la clinique d\u2019Orallagos, en Algarve.","og_url":"https:\/\/orallagos.pt\/nl\/klinisch-personeel\/","og_site_name":"Orallagos","article_publisher":"https:\/\/www.facebook.com\/orallagosclinica","article_modified_time":"2025-11-21T12:29:08+00:00","og_image":[{"width":2560,"height":1707,"url":"https:\/\/orallagos.pt\/wp-content\/uploads\/2025\/10\/9-scaled.jpg","type":"image\/jpeg"}],"twitter_card":"summary_large_image","twitter_misc":{"Dur\u00e9e de lecture estim\u00e9e":"14 minutes"},"schema":{"@context":"https:\/\/schema.org","@graph":[{"@type":"WebPage","@id":"https:\/\/orallagos.pt\/nl\/klinisch-personeel\/","url":"https:\/\/orallagos.pt\/nl\/klinisch-personeel\/","name":"\u00c9quipe des dentistes de Lagos | Dentistes Algarve","isPartOf":{"@id":"https:\/\/orallagos.pt\/#website"},"primaryImageOfPage":{"@id":"https:\/\/orallagos.pt\/nl\/klinisch-personeel\/#primaryimage"},"image":{"@id":"https:\/\/orallagos.pt\/nl\/klinisch-personeel\/#primaryimage"},"thumbnailUrl":"https:\/\/orallagos.pt\/wp-content\/uploads\/2025\/10\/9-scaled.jpg","datePublished":"2025-08-05T02:38:43+00:00","dateModified":"2025-11-21T12:29:08+00:00","description":"\u00c9quipe de dentistes sp\u00e9cialis\u00e9s \u00e0 Lagos. Des professionnels exp\u00e9riment\u00e9s et qualifi\u00e9s \u00e0 la clinique d\u2019Orallagos, en Algarve.","breadcrumb":{"@id":"https:\/\/orallagos.pt\/nl\/klinisch-personeel\/#breadcrumb"},"inLanguage":"fr-FR","potentialAction":[{"@type":"ReadAction","target":["https:\/\/orallagos.pt\/nl\/klinisch-personeel\/"]}]},{"@type":"ImageObject","inLanguage":"fr-FR","@id":"https:\/\/orallagos.pt\/nl\/klinisch-personeel\/#primaryimage","url":"https:\/\/orallagos.pt\/wp-content\/uploads\/2025\/10\/9-scaled.jpg","contentUrl":"https:\/\/orallagos.pt\/wp-content\/uploads\/2025\/10\/9-scaled.jpg","width":2560,"height":1707},{"@type":"BreadcrumbList","@id":"https:\/\/orallagos.pt\/nl\/klinisch-personeel\/#breadcrumb","itemListElement":[{"@type":"ListItem","position":1,"name":"Home","item":"https:\/\/orallagos.pt\/de\/"},{"@type":"ListItem","position":2,"name":"Personnel clinique"}]},{"@type":"WebSite","@id":"https:\/\/orallagos.pt\/#website","url":"https:\/\/orallagos.pt\/","name":"Orallagos","description":"","publisher":{"@id":"https:\/\/orallagos.pt\/#organization"},"potentialAction":[{"@type":"SearchAction","target":{"@type":"EntryPoint","urlTemplate":"https:\/\/orallagos.pt\/?s={search_term_string}"},"query-input":{"@type":"PropertyValueSpecification","valueRequired":true,"valueName":"search_term_string"}}],"inLanguage":"fr-FR"},{"@type":"Organization","@id":"https:\/\/orallagos.pt\/#organization","name":"Orallagos","url":"https:\/\/orallagos.pt\/","logo":{"@type":"ImageObject","inLanguage":"fr-FR","@id":"https:\/\/orallagos.pt\/#\/schema\/logo\/image\/","url":"https:\/\/orallagos.pt\/wp-content\/uploads\/2025\/08\/cropped-cropped-orallagos-logo-blue-.png","contentUrl":"https:\/\/orallagos.pt\/wp-content\/uploads\/2025\/08\/cropped-cropped-orallagos-logo-blue-.png","width":229,"height":63,"caption":"Orallagos"},"image":{"@id":"https:\/\/orallagos.pt\/#\/schema\/logo\/image\/"},"sameAs":["https:\/\/www.facebook.com\/orallagosclinica","https:\/\/www.instagram.com\/orallagosclinica\/","https:\/\/www.linkedin.com\/company\/orallagos---centro-dent-rio-especializado\/about\/"]}]}},"_links":{"self":[{"href":"https:\/\/orallagos.pt\/fr\/wp-json\/wp\/v2\/pages\/4688","targetHints":{"allow":["GET"]}}],"collection":[{"href":"https:\/\/orallagos.pt\/fr\/wp-json\/wp\/v2\/pages"}],"about":[{"href":"https:\/\/orallagos.pt\/fr\/wp-json\/wp\/v2\/types\/page"}],"author":[{"embeddable":true,"href":"https:\/\/orallagos.pt\/fr\/wp-json\/wp\/v2\/users\/2"}],"replies":[{"embeddable":true,"href":"https:\/\/orallagos.pt\/fr\/wp-json\/wp\/v2\/comments?post=4688"}],"version-history":[{"count":16,"href":"https:\/\/orallagos.pt\/fr\/wp-json\/wp\/v2\/pages\/4688\/revisions"}],"predecessor-version":[{"id":6714,"href":"https:\/\/orallagos.pt\/fr\/wp-json\/wp\/v2\/pages\/4688\/revisions\/6714"}],"wp:featuredmedia":[{"embeddable":true,"href":"https:\/\/orallagos.pt\/fr\/wp-json\/wp\/v2\/media\/4921"}],"wp:attachment":[{"href":"https:\/\/orallagos.pt\/fr\/wp-json\/wp\/v2\/media?parent=4688"}],"curies":[{"name":"wp","href":"https:\/\/api.w.org\/{rel}","templated":true}]}}