{"id":4728,"date":"2025-10-15T19:51:36","date_gmt":"2025-10-15T19:51:36","guid":{"rendered":"https:\/\/orallagos.pt\/akademische-und-wissenschaftliche-veranstaltungen\/"},"modified":"2025-12-09T12:08:27","modified_gmt":"2025-12-09T12:08:27","slug":"akademische-und-wissenschaftliche-veranstaltungen","status":"publish","type":"page","link":"https:\/\/orallagos.pt\/de\/akademische-und-wissenschaftliche-veranstaltungen\/","title":{"rendered":"Akademische und wissenschaftliche Veranstaltungen"},"content":{"rendered":"\t\t<div data-elementor-type=\"wp-page\" data-elementor-id=\"4728\" class=\"elementor elementor-4728 elementor-3405\" data-elementor-post-type=\"page\">\n\t\t\t\t<div class=\"elementor-element elementor-element-2bf08b3 e-flex e-con-boxed pxl-column-none pxl-row-scroll-none pxl-zoom-point-false pxl-section-overflow-visible pxl-section-fix-none pxl-full-content-with-space-none pxl-bg-color-none pxl-section-overlay-none e-con e-parent \" data-id=\"2bf08b3\" data-element_type=\"container\" data-e-type=\"container\">\t\t\t<div class=\"e-con-inner\">\r\n\t\t<div class=\"elementor-element elementor-element-3104653 e-con-full e-flex pxl-column-none pxl-row-scroll-none pxl-zoom-point-false pxl-section-overflow-visible pxl-section-fix-none pxl-full-content-with-space-none pxl-bg-color-none pxl-section-overlay-none e-con e-child \" data-id=\"3104653\" data-element_type=\"container\" data-e-type=\"container\"><div class=\"elementor-element elementor-element-09fdc5e e-con-full e-flex pxl-column-none pxl-row-scroll-none pxl-zoom-point-false pxl-section-overflow-visible pxl-section-fix-none pxl-full-content-with-space-none pxl-bg-color-none pxl-section-overlay-none e-con e-child \" data-id=\"09fdc5e\" data-element_type=\"container\" data-e-type=\"container\">\t\t<div class=\"elementor-element elementor-element-2ef75b6 elementor-widget elementor-widget-video\" data-id=\"2ef75b6\" data-element_type=\"widget\" data-e-type=\"widget\" data-settings=\"{&quot;video_type&quot;:&quot;hosted&quot;,&quot;autoplay&quot;:&quot;yes&quot;,&quot;loop&quot;:&quot;yes&quot;,&quot;controls&quot;:&quot;yes&quot;}\" data-widget_type=\"video.default\">\n\t\t\t\t\t\t\t<div class=\"e-hosted-video elementor-wrapper elementor-open-inline\">\n\t\t\t\t\t<video class=\"elementor-video\" src=\"https:\/\/orallagos.pt\/wp-content\/uploads\/2025\/10\/888c7f8e-c402-42ff-bb3e-85ff9a8c1637.mp4\" autoplay=\"\" loop=\"\" controls=\"\" controlsList=\"nodownload\"><\/video>\n\t\t\t\t<\/div>\n\t\t\t\t\t\t<\/div>\n\t\t\t\t<div class=\"elementor-element elementor-element-5908785 elementor-widget elementor-widget-pxl_image\" data-id=\"5908785\" data-element_type=\"widget\" data-e-type=\"widget\" data-widget_type=\"pxl_image.default\">\n\t\t\t\t<div class=\"elementor-widget-container\">\n\t\t\t\t\t<div id=\"pxl_image-5908785-4464\" class=\"pxl-image-single  style-default wow zoomInSmall\" data-wow-delay=\"500ms\" >\r\n    <div class=\"pxl-item--inner \" data-wow-delay=\"120ms\">\r\n        \r\n                                <div class=\"pxl-item--bg bg-image wow scaleIn\" data-wow-delay=\"500ms\" style=\"background-image: url(https:\/\/orallagos.pt\/wp-content\/uploads\/2025\/10\/WhatsApp-Image-2025-10-03-at-16.10.01.jpeg);\"><\/div>\r\n                                <\/div>\r\n<\/div>\t\t\t\t<\/div>\n\t\t\t\t<\/div>\n\t\t\t\t<\/div>\r\n\t\t<div class=\"elementor-element elementor-element-a9eacd0 e-con-full e-flex pxl-column-none pxl-row-scroll-none pxl-zoom-point-false pxl-section-overflow-visible pxl-section-fix-none pxl-full-content-with-space-none pxl-bg-color-none pxl-section-overlay-none e-con e-child \" data-id=\"a9eacd0\" data-element_type=\"container\" data-e-type=\"container\">\t\t<div class=\"elementor-element elementor-element-82e8da2 elementor-widget elementor-widget-pxl_image\" data-id=\"82e8da2\" data-element_type=\"widget\" data-e-type=\"widget\" data-widget_type=\"pxl_image.default\">\n\t\t\t\t<div class=\"elementor-widget-container\">\n\t\t\t\t\t<div id=\"pxl_image-82e8da2-6091\" class=\"pxl-image-single  style-default wow zoomInSmall\" data-wow-delay=\"400ms\" >\r\n    <div class=\"pxl-item--inner \" data-wow-delay=\"120ms\">\r\n        \r\n                                <div class=\"pxl-item--bg bg-image wow scaleIn\" data-wow-delay=\"400ms\" style=\"background-image: url(https:\/\/orallagos.pt\/wp-content\/uploads\/2025\/10\/WhatsApp-Image-2025-10-03-at-16.10.05.jpeg);\"><\/div>\r\n                                <\/div>\r\n<\/div>\t\t\t\t<\/div>\n\t\t\t\t<\/div>\n\t\t\t\t<\/div>\r\n\t\t\t\t<\/div>\r\n\t\t<div class=\"elementor-element elementor-element-875b57a e-con-full e-flex pxl-column-none pxl-row-scroll-none pxl-zoom-point-false pxl-section-overflow-visible pxl-section-fix-none pxl-full-content-with-space-none pxl-bg-color-none pxl-section-overlay-none e-con e-child \" data-id=\"875b57a\" data-element_type=\"container\" data-e-type=\"container\">\t\t<div class=\"elementor-element elementor-element-a3f11f8 elementor-widget elementor-widget-pxl_heading\" data-id=\"a3f11f8\" data-element_type=\"widget\" data-e-type=\"widget\" data-widget_type=\"pxl_heading.default\">\n\t\t\t\t<div class=\"elementor-widget-container\">\n\t\t\t\t\t<div id=\"pxl-pxl_heading-a3f11f8-8897\" class=\"pxl-heading px-sub-title-default-style\">\n\t<div class=\"pxl-heading--inner\">\n\t\t\n\t\t\n\t\t<h2 class=\"pxl-item--title wow fadeInUp\" data-wow-delay=\"400ms\">\n\t\t\tActividade Docente\t\t\n\t\t<\/h2>\n\n\t\t\t\t\n\t<\/div>\n<\/div>\t\t\t\t<\/div>\n\t\t\t\t<\/div>\n\t\t\t\t<div class=\"elementor-element elementor-element-022ef5c elementor-widget elementor-widget-pxl_text_editor\" data-id=\"022ef5c\" data-element_type=\"widget\" data-e-type=\"widget\" data-widget_type=\"pxl_text_editor.default\">\n\t\t\t\t<div class=\"elementor-widget-container\">\n\t\t\t\t\t<div id=\"pxl_text_editor-022ef5c-6380\" class=\"pxl-image-wg\" duration=\"1\">\n\t<div class=\"pxl-text-editor\">\n\t\t<div class=\"pxl-item--inner wow fadeInUp\" data-wow-delay=\"500ms\">\n\t\t\t<p>Prof. Dr. Nuno Garrido lehrt regelm\u00e4\u00dfig an der Facultad de Odontolog\u00eda der Universidad de Sevilla, wo er seit 2008 als Dozent mitarbeitet.<\/p><p><br>Der Unterricht spiegelt sein Engagement f\u00fcr die klinische und wissenschaftliche Lehre, die F\u00f6rderung evidenzbasierter Ausbildung, technologischer Innovation und den Austausch praktischer Erfahrungen mit Studenten und jungen Fachleuten wider.<\/p>\t\t\n\t\t<\/div>\n\t<\/div>\n<\/div>\t\t\t\t<\/div>\n\t\t\t\t<\/div>\n\t\t\t\t<\/div>\r\n\t\t\t\t\t<\/div>\r\n\t\t\t\t<\/div>\r\n\t\t<div class=\"elementor-element elementor-element-0b9fd0d e-flex e-con-boxed pxl-column-none pxl-row-scroll-none pxl-zoom-point-false pxl-section-overflow-visible pxl-section-fix-none pxl-full-content-with-space-none pxl-bg-color-none pxl-section-overlay-none e-con e-parent \" data-id=\"0b9fd0d\" data-element_type=\"container\" data-e-type=\"container\">\t\t\t<div class=\"e-con-inner\">\r\n\t\t<div class=\"elementor-element elementor-element-07fb821 e-con-full e-flex pxl-column-none pxl-row-scroll-none pxl-zoom-point-false pxl-section-overflow-visible pxl-section-fix-none pxl-full-content-with-space-none pxl-bg-color-none pxl-section-overlay-none e-con e-child \" data-id=\"07fb821\" data-element_type=\"container\" data-e-type=\"container\"><div class=\"elementor-element elementor-element-69fdd4c e-con-full e-flex pxl-column-none pxl-row-scroll-none pxl-zoom-point-false pxl-section-overflow-visible pxl-section-fix-none pxl-full-content-with-space-none pxl-bg-color-none pxl-section-overlay-none e-con e-child \" data-id=\"69fdd4c\" data-element_type=\"container\" data-e-type=\"container\">\t\t<div class=\"elementor-element elementor-element-04d9da8 elementor-widget elementor-widget-pxl_image\" data-id=\"04d9da8\" data-element_type=\"widget\" data-e-type=\"widget\" data-widget_type=\"pxl_image.default\">\n\t\t\t\t<div class=\"elementor-widget-container\">\n\t\t\t\t\t<div id=\"pxl_image-04d9da8-8355\" class=\"pxl-image-single  style-default wow zoomInSmall\" data-wow-delay=\"500ms\" >\r\n    <div class=\"pxl-item--inner \" data-wow-delay=\"120ms\">\r\n        \r\n                                <div class=\"pxl-item--bg bg-image wow scaleIn\" data-wow-delay=\"500ms\" style=\"background-image: url(https:\/\/orallagos.pt\/wp-content\/uploads\/2025\/10\/PHOTO-2024-06-20-21-24-27.jpg);\"><\/div>\r\n                                <\/div>\r\n<\/div>\t\t\t\t<\/div>\n\t\t\t\t<\/div>\n\t\t\t\t<div class=\"elementor-element elementor-element-630f53c elementor-widget elementor-widget-pxl_image\" data-id=\"630f53c\" data-element_type=\"widget\" data-e-type=\"widget\" data-widget_type=\"pxl_image.default\">\n\t\t\t\t<div class=\"elementor-widget-container\">\n\t\t\t\t\t<div id=\"pxl_image-630f53c-7495\" class=\"pxl-image-single  style-default wow zoomInSmall\" data-wow-delay=\"500ms\" >\r\n    <div class=\"pxl-item--inner \" data-wow-delay=\"120ms\">\r\n        \r\n                                <div class=\"pxl-item--bg bg-image wow scaleIn\" data-wow-delay=\"500ms\" style=\"background-image: url(https:\/\/orallagos.pt\/wp-content\/uploads\/2025\/10\/PHOTO-2024-06-20-21-24-29-2.jpg);\"><\/div>\r\n                                <\/div>\r\n<\/div>\t\t\t\t<\/div>\n\t\t\t\t<\/div>\n\t\t\t\t<\/div>\r\n\t\t<div class=\"elementor-element elementor-element-6826ee8 e-con-full e-flex pxl-column-none pxl-row-scroll-none pxl-zoom-point-false pxl-section-overflow-visible pxl-section-fix-none pxl-full-content-with-space-none pxl-bg-color-none pxl-section-overlay-none e-con e-child \" data-id=\"6826ee8\" data-element_type=\"container\" data-e-type=\"container\">\t\t<div class=\"elementor-element elementor-element-194f0ae elementor-widget elementor-widget-pxl_image\" data-id=\"194f0ae\" data-element_type=\"widget\" data-e-type=\"widget\" data-widget_type=\"pxl_image.default\">\n\t\t\t\t<div class=\"elementor-widget-container\">\n\t\t\t\t\t<div id=\"pxl_image-194f0ae-2046\" class=\"pxl-image-single  style-default wow zoomInSmall\" data-wow-delay=\"400ms\" >\r\n    <div class=\"pxl-item--inner \" data-wow-delay=\"120ms\">\r\n        \r\n                                <div class=\"pxl-item--bg bg-image wow scaleIn\" data-wow-delay=\"400ms\" style=\"background-image: url(https:\/\/orallagos.pt\/wp-content\/uploads\/2025\/10\/2.png);\"><\/div>\r\n                                <\/div>\r\n<\/div>\t\t\t\t<\/div>\n\t\t\t\t<\/div>\n\t\t\t\t<\/div>\r\n\t\t\t\t<\/div>\r\n\t\t<div class=\"elementor-element elementor-element-842b6de e-con-full e-flex pxl-column-none pxl-row-scroll-none pxl-zoom-point-false pxl-section-overflow-visible pxl-section-fix-none pxl-full-content-with-space-none pxl-bg-color-none pxl-section-overlay-none e-con e-child \" data-id=\"842b6de\" data-element_type=\"container\" data-e-type=\"container\">\t\t<div class=\"elementor-element elementor-element-0a30d92 elementor-widget elementor-widget-pxl_heading\" data-id=\"0a30d92\" data-element_type=\"widget\" data-e-type=\"widget\" data-widget_type=\"pxl_heading.default\">\n\t\t\t\t<div class=\"elementor-widget-container\">\n\t\t\t\t\t<div id=\"pxl-pxl_heading-0a30d92-4273\" class=\"pxl-heading px-sub-title-default-style\">\n\t<div class=\"pxl-heading--inner\">\n\t\t\n\t\t\n\t\t<h2 class=\"pxl-item--title wow fadeInUp\" data-wow-delay=\"400ms\">\n\t\t\tKonferenz an der Universit\u00e4t f\u00fcr Medizinische Wissenschaften in Havanna\t\t\n\t\t<\/h2>\n\n\t\t\t\t\n\t<\/div>\n<\/div>\t\t\t\t<\/div>\n\t\t\t\t<\/div>\n\t\t\t\t<div class=\"elementor-element elementor-element-551cdbb elementor-widget elementor-widget-pxl_text_editor\" data-id=\"551cdbb\" data-element_type=\"widget\" data-e-type=\"widget\" data-widget_type=\"pxl_text_editor.default\">\n\t\t\t\t<div class=\"elementor-widget-container\">\n\t\t\t\t\t<div id=\"pxl_text_editor-551cdbb-8491\" class=\"pxl-image-wg\" duration=\"1\">\n\t<div class=\"pxl-text-editor\">\n\t\t<div class=\"pxl-item--inner wow fadeInUp\" data-wow-delay=\"500ms\">\n\t\t\t<p>Prof. Dr. Nuno Garrido nahm als Gastredner an der Facultad de Estomatologia &#8220;Ra\u00fal Gonz\u00e1lez S\u00e1nchez&#8221; der Universidad de Ciencias M\u00e9dicas de La Habana am Jahreskongress der medizinischen und zahnmedizinischen Wissenschaften von Havanna teil.<\/p><p><br>In seiner Rede teilte er klinische und akademische Erfahrungen im Bereich der Implantologie und oralen Rehabilitation und betonte die Bedeutung der internationalen wissenschaftlichen Zusammenarbeit und der kontinuierlichen Aktualisierung in der modernen Zahnarztpraxis.<\/p>\t\t\n\t\t<\/div>\n\t<\/div>\n<\/div>\t\t\t\t<\/div>\n\t\t\t\t<\/div>\n\t\t\t\t<\/div>\r\n\t\t\t\t\t<\/div>\r\n\t\t\t\t<\/div>\r\n\t\t<div class=\"elementor-element elementor-element-92ceda9 e-flex e-con-boxed pxl-column-none pxl-row-scroll-none pxl-zoom-point-false pxl-section-overflow-visible pxl-section-fix-none pxl-full-content-with-space-none pxl-bg-color-none pxl-section-overlay-none e-con e-parent \" data-id=\"92ceda9\" data-element_type=\"container\" data-e-type=\"container\">\t\t\t<div class=\"e-con-inner\">\r\n\t\t<div class=\"elementor-element elementor-element-705a777 e-con-full e-flex pxl-column-none pxl-row-scroll-none pxl-zoom-point-false pxl-section-overflow-visible pxl-section-fix-none pxl-full-content-with-space-none pxl-bg-color-none pxl-section-overlay-none e-con e-child \" data-id=\"705a777\" data-element_type=\"container\" data-e-type=\"container\"><div class=\"elementor-element elementor-element-8d264ed e-con-full e-flex pxl-column-none pxl-row-scroll-none pxl-zoom-point-false pxl-section-overflow-visible pxl-section-fix-none pxl-full-content-with-space-none pxl-bg-color-none pxl-section-overlay-none e-con e-child \" data-id=\"8d264ed\" data-element_type=\"container\" data-e-type=\"container\">\t\t<div class=\"elementor-element elementor-element-fe0c260 elementor-widget elementor-widget-pxl_image\" data-id=\"fe0c260\" data-element_type=\"widget\" data-e-type=\"widget\" data-widget_type=\"pxl_image.default\">\n\t\t\t\t<div class=\"elementor-widget-container\">\n\t\t\t\t\t<div id=\"pxl_image-fe0c260-3426\" class=\"pxl-image-single  style-default wow zoomInSmall\" data-wow-delay=\"500ms\" >\r\n    <div class=\"pxl-item--inner \" data-wow-delay=\"120ms\">\r\n        \r\n                                <div class=\"pxl-item--bg bg-image wow scaleIn\" data-wow-delay=\"500ms\" style=\"background-image: url(https:\/\/orallagos.pt\/wp-content\/uploads\/2025\/10\/1.png);\"><\/div>\r\n                                <\/div>\r\n<\/div>\t\t\t\t<\/div>\n\t\t\t\t<\/div>\n\t\t\t\t<div class=\"elementor-element elementor-element-616ffa2 elementor-widget elementor-widget-pxl_image\" data-id=\"616ffa2\" data-element_type=\"widget\" data-e-type=\"widget\" data-widget_type=\"pxl_image.default\">\n\t\t\t\t<div class=\"elementor-widget-container\">\n\t\t\t\t\t<div id=\"pxl_image-616ffa2-1541\" class=\"pxl-image-single  style-default wow zoomInSmall\" data-wow-delay=\"500ms\" >\r\n    <div class=\"pxl-item--inner \" data-wow-delay=\"120ms\">\r\n        \r\n                                <div class=\"pxl-item--bg bg-image wow scaleIn\" data-wow-delay=\"500ms\" style=\"background-image: url(https:\/\/orallagos.pt\/wp-content\/uploads\/2025\/10\/IMG_9179.jpg);\"><\/div>\r\n                                <\/div>\r\n<\/div>\t\t\t\t<\/div>\n\t\t\t\t<\/div>\n\t\t\t\t<\/div>\r\n\t\t<div class=\"elementor-element elementor-element-b172c45 e-con-full e-flex pxl-column-none pxl-row-scroll-none pxl-zoom-point-false pxl-section-overflow-visible pxl-section-fix-none pxl-full-content-with-space-none pxl-bg-color-none pxl-section-overlay-none e-con e-child \" data-id=\"b172c45\" data-element_type=\"container\" data-e-type=\"container\">\t\t<div class=\"elementor-element elementor-element-cb34288 elementor-widget elementor-widget-pxl_image\" data-id=\"cb34288\" data-element_type=\"widget\" data-e-type=\"widget\" data-widget_type=\"pxl_image.default\">\n\t\t\t\t<div class=\"elementor-widget-container\">\n\t\t\t\t\t<div id=\"pxl_image-cb34288-7566\" class=\"pxl-image-single  style-default wow zoomInSmall\" data-wow-delay=\"400ms\" >\r\n    <div class=\"pxl-item--inner \" data-wow-delay=\"120ms\">\r\n        \r\n                                <div class=\"pxl-item--bg bg-image wow scaleIn\" data-wow-delay=\"400ms\" style=\"background-image: url(https:\/\/orallagos.pt\/wp-content\/uploads\/2025\/10\/IMG_9174.jpg);\"><\/div>\r\n                                <\/div>\r\n<\/div>\t\t\t\t<\/div>\n\t\t\t\t<\/div>\n\t\t\t\t<\/div>\r\n\t\t\t\t<\/div>\r\n\t\t<div class=\"elementor-element elementor-element-f25e904 e-con-full e-flex pxl-column-none pxl-row-scroll-none pxl-zoom-point-false pxl-section-overflow-visible pxl-section-fix-none pxl-full-content-with-space-none pxl-bg-color-none pxl-section-overlay-none e-con e-child \" data-id=\"f25e904\" data-element_type=\"container\" data-e-type=\"container\">\t\t<div class=\"elementor-element elementor-element-7ec9028 elementor-widget elementor-widget-pxl_heading\" data-id=\"7ec9028\" data-element_type=\"widget\" data-e-type=\"widget\" data-widget_type=\"pxl_heading.default\">\n\t\t\t\t<div class=\"elementor-widget-container\">\n\t\t\t\t\t<div id=\"pxl-pxl_heading-7ec9028-8132\" class=\"pxl-heading px-sub-title-default-style\">\n\t<div class=\"pxl-heading--inner\">\n\t\t\n\t\t\n\t\t<h2 class=\"pxl-item--title wow fadeInUp\" data-wow-delay=\"400ms\">\n\t\t\tXXXV Congreso Nacional y XXVIII Internacional de la Sociedad Espa\u00f1ola de Implantes\t\t\n\t\t<\/h2>\n\n\t\t\t\t\n\t<\/div>\n<\/div>\t\t\t\t<\/div>\n\t\t\t\t<\/div>\n\t\t\t\t<div class=\"elementor-element elementor-element-8677bc1 elementor-widget elementor-widget-pxl_text_editor\" data-id=\"8677bc1\" data-element_type=\"widget\" data-e-type=\"widget\" data-widget_type=\"pxl_text_editor.default\">\n\t\t\t\t<div class=\"elementor-widget-container\">\n\t\t\t\t\t<div id=\"pxl_text_editor-8677bc1-5667\" class=\"pxl-image-wg\" duration=\"1\">\n\t<div class=\"pxl-text-editor\">\n\t\t<div class=\"pxl-item--inner wow fadeInUp\" data-wow-delay=\"500ms\">\n\t\t\t<p>Prof. Dr. Nuno Garrido nahm am XXXV Congreso Nacional y XXVIII Internacional de la Sociedad Espa\u00f1ola de Implantes teil, der in Toledo stattfand.<\/p><p>Als Mitglied des Wissenschaftlichen Komitees spielte er die Rolle des Moderators in der Sitzung am Freitagnachmittag und trug so zur wissenschaftlichen Strenge und Dynamik des Kongresses bei.<\/p><p>Gemeinsam mit der akademischen Gruppe der Facultad de Odontolog\u00eda de la Universidad de Sevilla pr\u00e4sentierte er 12 wissenschaftliche Mitteilungen im Poster- und m\u00fcndlichen Kommunikationsformat, um das Engagement f\u00fcr Forschung, klinische Innovation und Weiterbildung in der Implantologie zu bekr\u00e4ftigen.<\/p>\t\t\n\t\t<\/div>\n\t<\/div>\n<\/div>\t\t\t\t<\/div>\n\t\t\t\t<\/div>\n\t\t\t\t<\/div>\r\n\t\t\t\t\t<\/div>\r\n\t\t\t\t<\/div>\r\n\t\t<div class=\"elementor-element elementor-element-22644d1 e-flex e-con-boxed pxl-column-none pxl-row-scroll-none pxl-zoom-point-false pxl-section-overflow-visible pxl-section-fix-none pxl-full-content-with-space-none pxl-bg-color-none pxl-section-overlay-none e-con e-parent \" data-id=\"22644d1\" data-element_type=\"container\" data-e-type=\"container\">\t\t\t<div class=\"e-con-inner\">\r\n\t\t<div class=\"elementor-element elementor-element-5064d37 e-con-full e-flex pxl-column-none pxl-row-scroll-none pxl-zoom-point-false pxl-section-overflow-visible pxl-section-fix-none pxl-full-content-with-space-none pxl-bg-color-none pxl-section-overlay-none e-con e-child \" data-id=\"5064d37\" data-element_type=\"container\" data-e-type=\"container\"><div class=\"elementor-element elementor-element-09660ef e-con-full e-flex pxl-column-none pxl-row-scroll-none pxl-zoom-point-false pxl-section-overflow-visible pxl-section-fix-none pxl-full-content-with-space-none pxl-bg-color-none pxl-section-overlay-none e-con e-child \" data-id=\"09660ef\" data-element_type=\"container\" data-e-type=\"container\">\t\t<div class=\"elementor-element elementor-element-87fff3b elementor-widget elementor-widget-pxl_image\" data-id=\"87fff3b\" data-element_type=\"widget\" data-e-type=\"widget\" data-widget_type=\"pxl_image.default\">\n\t\t\t\t<div class=\"elementor-widget-container\">\n\t\t\t\t\t<div id=\"pxl_image-87fff3b-3716\" class=\"pxl-image-single  style-default wow zoomInSmall\" data-wow-delay=\"500ms\" >\r\n    <div class=\"pxl-item--inner \" data-wow-delay=\"120ms\">\r\n        \r\n                                <div class=\"pxl-item--bg bg-image wow scaleIn\" data-wow-delay=\"500ms\" style=\"background-image: url(https:\/\/orallagos.pt\/wp-content\/uploads\/2025\/12\/IMG_9467-scaled.jpg);\"><\/div>\r\n                                <\/div>\r\n<\/div>\t\t\t\t<\/div>\n\t\t\t\t<\/div>\n\t\t\t\t<div class=\"elementor-element elementor-element-f8cca6e elementor-widget elementor-widget-pxl_image\" data-id=\"f8cca6e\" data-element_type=\"widget\" data-e-type=\"widget\" data-widget_type=\"pxl_image.default\">\n\t\t\t\t<div class=\"elementor-widget-container\">\n\t\t\t\t\t<div id=\"pxl_image-f8cca6e-3373\" class=\"pxl-image-single  style-default wow zoomInSmall\" data-wow-delay=\"500ms\" >\r\n    <div class=\"pxl-item--inner \" data-wow-delay=\"120ms\">\r\n        \r\n                                <div class=\"pxl-item--bg bg-image wow scaleIn\" data-wow-delay=\"500ms\" style=\"background-image: url(https:\/\/orallagos.pt\/wp-content\/uploads\/2025\/12\/PHOTO-2025-11-15-16-09-33.jpg);\"><\/div>\r\n                                <\/div>\r\n<\/div>\t\t\t\t<\/div>\n\t\t\t\t<\/div>\n\t\t\t\t<\/div>\r\n\t\t<div class=\"elementor-element elementor-element-8dad9de e-con-full e-flex pxl-column-none pxl-row-scroll-none pxl-zoom-point-false pxl-section-overflow-visible pxl-section-fix-none pxl-full-content-with-space-none pxl-bg-color-none pxl-section-overlay-none e-con e-child \" data-id=\"8dad9de\" data-element_type=\"container\" data-e-type=\"container\">\t\t<div class=\"elementor-element elementor-element-c5297f6 elementor-widget elementor-widget-pxl_image\" data-id=\"c5297f6\" data-element_type=\"widget\" data-e-type=\"widget\" data-widget_type=\"pxl_image.default\">\n\t\t\t\t<div class=\"elementor-widget-container\">\n\t\t\t\t\t<div id=\"pxl_image-c5297f6-3723\" class=\"pxl-image-single  style-default wow zoomInSmall\" data-wow-delay=\"400ms\" >\r\n    <div class=\"pxl-item--inner \" data-wow-delay=\"120ms\">\r\n        \r\n                                <div class=\"pxl-item--bg bg-image wow scaleIn\" data-wow-delay=\"400ms\" style=\"background-image: url(https:\/\/orallagos.pt\/wp-content\/uploads\/2025\/12\/IMG_9470-scaled.jpg);\"><\/div>\r\n                                <\/div>\r\n<\/div>\t\t\t\t<\/div>\n\t\t\t\t<\/div>\n\t\t\t\t<\/div>\r\n\t\t\t\t<\/div>\r\n\t\t<div class=\"elementor-element elementor-element-e1ca9d5 e-con-full e-flex pxl-column-none pxl-row-scroll-none pxl-zoom-point-false pxl-section-overflow-visible pxl-section-fix-none pxl-full-content-with-space-none pxl-bg-color-none pxl-section-overlay-none e-con e-child \" data-id=\"e1ca9d5\" data-element_type=\"container\" data-e-type=\"container\">\t\t<div class=\"elementor-element elementor-element-13a9586 elementor-widget elementor-widget-pxl_heading\" data-id=\"13a9586\" data-element_type=\"widget\" data-e-type=\"widget\" data-widget_type=\"pxl_heading.default\">\n\t\t\t\t<div class=\"elementor-widget-container\">\n\t\t\t\t\t<div id=\"pxl-pxl_heading-13a9586-6803\" class=\"pxl-heading px-sub-title-default-style\">\n\t<div class=\"pxl-heading--inner\">\n\t\t\n\t\t\n\t\t<h2 class=\"pxl-item--title wow fadeInUp\" data-wow-delay=\"400ms\">\n\t\t\tBQDC-Symposium\t\t\n\t\t<\/h2>\n\n\t\t\t\t\n\t<\/div>\n<\/div>\t\t\t\t<\/div>\n\t\t\t\t<\/div>\n\t\t\t\t<div class=\"elementor-element elementor-element-8f2726f elementor-widget elementor-widget-pxl_text_editor\" data-id=\"8f2726f\" data-element_type=\"widget\" data-e-type=\"widget\" data-widget_type=\"pxl_text_editor.default\">\n\t\t\t\t<div class=\"elementor-widget-container\">\n\t\t\t\t\t<div id=\"pxl_text_editor-8f2726f-5995\" class=\"pxl-image-wg\" duration=\"1\">\n\t<div class=\"pxl-text-editor\">\n\t\t<div class=\"pxl-item--inner wow fadeInUp\" data-wow-delay=\"500ms\">\n\t\t\t<div class=\"_lineContent_t4qxl_32\"><span data-slate-node=\"text\"><span class=\"_base_t4qxl_61\" data-slate-leaf=\"true\">Dr. Nuno Garrido nahm an der Jahresversammlung der BQDC und am I. Wissenschaftlichen Symposium der BQDC in Porto teil, einem Treffen, an dem einige der renommiertesten Kliniken und Fachleute der Iberischen Halbinsel teilnahmen.<\/span><\/span><\/div><div> <\/div><p><span data-slate-node=\"text\"><span class=\"_base_t4qxl_61\" data-slate-leaf=\"true\">W\u00e4hrend zwei intensiven Tagen wurden wichtige Themen der modernen Zahnmedizin diskutiert \u2013 von Intraoralscannern und neuen digitalen Arbeitsabl\u00e4ufen bis hin zu fortgeschrittener oraler Rehabilitation, gef\u00fchrter Chirurgie, Komplikationsmanagement bei Implantaten, Adh\u00e4sion, Zementierung und aktualisierten klinisch-labortechnischen Protokollen.<\/span><\/span><\/p><p><span data-slate-node=\"text\"><span class=\"_base_t4qxl_61\" data-slate-leaf=\"true\">Die Veranstaltung umfasste auch strategische \u00dcberlegungen zur Zukunft der Zahnmedizin und zur Rolle unabh\u00e4ngiger Kliniken bei der Wahrung von Qualit\u00e4t und wissenschaftlicher Genauigkeit.<\/span><\/span><\/p><p><span data-slate-node=\"text\"><span class=\"_base_t4qxl_61\" data-slate-leaf=\"true\">Die Anwesenheit von Dr. Nuno Garrido bei diesem Treffen bekr\u00e4ftigt unser t\u00e4gliches Engagement: Orallagos mit dem aktuellsten Wissen, der pr\u00e4zisesten Technologie und den besten evidenzbasierten klinischen Praktiken auszustatten, um unseren Patienten exzellente, sichere und nachhaltige Behandlungen zu garantieren.<\/span><\/span><\/p>\t\t\n\t\t<\/div>\n\t<\/div>\n<\/div>\t\t\t\t<\/div>\n\t\t\t\t<\/div>\n\t\t\t\t<\/div>\r\n\t\t\t\t\t<\/div>\r\n\t\t\t\t<\/div>\r\n\t\t<div class=\"elementor-element elementor-element-d95bb79 e-flex e-con-boxed pxl-column-none pxl-row-scroll-none pxl-zoom-point-false pxl-section-overflow-visible pxl-section-fix-none pxl-full-content-with-space-none pxl-bg-color-none pxl-section-overlay-none e-con e-parent \" data-id=\"d95bb79\" data-element_type=\"container\" data-e-type=\"container\">\t\t\t<div class=\"e-con-inner\">\r\n\t\t<div class=\"elementor-element elementor-element-a8ca0f9 e-con-full e-flex pxl-column-none pxl-row-scroll-none pxl-zoom-point-false pxl-section-overflow-visible pxl-section-fix-none pxl-full-content-with-space-none pxl-bg-color-none pxl-section-overlay-none e-con e-child \" data-id=\"a8ca0f9\" data-element_type=\"container\" data-e-type=\"container\"><div class=\"elementor-element elementor-element-c7135f6 e-con-full e-flex pxl-column-none pxl-row-scroll-none pxl-zoom-point-false pxl-section-overflow-visible pxl-section-fix-none pxl-full-content-with-space-none pxl-bg-color-none pxl-section-overlay-none e-con e-child \" data-id=\"c7135f6\" data-element_type=\"container\" data-e-type=\"container\">\t\t<div class=\"elementor-element elementor-element-162c4cf elementor-widget elementor-widget-pxl_image\" data-id=\"162c4cf\" data-element_type=\"widget\" data-e-type=\"widget\" data-widget_type=\"pxl_image.default\">\n\t\t\t\t<div class=\"elementor-widget-container\">\n\t\t\t\t\t<div id=\"pxl_image-162c4cf-4833\" class=\"pxl-image-single  style-default wow zoomInSmall\" data-wow-delay=\"500ms\" >\r\n    <div class=\"pxl-item--inner \" data-wow-delay=\"120ms\">\r\n        \r\n                                <div class=\"pxl-item--bg bg-image wow scaleIn\" data-wow-delay=\"500ms\" style=\"background-image: url(https:\/\/orallagos.pt\/wp-content\/uploads\/2025\/12\/f7063906-24de-4a4f-be5c-5c1c6cf46e84.jpg);\"><\/div>\r\n                                <\/div>\r\n<\/div>\t\t\t\t<\/div>\n\t\t\t\t<\/div>\n\t\t\t\t<div class=\"elementor-element elementor-element-285fc7f elementor-widget elementor-widget-pxl_image\" data-id=\"285fc7f\" data-element_type=\"widget\" data-e-type=\"widget\" data-widget_type=\"pxl_image.default\">\n\t\t\t\t<div class=\"elementor-widget-container\">\n\t\t\t\t\t<div id=\"pxl_image-285fc7f-8796\" class=\"pxl-image-single  style-default wow zoomInSmall\" data-wow-delay=\"500ms\" >\r\n    <div class=\"pxl-item--inner \" data-wow-delay=\"120ms\">\r\n        \r\n                                <div class=\"pxl-item--bg bg-image wow scaleIn\" data-wow-delay=\"500ms\" style=\"background-image: url(https:\/\/orallagos.pt\/wp-content\/uploads\/2025\/12\/1b9d1ea9-f4aa-4389-a892-6aa69e6afc2d.jpg);\"><\/div>\r\n                                <\/div>\r\n<\/div>\t\t\t\t<\/div>\n\t\t\t\t<\/div>\n\t\t\t\t<\/div>\r\n\t\t<div class=\"elementor-element elementor-element-954eb75 e-con-full e-flex pxl-column-none pxl-row-scroll-none pxl-zoom-point-false pxl-section-overflow-visible pxl-section-fix-none pxl-full-content-with-space-none pxl-bg-color-none pxl-section-overlay-none e-con e-child \" data-id=\"954eb75\" data-element_type=\"container\" data-e-type=\"container\">\t\t<div class=\"elementor-element elementor-element-2a71e52 elementor-widget elementor-widget-pxl_image\" data-id=\"2a71e52\" data-element_type=\"widget\" data-e-type=\"widget\" data-widget_type=\"pxl_image.default\">\n\t\t\t\t<div class=\"elementor-widget-container\">\n\t\t\t\t\t<div id=\"pxl_image-2a71e52-5595\" class=\"pxl-image-single  style-default wow zoomInSmall\" data-wow-delay=\"400ms\" >\r\n    <div class=\"pxl-item--inner \" data-wow-delay=\"120ms\">\r\n        \r\n                                <div class=\"pxl-item--bg bg-image wow scaleIn\" data-wow-delay=\"400ms\" style=\"background-image: url(https:\/\/orallagos.pt\/wp-content\/uploads\/2025\/12\/7b827501-b2f9-49eb-a64a-998cb059c813.jpg);\"><\/div>\r\n                                <\/div>\r\n<\/div>\t\t\t\t<\/div>\n\t\t\t\t<\/div>\n\t\t\t\t<\/div>\r\n\t\t\t\t<\/div>\r\n\t\t<div class=\"elementor-element elementor-element-8eb1226 e-con-full e-flex pxl-column-none pxl-row-scroll-none pxl-zoom-point-false pxl-section-overflow-visible pxl-section-fix-none pxl-full-content-with-space-none pxl-bg-color-none pxl-section-overlay-none e-con e-child \" data-id=\"8eb1226\" data-element_type=\"container\" data-e-type=\"container\">\t\t<div class=\"elementor-element elementor-element-960d966 elementor-widget elementor-widget-pxl_heading\" data-id=\"960d966\" data-element_type=\"widget\" data-e-type=\"widget\" data-widget_type=\"pxl_heading.default\">\n\t\t\t\t<div class=\"elementor-widget-container\">\n\t\t\t\t\t<div id=\"pxl-pxl_heading-960d966-6183\" class=\"pxl-heading px-sub-title-default-style\">\n\t<div class=\"pxl-heading--inner\">\n\t\t\n\t\t\n\t\t<h2 class=\"pxl-item--title wow fadeInUp\" data-wow-delay=\"400ms\">\n\t\t\tKlinisches Personal aktualisiert GBT-Protokoll\t\t\n\t\t<\/h2>\n\n\t\t\t\t\n\t<\/div>\n<\/div>\t\t\t\t<\/div>\n\t\t\t\t<\/div>\n\t\t\t\t<div class=\"elementor-element elementor-element-99e7f90 elementor-widget elementor-widget-pxl_text_editor\" data-id=\"99e7f90\" data-element_type=\"widget\" data-e-type=\"widget\" data-widget_type=\"pxl_text_editor.default\">\n\t\t\t\t<div class=\"elementor-widget-container\">\n\t\t\t\t\t<div id=\"pxl_text_editor-99e7f90-7551\" class=\"pxl-image-wg\" duration=\"1\">\n\t<div class=\"pxl-text-editor\">\n\t\t<div class=\"pxl-item--inner wow fadeInUp\" data-wow-delay=\"500ms\">\n\t\t\t<div class=\"_lineContent_t4qxl_32\"><p class=\"p1\">Das klinische Team von Orallagos hat k\u00fcrzlich eine umfassende Aktualisierung des GBT-Protokolls (Guided Biofilm Therapy) abgeschlossen und damit unser Engagement f\u00fcr eine pr\u00e4ventive, moderne und auf den besten wissenschaftlichen Erkenntnissen basierende Zahnmedizin bekr\u00e4ftigt. Diese gr\u00fcndliche \u00dcberarbeitung erm\u00f6glichte es uns, Verfahren anzugleichen, technische Verbesserungen zu integrieren und jeden Schritt der Behandlung zu optimieren, um unseren Patienten mehr Komfort, Effizienz und Vorhersagbarkeit zu garantieren. <\/p><p class=\"p1\">Die Ausbildung und kontinuierliche Fortbildung sind Teil unserer Identit\u00e4t. Deshalb verfolgen wir einen strengen Ansatz, der sicherstellt, dass alle Fachkr\u00e4fte die fortschrittlichsten Praktiken anwenden, immer mit dem Ziel, eine exzellente Versorgung zu bieten und den klinischen Standard bei jedem Termin zu verbessern. <\/p><\/div>\t\t\n\t\t<\/div>\n\t<\/div>\n<\/div>\t\t\t\t<\/div>\n\t\t\t\t<\/div>\n\t\t\t\t<\/div>\r\n\t\t\t\t\t<\/div>\r\n\t\t\t\t<\/div>\r\n\t\t<div class=\"elementor-element elementor-element-092e951 e-flex e-con-boxed pxl-column-none pxl-row-scroll-none pxl-zoom-point-false pxl-section-overflow-visible pxl-section-fix-none pxl-full-content-with-space-none pxl-bg-color-none pxl-section-overlay-none e-con e-parent \" data-id=\"092e951\" data-element_type=\"container\" data-e-type=\"container\">\t\t\t<div class=\"e-con-inner\">\r\n\t\t<div class=\"elementor-element elementor-element-e0a1227 e-con-full e-flex pxl-column-none pxl-row-scroll-none pxl-zoom-point-false pxl-section-overflow-visible pxl-section-fix-none pxl-full-content-with-space-none pxl-bg-color-none pxl-section-overlay-none e-con e-child \" data-id=\"e0a1227\" data-element_type=\"container\" data-e-type=\"container\"><div class=\"elementor-element elementor-element-016722c e-con-full e-flex pxl-column-none pxl-row-scroll-none pxl-zoom-point-false pxl-section-overflow-visible pxl-section-fix-none pxl-full-content-with-space-none pxl-bg-color-none pxl-section-overlay-none e-con e-child \" data-id=\"016722c\" data-element_type=\"container\" data-e-type=\"container\">\t\t<div class=\"elementor-element elementor-element-c8e1dc1 elementor-widget elementor-widget-pxl_image\" data-id=\"c8e1dc1\" data-element_type=\"widget\" data-e-type=\"widget\" data-widget_type=\"pxl_image.default\">\n\t\t\t\t<div class=\"elementor-widget-container\">\n\t\t\t\t\t<div id=\"pxl_image-c8e1dc1-6505\" class=\"pxl-image-single  style-default wow zoomInSmall\" data-wow-delay=\"400ms\" >\r\n    <div class=\"pxl-item--inner \" data-wow-delay=\"120ms\">\r\n        \r\n                                <div class=\"pxl-item--bg bg-image wow scaleIn\" data-wow-delay=\"400ms\" style=\"background-image: url(https:\/\/orallagos.pt\/wp-content\/uploads\/2025\/12\/IMG_9447-scaled.jpg);\"><\/div>\r\n                                <\/div>\r\n<\/div>\t\t\t\t<\/div>\n\t\t\t\t<\/div>\n\t\t\t\t<\/div>\r\n\t\t\t\t<\/div>\r\n\t\t<div class=\"elementor-element elementor-element-86ed109 e-con-full e-flex pxl-column-none pxl-row-scroll-none pxl-zoom-point-false pxl-section-overflow-visible pxl-section-fix-none pxl-full-content-with-space-none pxl-bg-color-none pxl-section-overlay-none e-con e-child \" data-id=\"86ed109\" data-element_type=\"container\" data-e-type=\"container\">\t\t<div class=\"elementor-element elementor-element-5816a02 elementor-widget elementor-widget-pxl_heading\" data-id=\"5816a02\" data-element_type=\"widget\" data-e-type=\"widget\" data-widget_type=\"pxl_heading.default\">\n\t\t\t\t<div class=\"elementor-widget-container\">\n\t\t\t\t\t<div id=\"pxl-pxl_heading-5816a02-2485\" class=\"pxl-heading px-sub-title-default-style\">\n\t<div class=\"pxl-heading--inner\">\n\t\t\n\t\t\n\t\t<h2 class=\"pxl-item--title wow fadeInUp\" data-wow-delay=\"400ms\">\n\t\t\tCongresso OMD2025\t\t\n\t\t<\/h2>\n\n\t\t\t\t\n\t<\/div>\n<\/div>\t\t\t\t<\/div>\n\t\t\t\t<\/div>\n\t\t\t\t<div class=\"elementor-element elementor-element-8bfbbca elementor-widget elementor-widget-pxl_text_editor\" data-id=\"8bfbbca\" data-element_type=\"widget\" data-e-type=\"widget\" data-widget_type=\"pxl_text_editor.default\">\n\t\t\t\t<div class=\"elementor-widget-container\">\n\t\t\t\t\t<div id=\"pxl_text_editor-8bfbbca-6700\" class=\"pxl-image-wg\" duration=\"1\">\n\t<div class=\"pxl-text-editor\">\n\t\t<div class=\"pxl-item--inner wow fadeInUp\" data-wow-delay=\"500ms\">\n\t\t\t<div class=\"_lineContent_t4qxl_32\"><p>Das \u00c4rzteteam von Orallagos nahm am Jahreskongress der \u00c4rztekammer teil, einer der wichtigsten wissenschaftlichen Veranstaltungen des Landes. Es war eine hervorragende Gelegenheit, Kenntnisse zu vertiefen, klinische Erfahrungen auszutauschen und sich \u00fcber die wichtigsten Neuigkeiten der aktuellen Medizin zu informieren. <\/p><p>Die kontinuierliche Teilnahme an Kongressen und Fortbildungen ist Teil unseres t\u00e4glichen Engagements: Wir bieten exzellente Pflege, basierend auf den besten wissenschaftlichen Erkenntnissen und den aktuellsten Praktiken.<\/p><\/div>\t\t\n\t\t<\/div>\n\t<\/div>\n<\/div>\t\t\t\t<\/div>\n\t\t\t\t<\/div>\n\t\t\t\t<\/div>\r\n\t\t\t\t\t<\/div>\r\n\t\t\t\t<\/div>\r\n\t\t\t\t<\/div>\n\t\t","protected":false},"excerpt":{"rendered":"<p>https:\/\/orallagos.pt\/wp-content\/uploads\/2025\/10\/888c7f8e-c402-42ff-bb3e-85ff9a8c1637.mp4 Actividade Docente Prof. Dr. Nuno Garrido lehrt regelm\u00e4\u00dfig an der Facultad de Odontolog\u00eda der Universidad de Sevilla, wo er seit 2008 als Dozent mitarbeitet. Der Unterricht spiegelt sein Engagement f\u00fcr die klinische und wissenschaftliche Lehre, die F\u00f6rderung evidenzbasierter Ausbildung, technologischer Innovation und den Austausch praktischer Erfahrungen mit Studenten und jungen Fachleuten wider. Konferenz an [&hellip;]<\/p>\n","protected":false},"author":2,"featured_media":4740,"parent":0,"menu_order":0,"comment_status":"closed","ping_status":"closed","template":"","meta":{"footnotes":""},"class_list":["post-4728","page","type-page","status-publish","has-post-thumbnail","hentry"],"yoast_head":"<!-- This site is optimized with the Yoast SEO plugin v26.9 - https:\/\/yoast.com\/product\/yoast-seo-wordpress\/ -->\n<title>Akademische und wissenschaftliche Veranstaltungen - Orallagos<\/title>\n<meta name=\"description\" content=\"Orallagos nimmt an akademischen und wissenschaftlichen Veranstaltungen teil und bekr\u00e4ftigt damit sein Engagement f\u00fcr Exzellenz im Bereich der Zahngesundheit in Lagos.\" \/>\n<meta name=\"robots\" content=\"index, follow, max-snippet:-1, max-image-preview:large, max-video-preview:-1\" \/>\n<link rel=\"canonical\" href=\"https:\/\/orallagos.pt\/de\/akademische-und-wissenschaftliche-veranstaltungen\/\" \/>\n<meta property=\"og:locale\" content=\"de_DE\" \/>\n<meta property=\"og:type\" content=\"article\" \/>\n<meta property=\"og:title\" content=\"Akademische und wissenschaftliche Veranstaltungen - Orallagos\" \/>\n<meta property=\"og:description\" content=\"Orallagos nimmt an akademischen und wissenschaftlichen Veranstaltungen teil und bekr\u00e4ftigt damit sein Engagement f\u00fcr Exzellenz im Bereich der Zahngesundheit in Lagos.\" \/>\n<meta property=\"og:url\" content=\"https:\/\/orallagos.pt\/de\/akademische-und-wissenschaftliche-veranstaltungen\/\" \/>\n<meta property=\"og:site_name\" content=\"Orallagos\" \/>\n<meta property=\"article:publisher\" content=\"https:\/\/www.facebook.com\/orallagosclinica\" \/>\n<meta property=\"article:modified_time\" content=\"2025-12-09T12:08:27+00:00\" \/>\n<meta property=\"og:image\" content=\"https:\/\/orallagos.pt\/wp-content\/uploads\/2025\/10\/IMG_9172.jpg\" \/>\n\t<meta property=\"og:image:width\" content=\"1920\" \/>\n\t<meta property=\"og:image:height\" content=\"1280\" \/>\n\t<meta property=\"og:image:type\" content=\"image\/jpeg\" \/>\n<meta name=\"twitter:card\" content=\"summary_large_image\" \/>\n<meta name=\"twitter:label1\" content=\"Gesch\u00e4tzte Lesezeit\" \/>\n\t<meta name=\"twitter:data1\" content=\"3\u00a0Minuten\" \/>\n<script type=\"application\/ld+json\" class=\"yoast-schema-graph\">{\"@context\":\"https:\/\/schema.org\",\"@graph\":[{\"@type\":\"WebPage\",\"@id\":\"https:\/\/orallagos.pt\/de\/akademische-und-wissenschaftliche-veranstaltungen\/\",\"url\":\"https:\/\/orallagos.pt\/de\/akademische-und-wissenschaftliche-veranstaltungen\/\",\"name\":\"Akademische und wissenschaftliche Veranstaltungen - Orallagos\",\"isPartOf\":{\"@id\":\"https:\/\/orallagos.pt\/#website\"},\"primaryImageOfPage\":{\"@id\":\"https:\/\/orallagos.pt\/de\/akademische-und-wissenschaftliche-veranstaltungen\/#primaryimage\"},\"image\":{\"@id\":\"https:\/\/orallagos.pt\/de\/akademische-und-wissenschaftliche-veranstaltungen\/#primaryimage\"},\"thumbnailUrl\":\"https:\/\/orallagos.pt\/wp-content\/uploads\/2025\/10\/IMG_9172.jpg\",\"datePublished\":\"2025-10-15T19:51:36+00:00\",\"dateModified\":\"2025-12-09T12:08:27+00:00\",\"description\":\"Orallagos nimmt an akademischen und wissenschaftlichen Veranstaltungen teil und bekr\u00e4ftigt damit sein Engagement f\u00fcr Exzellenz im Bereich der Zahngesundheit in Lagos.\",\"breadcrumb\":{\"@id\":\"https:\/\/orallagos.pt\/de\/akademische-und-wissenschaftliche-veranstaltungen\/#breadcrumb\"},\"inLanguage\":\"de\",\"potentialAction\":[{\"@type\":\"ReadAction\",\"target\":[\"https:\/\/orallagos.pt\/de\/akademische-und-wissenschaftliche-veranstaltungen\/\"]}]},{\"@type\":\"ImageObject\",\"inLanguage\":\"de\",\"@id\":\"https:\/\/orallagos.pt\/de\/akademische-und-wissenschaftliche-veranstaltungen\/#primaryimage\",\"url\":\"https:\/\/orallagos.pt\/wp-content\/uploads\/2025\/10\/IMG_9172.jpg\",\"contentUrl\":\"https:\/\/orallagos.pt\/wp-content\/uploads\/2025\/10\/IMG_9172.jpg\",\"width\":1920,\"height\":1280},{\"@type\":\"BreadcrumbList\",\"@id\":\"https:\/\/orallagos.pt\/de\/akademische-und-wissenschaftliche-veranstaltungen\/#breadcrumb\",\"itemListElement\":[{\"@type\":\"ListItem\",\"position\":1,\"name\":\"Home\",\"item\":\"https:\/\/orallagos.pt\/de\/\"},{\"@type\":\"ListItem\",\"position\":2,\"name\":\"Akademische und wissenschaftliche Veranstaltungen\"}]},{\"@type\":\"WebSite\",\"@id\":\"https:\/\/orallagos.pt\/#website\",\"url\":\"https:\/\/orallagos.pt\/\",\"name\":\"Orallagos\",\"description\":\"\",\"publisher\":{\"@id\":\"https:\/\/orallagos.pt\/#organization\"},\"potentialAction\":[{\"@type\":\"SearchAction\",\"target\":{\"@type\":\"EntryPoint\",\"urlTemplate\":\"https:\/\/orallagos.pt\/?s={search_term_string}\"},\"query-input\":{\"@type\":\"PropertyValueSpecification\",\"valueRequired\":true,\"valueName\":\"search_term_string\"}}],\"inLanguage\":\"de\"},{\"@type\":\"Organization\",\"@id\":\"https:\/\/orallagos.pt\/#organization\",\"name\":\"Orallagos\",\"url\":\"https:\/\/orallagos.pt\/\",\"logo\":{\"@type\":\"ImageObject\",\"inLanguage\":\"de\",\"@id\":\"https:\/\/orallagos.pt\/#\/schema\/logo\/image\/\",\"url\":\"https:\/\/orallagos.pt\/wp-content\/uploads\/2025\/08\/cropped-cropped-orallagos-logo-blue-.png\",\"contentUrl\":\"https:\/\/orallagos.pt\/wp-content\/uploads\/2025\/08\/cropped-cropped-orallagos-logo-blue-.png\",\"width\":229,\"height\":63,\"caption\":\"Orallagos\"},\"image\":{\"@id\":\"https:\/\/orallagos.pt\/#\/schema\/logo\/image\/\"},\"sameAs\":[\"https:\/\/www.facebook.com\/orallagosclinica\",\"https:\/\/www.instagram.com\/orallagosclinica\/\",\"https:\/\/www.linkedin.com\/company\/orallagos---centro-dent-rio-especializado\/about\/\"]}]}<\/script>\n<!-- \/ Yoast SEO plugin. -->","yoast_head_json":{"title":"Akademische und wissenschaftliche Veranstaltungen - Orallagos","description":"Orallagos nimmt an akademischen und wissenschaftlichen Veranstaltungen teil und bekr\u00e4ftigt damit sein Engagement f\u00fcr Exzellenz im Bereich der Zahngesundheit in Lagos.","robots":{"index":"index","follow":"follow","max-snippet":"max-snippet:-1","max-image-preview":"max-image-preview:large","max-video-preview":"max-video-preview:-1"},"canonical":"https:\/\/orallagos.pt\/de\/akademische-und-wissenschaftliche-veranstaltungen\/","og_locale":"de_DE","og_type":"article","og_title":"Akademische und wissenschaftliche Veranstaltungen - Orallagos","og_description":"Orallagos nimmt an akademischen und wissenschaftlichen Veranstaltungen teil und bekr\u00e4ftigt damit sein Engagement f\u00fcr Exzellenz im Bereich der Zahngesundheit in Lagos.","og_url":"https:\/\/orallagos.pt\/de\/akademische-und-wissenschaftliche-veranstaltungen\/","og_site_name":"Orallagos","article_publisher":"https:\/\/www.facebook.com\/orallagosclinica","article_modified_time":"2025-12-09T12:08:27+00:00","og_image":[{"width":1920,"height":1280,"url":"https:\/\/orallagos.pt\/wp-content\/uploads\/2025\/10\/IMG_9172.jpg","type":"image\/jpeg"}],"twitter_card":"summary_large_image","twitter_misc":{"Gesch\u00e4tzte Lesezeit":"3\u00a0Minuten"},"schema":{"@context":"https:\/\/schema.org","@graph":[{"@type":"WebPage","@id":"https:\/\/orallagos.pt\/de\/akademische-und-wissenschaftliche-veranstaltungen\/","url":"https:\/\/orallagos.pt\/de\/akademische-und-wissenschaftliche-veranstaltungen\/","name":"Akademische und wissenschaftliche Veranstaltungen - Orallagos","isPartOf":{"@id":"https:\/\/orallagos.pt\/#website"},"primaryImageOfPage":{"@id":"https:\/\/orallagos.pt\/de\/akademische-und-wissenschaftliche-veranstaltungen\/#primaryimage"},"image":{"@id":"https:\/\/orallagos.pt\/de\/akademische-und-wissenschaftliche-veranstaltungen\/#primaryimage"},"thumbnailUrl":"https:\/\/orallagos.pt\/wp-content\/uploads\/2025\/10\/IMG_9172.jpg","datePublished":"2025-10-15T19:51:36+00:00","dateModified":"2025-12-09T12:08:27+00:00","description":"Orallagos nimmt an akademischen und wissenschaftlichen Veranstaltungen teil und bekr\u00e4ftigt damit sein Engagement f\u00fcr Exzellenz im Bereich der Zahngesundheit in Lagos.","breadcrumb":{"@id":"https:\/\/orallagos.pt\/de\/akademische-und-wissenschaftliche-veranstaltungen\/#breadcrumb"},"inLanguage":"de","potentialAction":[{"@type":"ReadAction","target":["https:\/\/orallagos.pt\/de\/akademische-und-wissenschaftliche-veranstaltungen\/"]}]},{"@type":"ImageObject","inLanguage":"de","@id":"https:\/\/orallagos.pt\/de\/akademische-und-wissenschaftliche-veranstaltungen\/#primaryimage","url":"https:\/\/orallagos.pt\/wp-content\/uploads\/2025\/10\/IMG_9172.jpg","contentUrl":"https:\/\/orallagos.pt\/wp-content\/uploads\/2025\/10\/IMG_9172.jpg","width":1920,"height":1280},{"@type":"BreadcrumbList","@id":"https:\/\/orallagos.pt\/de\/akademische-und-wissenschaftliche-veranstaltungen\/#breadcrumb","itemListElement":[{"@type":"ListItem","position":1,"name":"Home","item":"https:\/\/orallagos.pt\/de\/"},{"@type":"ListItem","position":2,"name":"Akademische und wissenschaftliche Veranstaltungen"}]},{"@type":"WebSite","@id":"https:\/\/orallagos.pt\/#website","url":"https:\/\/orallagos.pt\/","name":"Orallagos","description":"","publisher":{"@id":"https:\/\/orallagos.pt\/#organization"},"potentialAction":[{"@type":"SearchAction","target":{"@type":"EntryPoint","urlTemplate":"https:\/\/orallagos.pt\/?s={search_term_string}"},"query-input":{"@type":"PropertyValueSpecification","valueRequired":true,"valueName":"search_term_string"}}],"inLanguage":"de"},{"@type":"Organization","@id":"https:\/\/orallagos.pt\/#organization","name":"Orallagos","url":"https:\/\/orallagos.pt\/","logo":{"@type":"ImageObject","inLanguage":"de","@id":"https:\/\/orallagos.pt\/#\/schema\/logo\/image\/","url":"https:\/\/orallagos.pt\/wp-content\/uploads\/2025\/08\/cropped-cropped-orallagos-logo-blue-.png","contentUrl":"https:\/\/orallagos.pt\/wp-content\/uploads\/2025\/08\/cropped-cropped-orallagos-logo-blue-.png","width":229,"height":63,"caption":"Orallagos"},"image":{"@id":"https:\/\/orallagos.pt\/#\/schema\/logo\/image\/"},"sameAs":["https:\/\/www.facebook.com\/orallagosclinica","https:\/\/www.instagram.com\/orallagosclinica\/","https:\/\/www.linkedin.com\/company\/orallagos---centro-dent-rio-especializado\/about\/"]}]}},"_links":{"self":[{"href":"https:\/\/orallagos.pt\/de\/wp-json\/wp\/v2\/pages\/4728","targetHints":{"allow":["GET"]}}],"collection":[{"href":"https:\/\/orallagos.pt\/de\/wp-json\/wp\/v2\/pages"}],"about":[{"href":"https:\/\/orallagos.pt\/de\/wp-json\/wp\/v2\/types\/page"}],"author":[{"embeddable":true,"href":"https:\/\/orallagos.pt\/de\/wp-json\/wp\/v2\/users\/2"}],"replies":[{"embeddable":true,"href":"https:\/\/orallagos.pt\/de\/wp-json\/wp\/v2\/comments?post=4728"}],"version-history":[{"count":2,"href":"https:\/\/orallagos.pt\/de\/wp-json\/wp\/v2\/pages\/4728\/revisions"}],"predecessor-version":[{"id":6873,"href":"https:\/\/orallagos.pt\/de\/wp-json\/wp\/v2\/pages\/4728\/revisions\/6873"}],"wp:featuredmedia":[{"embeddable":true,"href":"https:\/\/orallagos.pt\/de\/wp-json\/wp\/v2\/media\/4740"}],"wp:attachment":[{"href":"https:\/\/orallagos.pt\/de\/wp-json\/wp\/v2\/media?parent=4728"}],"curies":[{"name":"wp","href":"https:\/\/api.w.org\/{rel}","templated":true}]}}