{"id":4675,"date":"2025-08-05T02:38:43","date_gmt":"2025-08-05T02:38:43","guid":{"rendered":"https:\/\/orallagos.pt\/klinisches-personal\/"},"modified":"2025-11-21T12:27:53","modified_gmt":"2025-11-21T12:27:53","slug":"klinisches-personal","status":"publish","type":"page","link":"https:\/\/orallagos.pt\/de\/klinisches-personal\/","title":{"rendered":"Klinisches Personal"},"content":{"rendered":"\t\t<div data-elementor-type=\"wp-page\" data-elementor-id=\"4675\" class=\"elementor elementor-4675 elementor-164\" data-elementor-post-type=\"page\">\n\t\t\t\t<div class=\"elementor-element elementor-element-034db9e e-flex e-con-boxed pxl-column-none pxl-row-scroll-none pxl-zoom-point-false pxl-section-overflow-visible pxl-section-fix-none pxl-full-content-with-space-none pxl-bg-color-none pxl-section-overlay-none e-con e-parent \" data-id=\"034db9e\" data-element_type=\"container\" data-e-type=\"container\">\t\t\t<div class=\"e-con-inner\">\r\n\t\t<div class=\"elementor-element elementor-element-62fa07a e-con-full e-flex pxl-column-none pxl-row-scroll-none pxl-zoom-point-false pxl-section-overflow-visible pxl-section-fix-none pxl-full-content-with-space-none pxl-bg-color-none pxl-section-overlay-none e-con e-child \" data-id=\"62fa07a\" data-element_type=\"container\" data-e-type=\"container\"><div class=\"elementor-element elementor-element-f47de24 e-con-full e-flex pxl-column-none pxl-row-scroll-none pxl-zoom-point-false pxl-section-overflow-visible pxl-section-fix-none pxl-full-content-with-space-none pxl-bg-color-none pxl-section-overlay-none e-con e-child \" data-id=\"f47de24\" data-element_type=\"container\" data-e-type=\"container\">\t\t<div class=\"elementor-element elementor-element-0b5b36a elementor-widget-laptop__width-initial elementor-widget elementor-widget-pxl_image\" data-id=\"0b5b36a\" data-element_type=\"widget\" data-e-type=\"widget\" data-widget_type=\"pxl_image.default\">\n\t\t\t\t<div class=\"elementor-widget-container\">\n\t\t\t\t\t<div id=\"pxl_image-0b5b36a-4476\" class=\"pxl-image-single  style-default \" data-wow-delay=\"ms\" >\r\n    <div class=\"pxl-item--inner \" data-wow-delay=\"120ms\">\r\n        \r\n                                <div class=\"pxl-item--image \" data-wow-delay=\"ms\" data-parallax-value=\"\">\r\n                                                    <img fetchpriority=\"high\" decoding=\"async\" width=\"1707\" height=\"2560\" src=\"https:\/\/orallagos.pt\/wp-content\/uploads\/2025\/10\/55-scaled.jpg\" class=\"no-lazyload attachment-full\" alt=\"\" \/>                                            <\/div>\r\n                                <\/div>\r\n<\/div>\t\t\t\t<\/div>\n\t\t\t\t<\/div>\n\t\t\t\t<\/div>\r\n\t\t<div class=\"elementor-element elementor-element-3c2cf63 e-con-full e-flex pxl-column-none pxl-row-scroll-none pxl-zoom-point-false pxl-section-overflow-visible pxl-section-fix-none pxl-full-content-with-space-none pxl-bg-color-none pxl-section-overlay-none e-con e-child \" data-id=\"3c2cf63\" data-element_type=\"container\" data-e-type=\"container\">\t\t<div class=\"elementor-element elementor-element-fdfb6e5 elementor-widget elementor-widget-pxl_heading\" data-id=\"fdfb6e5\" data-element_type=\"widget\" data-e-type=\"widget\" data-widget_type=\"pxl_heading.default\">\n\t\t\t\t<div class=\"elementor-widget-container\">\n\t\t\t\t\t<div id=\"pxl-pxl_heading-fdfb6e5-3332\" class=\"pxl-heading px-sub-title-default-style\">\n\t<div class=\"pxl-heading--inner\">\n\t\t\n\t\t\t\t\t<div class=\"pxl-item--subtitle px-sub-title-default wow fadeInUp\" data-wow-delay=\"300ms\">\n\t\t\t\t\t\t\t\t<span class=\"pxl-item--subtext\">\n\t\t\t\t\tOrallagos\t\t\t\t<\/span>\n\t\t\t<\/div>\n\t\t\n\t\t<h2 class=\"pxl-item--title wow fadeInUp\" data-wow-delay=\"400ms\">\n\t\t\tKlinisches Personal in Orallagos\t\t\n\t\t<\/h2>\n\n\t\t\t\t\n\t<\/div>\n<\/div>\t\t\t\t<\/div>\n\t\t\t\t<\/div>\n\t\t\t\t<div class=\"elementor-element elementor-element-56b7992 elementor-widget elementor-widget-pxl_text_editor\" data-id=\"56b7992\" data-element_type=\"widget\" data-e-type=\"widget\" data-widget_type=\"pxl_text_editor.default\">\n\t\t\t\t<div class=\"elementor-widget-container\">\n\t\t\t\t\t<div id=\"pxl_text_editor-56b7992-2192\" class=\"pxl-image-wg\" duration=\"1\">\n\t<div class=\"pxl-text-editor\">\n\t\t<div class=\"pxl-item--inner wow fadeInUp\" data-wow-delay=\"500ms\">\n\t\t\t<div class=\"elementor-element elementor-element-4bcf990 elementor-widget elementor-widget-text-editor\" data-id=\"4bcf990\" data-element_type=\"widget\" data-widget_type=\"text-editor.default\"><div class=\"elementor-widget-container\"><p class=\"p1\">Ein Team, das klinische Exzellenz mit wirklich menschlicher Pflege verbindet.<\/p><p class=\"p1\">Bei Orallagos glauben wir, dass der Erfolg jeder Behandlung mit dem Vertrauensverh\u00e4ltnis zwischen dem Patienten und dem Fachmann beginnt. Aus diesem Grund haben wir ein multidisziplin\u00e4res, erfahrenes klinisches Personal zusammengebracht, das sich st\u00e4ndig weiterbildet, was die beste Nachsorge garantiert \u2013 von der Pr\u00e4vention bis zur vollst\u00e4ndigen Rehabilitation des L\u00e4chelns. <\/p><p class=\"p1\">Was uns auszeichnet, ist mehr als die Titel, die Art und Weise, wie wir uns um jeden Patienten k\u00fcmmern: mit Aufmerksamkeit, Einf\u00fchlungsverm\u00f6gen und totaler Hingabe an jeden Patienten.<\/p><p class=\"p1\">Lernen Sie die Fachleute kennen, die Ihnen in jeder Phase Ihrer Behandlung zur Seite stehen.<\/p><\/div><\/div><div class=\"elementor-element elementor-element-1980e34 elementor-widget elementor-widget-heading\" data-id=\"1980e34\" data-element_type=\"widget\" data-widget_type=\"heading.default\"><div class=\"elementor-widget-container\"> <\/div><\/div>\t\t\n\t\t<\/div>\n\t<\/div>\n<\/div>\t\t\t\t<\/div>\n\t\t\t\t<\/div>\n\t\t\t\t<div class=\"elementor-element elementor-element-eb3e961 elementor-widget elementor-widget-pxl_button\" data-id=\"eb3e961\" data-element_type=\"widget\" data-e-type=\"widget\" data-widget_type=\"pxl_button.default\">\n\t\t\t\t<div class=\"elementor-widget-container\">\n\t\t\t\t\t<div id=\"pxl-pxl_button-eb3e961-2127\" class=\"pxl-button pxl-atc-link wow fadeInUp\" data-wow-delay=\"700ms\">\r\n    <a href=\"\/de\/kontakte\/\" class=\"btn pxl-icon-active btn-default wow fadeInUp pxl-icon--right\" data-wow-delay=\"700ms\" data-onepage-offset=\"\">\r\n        \r\n                \r\n        <span class=\"pxl--btn-text\" data-text=\"Beratungstermin vereinbaren\">\r\n            Beratungstermin vereinbaren        <\/span>\r\n        \r\n                    <span class=\"pxl--text-wrap\">\r\n                <span class=\"pxl--btn-text1\">Beratungstermin vereinbaren<\/span>\r\n                <span class=\"pxl--btn-text2\">Beratungstermin vereinbaren<\/span>\r\n            <\/span>\r\n         \r\n\r\n    <\/a>\r\n<\/div>\t\t\t\t<\/div>\n\t\t\t\t<\/div>\n\t\t\t\t<\/div>\r\n\t\t\t\t<\/div>\r\n\t\t<div class=\"elementor-element elementor-element-da9cc5a e-con-full e-flex pxl-column-none pxl-row-scroll-none pxl-zoom-point-false pxl-section-overflow-visible pxl-section-fix-none pxl-full-content-with-space-none pxl-bg-color-none pxl-section-overlay-none e-con e-child \" data-id=\"da9cc5a\" data-element_type=\"container\" data-e-type=\"container\"><div class=\"elementor-element elementor-element-018f67a e-con-full e-flex pxl-column-none pxl-row-scroll-none pxl-zoom-point-false pxl-section-overflow-visible pxl-section-fix-none pxl-full-content-with-space-none pxl-bg-color-none pxl-section-overlay-none e-con e-child \" data-id=\"018f67a\" data-element_type=\"container\" data-e-type=\"container\">\t\t<div class=\"elementor-element elementor-element-c599fc9 elementor-widget elementor-widget-pxl_heading\" data-id=\"c599fc9\" data-element_type=\"widget\" data-e-type=\"widget\" data-widget_type=\"pxl_heading.default\">\n\t\t\t\t<div class=\"elementor-widget-container\">\n\t\t\t\t\t<div id=\"pxl-pxl_heading-c599fc9-2596\" class=\"pxl-heading px-sub-title-default-style\">\n\t<div class=\"pxl-heading--inner\">\n\t\t\n\t\t\t\t\t<div class=\"pxl-item--subtitle px-sub-title-default wow fadeInUp\" data-wow-delay=\"300ms\">\n\t\t\t\t\t\t\t\t<span class=\"pxl-item--subtext\">\n\t\t\t\t\tDas klinische Personal\t\t\t\t<\/span>\n\t\t\t<\/div>\n\t\t\n\t\t<h2 class=\"pxl-item--title wow fadeInUp\" data-wow-delay=\"400ms\">\n\t\t\tUnsere Kliniker\t\t\n\t\t<\/h2>\n\n\t\t\t\t\n\t<\/div>\n<\/div>\t\t\t\t<\/div>\n\t\t\t\t<\/div>\n\t\t\t\t<div class=\"elementor-element elementor-element-ee5f0a9 elementor-widget elementor-widget-pxl_text_editor\" data-id=\"ee5f0a9\" data-element_type=\"widget\" data-e-type=\"widget\" data-widget_type=\"pxl_text_editor.default\">\n\t\t\t\t<div class=\"elementor-widget-container\">\n\t\t\t\t\t<div id=\"pxl_text_editor-ee5f0a9-3734\" class=\"pxl-image-wg\" duration=\"1\">\n\t<div class=\"pxl-text-editor\">\n\t\t<div class=\"pxl-item--inner wow fadeInUp\" data-wow-delay=\"500ms\">\n\t\t\t<p class=\"p1\">Wir verf\u00fcgen \u00fcber Zahn\u00e4rzte und Stomatologen mit langj\u00e4hriger Erfahrung und Ausbildung in Bereichen wie Implantologie, Kieferorthop\u00e4die, Zahn\u00e4sthetik, Endodontie und vielem mehr. Alle sind dem h\u00f6chsten Qualit\u00e4tsniveau und der pers\u00f6nlichen Betreuung verpflichtet. <\/p>\t\t\n\t\t<\/div>\n\t<\/div>\n<\/div>\t\t\t\t<\/div>\n\t\t\t\t<\/div>\n\t\t\t\t<\/div>\r\n\t\t<div class=\"elementor-element elementor-element-d734d87 e-con-full e-flex pxl-column-none pxl-row-scroll-none pxl-zoom-point-false pxl-section-overflow-visible pxl-section-fix-none pxl-full-content-with-space-none pxl-bg-color-none pxl-section-overlay-none e-con e-child \" data-id=\"d734d87\" data-element_type=\"container\" data-e-type=\"container\">\t\t<div class=\"elementor-element elementor-element-1ddd731 elementor-widget__width-initial elementor-widget elementor-widget-pxl_team_grid\" data-id=\"1ddd731\" data-element_type=\"widget\" data-e-type=\"widget\" data-widget_type=\"pxl_team_grid.default\">\n\t\t\t\t<div class=\"elementor-widget-container\">\n\t\t\t\t\t    <div class=\"pxl-grid pxl-team-grid pxl-team-grid1\" data-layout=\"masonry\">\n        <div class=\"pxl-grid-inner pxl-grid-masonry row\" data-gutter=\"15\">\n                            <div class=\"pxl-grid-item col-xl-3 col-lg-3 col-md-6 col-sm-6 col-12\">\n                    <div class=\"pxl-item--inner\">\n                                                    <div class=\"pxl-item--image\">\n                                <div class=\"pxl-img wow zoomInSmall\" data-wow-delay=\"600ms\">\n                                    <img decoding=\"async\" width=\"480\" height=\"480\" src=\"https:\/\/orallagos.pt\/wp-content\/uploads\/2025\/10\/Clinica-Nuno-Garrido.jpg\" class=\"no-lazyload attachment-full\" alt=\"\" \/>                                <\/div>\n                            <\/div>\n                                                <div class=\"pxl-item-content wow fadeInDown\" data-wow-delay=\"700ms\">\n                            <div class=\"pxl-content\">\n                                <h4 class=\"pxl-item--title\">\n                                    Prof. Dr. Nuno Garrido                                <\/h4>\n                                <div class=\"pxl-item--position\">Fachzahnarzt<\/div>\n                            <\/div>\n                        <\/div>\n                   <\/div>\n                <\/div>\n                            <div class=\"pxl-grid-item col-xl-3 col-lg-3 col-md-6 col-sm-6 col-12\">\n                    <div class=\"pxl-item--inner\">\n                                                    <div class=\"pxl-item--image\">\n                                <div class=\"pxl-img wow zoomInSmall\" data-wow-delay=\"600ms\">\n                                    <img decoding=\"async\" width=\"480\" height=\"480\" src=\"https:\/\/orallagos.pt\/wp-content\/uploads\/2025\/10\/Clinico-Pestana.jpg\" class=\"no-lazyload attachment-full\" alt=\"\" \/>                                <\/div>\n                            <\/div>\n                                                <div class=\"pxl-item-content wow fadeInDown\" data-wow-delay=\"700ms\">\n                            <div class=\"pxl-content\">\n                                <h4 class=\"pxl-item--title\">\n                                    Dr. Pedro Pestana                                <\/h4>\n                                <div class=\"pxl-item--position\">Zahnarzt<\/div>\n                            <\/div>\n                        <\/div>\n                   <\/div>\n                <\/div>\n                            <div class=\"pxl-grid-item col-xl-3 col-lg-3 col-md-6 col-sm-6 col-12\">\n                    <div class=\"pxl-item--inner\">\n                                                    <div class=\"pxl-item--image\">\n                                <div class=\"pxl-img wow zoomInSmall\" data-wow-delay=\"600ms\">\n                                    <img loading=\"lazy\" decoding=\"async\" width=\"480\" height=\"480\" src=\"https:\/\/orallagos.pt\/wp-content\/uploads\/2025\/10\/Clinico-Nuno-Jorge.jpg\" class=\"no-lazyload attachment-full\" alt=\"\" \/>                                <\/div>\n                            <\/div>\n                                                <div class=\"pxl-item-content wow fadeInDown\" data-wow-delay=\"700ms\">\n                            <div class=\"pxl-content\">\n                                <h4 class=\"pxl-item--title\">\n                                    Dr. Nuno Jorge                                <\/h4>\n                                <div class=\"pxl-item--position\">Fachzahnarzt<\/div>\n                            <\/div>\n                        <\/div>\n                   <\/div>\n                <\/div>\n                            <div class=\"pxl-grid-item col-xl-3 col-lg-3 col-md-6 col-sm-6 col-12\">\n                    <div class=\"pxl-item--inner\">\n                                                    <div class=\"pxl-item--image\">\n                                <div class=\"pxl-img wow zoomInSmall\" data-wow-delay=\"600ms\">\n                                    <img loading=\"lazy\" decoding=\"async\" width=\"480\" height=\"480\" src=\"https:\/\/orallagos.pt\/wp-content\/uploads\/2025\/10\/Clinico-Gisela.jpg\" class=\"no-lazyload attachment-full\" alt=\"\" \/>                                <\/div>\n                            <\/div>\n                                                <div class=\"pxl-item-content wow fadeInDown\" data-wow-delay=\"700ms\">\n                            <div class=\"pxl-content\">\n                                <h4 class=\"pxl-item--title\">\n                                    Dra. Gisela Cabrita                                <\/h4>\n                                <div class=\"pxl-item--position\">Zahn\u00e4rztin<\/div>\n                            <\/div>\n                        <\/div>\n                   <\/div>\n                <\/div>\n                        <div class=\"grid-sizer col-xl-3 col-lg-3 col-md-6 col-sm-6 col-12\"><\/div>\n        <\/div>\n    <\/div>\n\t\t\t\t<\/div>\n\t\t\t\t<\/div>\n\t\t\t\t<div class=\"elementor-element elementor-element-6abe7f1 elementor-widget__width-initial elementor-widget elementor-widget-pxl_team_grid\" data-id=\"6abe7f1\" data-element_type=\"widget\" data-e-type=\"widget\" data-widget_type=\"pxl_team_grid.default\">\n\t\t\t\t<div class=\"elementor-widget-container\">\n\t\t\t\t\t    <div class=\"pxl-grid pxl-team-grid pxl-team-grid1\" data-layout=\"masonry\">\n        <div class=\"pxl-grid-inner pxl-grid-masonry row\" data-gutter=\"15\">\n                            <div class=\"pxl-grid-item col-xl-3 col-lg-3 col-md-6 col-sm-6 col-12\">\n                    <div class=\"pxl-item--inner\">\n                                                    <div class=\"pxl-item--image\">\n                                <div class=\"pxl-img wow zoomInSmall\" data-wow-delay=\"600ms\">\n                                    <img loading=\"lazy\" decoding=\"async\" width=\"480\" height=\"480\" src=\"https:\/\/orallagos.pt\/wp-content\/uploads\/2025\/10\/Clinico-Bruno.jpg\" class=\"no-lazyload attachment-full\" alt=\"\" \/>                                <\/div>\n                            <\/div>\n                                                <div class=\"pxl-item-content wow fadeInDown\" data-wow-delay=\"700ms\">\n                            <div class=\"pxl-content\">\n                                <h4 class=\"pxl-item--title\">\n                                    Dr. Bruno Taxa                                <\/h4>\n                                <div class=\"pxl-item--position\">Zahnarzt<\/div>\n                            <\/div>\n                        <\/div>\n                   <\/div>\n                <\/div>\n                            <div class=\"pxl-grid-item col-xl-3 col-lg-3 col-md-6 col-sm-6 col-12\">\n                    <div class=\"pxl-item--inner\">\n                                                    <div class=\"pxl-item--image\">\n                                <div class=\"pxl-img wow zoomInSmall\" data-wow-delay=\"600ms\">\n                                    <img loading=\"lazy\" decoding=\"async\" width=\"480\" height=\"480\" src=\"https:\/\/orallagos.pt\/wp-content\/uploads\/2025\/10\/Clinico-Ana-Marta.jpg\" class=\"no-lazyload attachment-full\" alt=\"\" \/>                                <\/div>\n                            <\/div>\n                                                <div class=\"pxl-item-content wow fadeInDown\" data-wow-delay=\"700ms\">\n                            <div class=\"pxl-content\">\n                                <h4 class=\"pxl-item--title\">\n                                    Dra. Ana Marta Fidalgo                                <\/h4>\n                                <div class=\"pxl-item--position\">Zahn\u00e4rztin<\/div>\n                            <\/div>\n                        <\/div>\n                   <\/div>\n                <\/div>\n                            <div class=\"pxl-grid-item col-xl-3 col-lg-3 col-md-6 col-sm-6 col-12\">\n                    <div class=\"pxl-item--inner\">\n                                                    <div class=\"pxl-item--image\">\n                                <div class=\"pxl-img wow zoomInSmall\" data-wow-delay=\"600ms\">\n                                    <img loading=\"lazy\" decoding=\"async\" width=\"480\" height=\"480\" src=\"https:\/\/orallagos.pt\/wp-content\/uploads\/2025\/10\/Clinico-Ines.jpg\" class=\"no-lazyload attachment-full\" alt=\"\" \/>                                <\/div>\n                            <\/div>\n                                                <div class=\"pxl-item-content wow fadeInDown\" data-wow-delay=\"700ms\">\n                            <div class=\"pxl-content\">\n                                <h4 class=\"pxl-item--title\">\n                                    Dra. In\u00eas Mocho                                <\/h4>\n                                <div class=\"pxl-item--position\">Zahn\u00e4rztin<\/div>\n                            <\/div>\n                        <\/div>\n                   <\/div>\n                <\/div>\n                            <div class=\"pxl-grid-item col-xl-3 col-lg-3 col-md-6 col-sm-6 col-12\">\n                    <div class=\"pxl-item--inner\">\n                                                    <div class=\"pxl-item--image\">\n                                <div class=\"pxl-img wow zoomInSmall\" data-wow-delay=\"600ms\">\n                                    <img loading=\"lazy\" decoding=\"async\" width=\"480\" height=\"480\" src=\"https:\/\/orallagos.pt\/wp-content\/uploads\/2025\/10\/Clinico-Joana.jpg\" class=\"no-lazyload attachment-full\" alt=\"\" \/>                                <\/div>\n                            <\/div>\n                                                <div class=\"pxl-item-content wow fadeInDown\" data-wow-delay=\"700ms\">\n                            <div class=\"pxl-content\">\n                                <h4 class=\"pxl-item--title\">\n                                    Dra. Joana Reis                                <\/h4>\n                                <div class=\"pxl-item--position\">Zahn\u00e4rztin<\/div>\n                            <\/div>\n                        <\/div>\n                   <\/div>\n                <\/div>\n                        <div class=\"grid-sizer col-xl-3 col-lg-3 col-md-6 col-sm-6 col-12\"><\/div>\n        <\/div>\n    <\/div>\n\t\t\t\t<\/div>\n\t\t\t\t<\/div>\n\t\t\t\t<div class=\"elementor-element elementor-element-b55727d elementor-widget__width-initial elementor-widget elementor-widget-pxl_team_grid\" data-id=\"b55727d\" data-element_type=\"widget\" data-e-type=\"widget\" data-widget_type=\"pxl_team_grid.default\">\n\t\t\t\t<div class=\"elementor-widget-container\">\n\t\t\t\t\t    <div class=\"pxl-grid pxl-team-grid pxl-team-grid1\" data-layout=\"masonry\">\n        <div class=\"pxl-grid-inner pxl-grid-masonry row\" data-gutter=\"15\">\n                            <div class=\"pxl-grid-item col-xl-3 col-lg-3 col-md-6 col-sm-6 col-12\">\n                    <div class=\"pxl-item--inner\">\n                                                    <div class=\"pxl-item--image\">\n                                <div class=\"pxl-img wow zoomInSmall\" data-wow-delay=\"600ms\">\n                                    <img loading=\"lazy\" decoding=\"async\" width=\"480\" height=\"480\" src=\"https:\/\/orallagos.pt\/wp-content\/uploads\/2025\/10\/Clinica-Rita-Oliveira.jpg\" class=\"no-lazyload attachment-full\" alt=\"\" \/>                                <\/div>\n                            <\/div>\n                                                <div class=\"pxl-item-content wow fadeInDown\" data-wow-delay=\"700ms\">\n                            <div class=\"pxl-content\">\n                                <h4 class=\"pxl-item--title\">\n                                    Dra. Rita Oliveira                                <\/h4>\n                                <div class=\"pxl-item--position\">Zahn\u00e4rztin<\/div>\n                            <\/div>\n                        <\/div>\n                   <\/div>\n                <\/div>\n                            <div class=\"pxl-grid-item col-xl-3 col-lg-3 col-md-6 col-sm-6 col-12\">\n                    <div class=\"pxl-item--inner\">\n                                                    <div class=\"pxl-item--image\">\n                                <div class=\"pxl-img wow zoomInSmall\" data-wow-delay=\"600ms\">\n                                    <img loading=\"lazy\" decoding=\"async\" width=\"1080\" height=\"1080\" src=\"https:\/\/orallagos.pt\/wp-content\/uploads\/2025\/10\/Design-sem-nome.png\" class=\"no-lazyload attachment-full\" alt=\"\" \/>                                <\/div>\n                            <\/div>\n                                                <div class=\"pxl-item-content wow fadeInDown\" data-wow-delay=\"700ms\">\n                            <div class=\"pxl-content\">\n                                <h4 class=\"pxl-item--title\">\n                                    Dr. Pedro Marcos                                <\/h4>\n                                <div class=\"pxl-item--position\">Zahnarzt<\/div>\n                            <\/div>\n                        <\/div>\n                   <\/div>\n                <\/div>\n                        <div class=\"grid-sizer col-xl-3 col-lg-3 col-md-6 col-sm-6 col-12\"><\/div>\n        <\/div>\n    <\/div>\n\t\t\t\t<\/div>\n\t\t\t\t<\/div>\n\t\t\t\t<div class=\"elementor-element elementor-element-a56d02f elementor-widget elementor-widget-spacer\" data-id=\"a56d02f\" data-element_type=\"widget\" data-e-type=\"widget\" data-widget_type=\"spacer.default\">\n\t\t\t\t\t\t\t<div class=\"elementor-spacer\">\n\t\t\t<div class=\"elementor-spacer-inner\"><\/div>\n\t\t<\/div>\n\t\t\t\t\t\t<\/div>\n\t\t\t\t<div class=\"elementor-element elementor-element-0e68dbb elementor-widget elementor-widget-pxl_heading\" data-id=\"0e68dbb\" data-element_type=\"widget\" data-e-type=\"widget\" data-widget_type=\"pxl_heading.default\">\n\t\t\t\t<div class=\"elementor-widget-container\">\n\t\t\t\t\t<div id=\"pxl-pxl_heading-0e68dbb-9604\" class=\"pxl-heading px-sub-title-default-style\">\n\t<div class=\"pxl-heading--inner\">\n\t\t\n\t\t\t\t\t<div class=\"pxl-item--subtitle px-sub-title-default wow fadeInUp\" data-wow-delay=\"300ms\">\n\t\t\t\t\t\t\t\t<span class=\"pxl-item--subtext\">\n\t\t\t\t\tDas klinische Personal\t\t\t\t<\/span>\n\t\t\t<\/div>\n\t\t\n\t\t<h2 class=\"pxl-item--title wow fadeInUp\" data-wow-delay=\"400ms\">\n\t\t\tUnsere Assistenten\t\t\n\t\t<\/h2>\n\n\t\t\t\t\n\t<\/div>\n<\/div>\t\t\t\t<\/div>\n\t\t\t\t<\/div>\n\t\t\t\t<div class=\"elementor-element elementor-element-5f9c873 elementor-widget elementor-widget-pxl_text_editor\" data-id=\"5f9c873\" data-element_type=\"widget\" data-e-type=\"widget\" data-widget_type=\"pxl_text_editor.default\">\n\t\t\t\t<div class=\"elementor-widget-container\">\n\t\t\t\t\t<div id=\"pxl_text_editor-5f9c873-7551\" class=\"pxl-image-wg\" duration=\"1\">\n\t<div class=\"pxl-text-editor\">\n\t\t<div class=\"pxl-item--inner wow fadeInUp\" data-wow-delay=\"500ms\">\n\t\t\t<p class=\"p1\">Unsere Zahnarzthelferinnen sind die S\u00e4ule der einladenden Umgebung, die Sie in Orallagos finden.<\/p><p class=\"p1\">Sie sind immer da, um die \u00c4rzte zu unterst\u00fctzen und dem Patienten den Komfort, die Sicherheit und die Ruhe zu garantieren, die bei jeder Konsultation grundlegend sind.<\/p>\t\t\n\t\t<\/div>\n\t<\/div>\n<\/div>\t\t\t\t<\/div>\n\t\t\t\t<\/div>\n\t\t\t\t<div class=\"elementor-element elementor-element-1fa72e5 elementor-widget__width-initial elementor-widget elementor-widget-pxl_team_grid\" data-id=\"1fa72e5\" data-element_type=\"widget\" data-e-type=\"widget\" data-widget_type=\"pxl_team_grid.default\">\n\t\t\t\t<div class=\"elementor-widget-container\">\n\t\t\t\t\t    <div class=\"pxl-grid pxl-team-grid pxl-team-grid1\" data-layout=\"masonry\">\n        <div class=\"pxl-grid-inner pxl-grid-masonry row\" data-gutter=\"15\">\n                            <div class=\"pxl-grid-item col-xl-3 col-lg-3 col-md-6 col-sm-6 col-12\">\n                    <div class=\"pxl-item--inner\">\n                                                    <div class=\"pxl-item--image\">\n                                <div class=\"pxl-img wow zoomInSmall\" data-wow-delay=\"600ms\">\n                                    <img loading=\"lazy\" decoding=\"async\" width=\"480\" height=\"480\" src=\"https:\/\/orallagos.pt\/wp-content\/uploads\/2025\/10\/Clinica-Serenela.jpg\" class=\"no-lazyload attachment-full\" alt=\"\" \/>                                <\/div>\n                            <\/div>\n                                                <div class=\"pxl-item-content wow fadeInDown\" data-wow-delay=\"700ms\">\n                            <div class=\"pxl-content\">\n                                <h4 class=\"pxl-item--title\">\n                                    Serenela Rodrigues                                <\/h4>\n                                <div class=\"pxl-item--position\">Zahnarzthelferin<\/div>\n                            <\/div>\n                        <\/div>\n                   <\/div>\n                <\/div>\n                            <div class=\"pxl-grid-item col-xl-3 col-lg-3 col-md-6 col-sm-6 col-12\">\n                    <div class=\"pxl-item--inner\">\n                                                    <div class=\"pxl-item--image\">\n                                <div class=\"pxl-img wow zoomInSmall\" data-wow-delay=\"600ms\">\n                                    <img loading=\"lazy\" decoding=\"async\" width=\"480\" height=\"480\" src=\"https:\/\/orallagos.pt\/wp-content\/uploads\/2025\/10\/Clinico-Jessica.jpg\" class=\"no-lazyload attachment-full\" alt=\"\" \/>                                <\/div>\n                            <\/div>\n                                                <div class=\"pxl-item-content wow fadeInDown\" data-wow-delay=\"700ms\">\n                            <div class=\"pxl-content\">\n                                <h4 class=\"pxl-item--title\">\n                                    J\u00e9ssica Silva                                <\/h4>\n                                <div class=\"pxl-item--position\">Zahnarzthelferin<\/div>\n                            <\/div>\n                        <\/div>\n                   <\/div>\n                <\/div>\n                            <div class=\"pxl-grid-item col-xl-3 col-lg-3 col-md-6 col-sm-6 col-12\">\n                    <div class=\"pxl-item--inner\">\n                                                    <div class=\"pxl-item--image\">\n                                <div class=\"pxl-img wow zoomInSmall\" data-wow-delay=\"600ms\">\n                                    <img loading=\"lazy\" decoding=\"async\" width=\"480\" height=\"480\" src=\"https:\/\/orallagos.pt\/wp-content\/uploads\/2025\/10\/Clinica-Samantha.jpg\" class=\"no-lazyload attachment-full\" alt=\"\" \/>                                <\/div>\n                            <\/div>\n                                                <div class=\"pxl-item-content wow fadeInDown\" data-wow-delay=\"700ms\">\n                            <div class=\"pxl-content\">\n                                <h4 class=\"pxl-item--title\">\n                                    Samantha Ferreira                                <\/h4>\n                                <div class=\"pxl-item--position\">Zahnarzthelferin<\/div>\n                            <\/div>\n                        <\/div>\n                   <\/div>\n                <\/div>\n                            <div class=\"pxl-grid-item col-xl-3 col-lg-3 col-md-6 col-sm-6 col-12\">\n                    <div class=\"pxl-item--inner\">\n                                                    <div class=\"pxl-item--image\">\n                                <div class=\"pxl-img wow zoomInSmall\" data-wow-delay=\"600ms\">\n                                    <img loading=\"lazy\" decoding=\"async\" width=\"345\" height=\"330\" src=\"https:\/\/orallagos.pt\/wp-content\/uploads\/2025\/10\/Captura-de-ecra-2025-10-15-as-16.40.39-1.png\" class=\"no-lazyload attachment-full\" alt=\"\" \/>                                <\/div>\n                            <\/div>\n                                                <div class=\"pxl-item-content wow fadeInDown\" data-wow-delay=\"700ms\">\n                            <div class=\"pxl-content\">\n                                <h4 class=\"pxl-item--title\">\n                                    Raquel Sousa                                <\/h4>\n                                <div class=\"pxl-item--position\">Zahnarzthelferin<\/div>\n                            <\/div>\n                        <\/div>\n                   <\/div>\n                <\/div>\n                        <div class=\"grid-sizer col-xl-3 col-lg-3 col-md-6 col-sm-6 col-12\"><\/div>\n        <\/div>\n    <\/div>\n\t\t\t\t<\/div>\n\t\t\t\t<\/div>\n\t\t\t\t<div class=\"elementor-element elementor-element-981c84a elementor-widget__width-initial elementor-widget elementor-widget-pxl_team_grid\" data-id=\"981c84a\" data-element_type=\"widget\" data-e-type=\"widget\" data-widget_type=\"pxl_team_grid.default\">\n\t\t\t\t<div class=\"elementor-widget-container\">\n\t\t\t\t\t    <div class=\"pxl-grid pxl-team-grid pxl-team-grid1\" data-layout=\"masonry\">\n        <div class=\"pxl-grid-inner pxl-grid-masonry row\" data-gutter=\"15\">\n                            <div class=\"pxl-grid-item col-xl-3 col-lg-3 col-md-6 col-sm-6 col-12\">\n                    <div class=\"pxl-item--inner\">\n                                                    <div class=\"pxl-item--image\">\n                                <div class=\"pxl-img wow zoomInSmall\" data-wow-delay=\"600ms\">\n                                    <img loading=\"lazy\" decoding=\"async\" width=\"480\" height=\"480\" src=\"https:\/\/orallagos.pt\/wp-content\/uploads\/2025\/11\/Sayonara-2-e1762883444917.webp\" class=\"no-lazyload attachment-full\" alt=\"\" \/>                                <\/div>\n                            <\/div>\n                                                <div class=\"pxl-item-content wow fadeInDown\" data-wow-delay=\"700ms\">\n                            <div class=\"pxl-content\">\n                                <h4 class=\"pxl-item--title\">\n                                    Sayonara                                <\/h4>\n                                <div class=\"pxl-item--position\">Zahnarzthelferin<\/div>\n                            <\/div>\n                        <\/div>\n                   <\/div>\n                <\/div>\n                            <div class=\"pxl-grid-item col-xl-3 col-lg-3 col-md-6 col-sm-6 col-12\">\n                    <div class=\"pxl-item--inner\">\n                                                    <div class=\"pxl-item--image\">\n                                <div class=\"pxl-img wow zoomInSmall\" data-wow-delay=\"600ms\">\n                                    <img loading=\"lazy\" decoding=\"async\" width=\"480\" height=\"480\" src=\"https:\/\/orallagos.pt\/wp-content\/uploads\/2025\/11\/Marcela-1-scaled-e1762883394487.webp\" class=\"no-lazyload attachment-full\" alt=\"\" \/>                                <\/div>\n                            <\/div>\n                                                <div class=\"pxl-item-content wow fadeInDown\" data-wow-delay=\"700ms\">\n                            <div class=\"pxl-content\">\n                                <h4 class=\"pxl-item--title\">\n                                    Marcela                                <\/h4>\n                                <div class=\"pxl-item--position\">Zahnarzthelferin<\/div>\n                            <\/div>\n                        <\/div>\n                   <\/div>\n                <\/div>\n                        <div class=\"grid-sizer col-xl-3 col-lg-3 col-md-6 col-sm-6 col-12\"><\/div>\n        <\/div>\n    <\/div>\n\t\t\t\t<\/div>\n\t\t\t\t<\/div>\n\t\t\t\t<div class=\"elementor-element elementor-element-bd55657 elementor-widget elementor-widget-spacer\" data-id=\"bd55657\" data-element_type=\"widget\" data-e-type=\"widget\" data-widget_type=\"spacer.default\">\n\t\t\t\t\t\t\t<div class=\"elementor-spacer\">\n\t\t\t<div class=\"elementor-spacer-inner\"><\/div>\n\t\t<\/div>\n\t\t\t\t\t\t<\/div>\n\t\t\t\t<div class=\"elementor-element elementor-element-400cd9d elementor-widget elementor-widget-pxl_heading\" data-id=\"400cd9d\" data-element_type=\"widget\" data-e-type=\"widget\" data-widget_type=\"pxl_heading.default\">\n\t\t\t\t<div class=\"elementor-widget-container\">\n\t\t\t\t\t<div id=\"pxl-pxl_heading-400cd9d-9530\" class=\"pxl-heading px-sub-title-default-style\">\n\t<div class=\"pxl-heading--inner\">\n\t\t\n\t\t\t\t\t<div class=\"pxl-item--subtitle px-sub-title-default wow fadeInUp\" data-wow-delay=\"300ms\">\n\t\t\t\t\t\t\t\t<span class=\"pxl-item--subtext\">\n\t\t\t\t\tDas klinische Personal\t\t\t\t<\/span>\n\t\t\t<\/div>\n\t\t\n\t\t<h2 class=\"pxl-item--title wow fadeInUp\" data-wow-delay=\"400ms\">\n\t\t\tUnsere Verwaltung\t\t\n\t\t<\/h2>\n\n\t\t\t\t\n\t<\/div>\n<\/div>\t\t\t\t<\/div>\n\t\t\t\t<\/div>\n\t\t\t\t<div class=\"elementor-element elementor-element-84cf41a elementor-widget elementor-widget-pxl_text_editor\" data-id=\"84cf41a\" data-element_type=\"widget\" data-e-type=\"widget\" data-widget_type=\"pxl_text_editor.default\">\n\t\t\t\t<div class=\"elementor-widget-container\">\n\t\t\t\t\t<div id=\"pxl_text_editor-84cf41a-9520\" class=\"pxl-image-wg\" duration=\"1\">\n\t<div class=\"pxl-text-editor\">\n\t\t<div class=\"pxl-item--inner wow fadeInUp\" data-wow-delay=\"500ms\">\n\t\t\t<p class=\"p1\">Von der Planung Ihres ersten Termins bis zur Planung Ihrer letzten Vorsorgeuntersuchung steht Ihnen unser Verwaltungsteam jederzeit zur Verf\u00fcgung, um Sie freundlich, klar und effektiv zu unterst\u00fctzen.<\/p>\t\t\n\t\t<\/div>\n\t<\/div>\n<\/div>\t\t\t\t<\/div>\n\t\t\t\t<\/div>\n\t\t\t\t<div class=\"elementor-element elementor-element-864f8b4 elementor-widget__width-initial elementor-widget elementor-widget-pxl_team_grid\" data-id=\"864f8b4\" data-element_type=\"widget\" data-e-type=\"widget\" data-widget_type=\"pxl_team_grid.default\">\n\t\t\t\t<div class=\"elementor-widget-container\">\n\t\t\t\t\t    <div class=\"pxl-grid pxl-team-grid pxl-team-grid1\" data-layout=\"masonry\">\n        <div class=\"pxl-grid-inner pxl-grid-masonry row\" data-gutter=\"15\">\n                            <div class=\"pxl-grid-item col-xl-3 col-lg-3 col-md-6 col-sm-6 col-12\">\n                    <div class=\"pxl-item--inner\">\n                                                    <div class=\"pxl-item--image\">\n                                <div class=\"pxl-img wow zoomInSmall\" data-wow-delay=\"600ms\">\n                                    <img decoding=\"async\" width=\"480\" height=\"480\" src=\"https:\/\/orallagos.pt\/wp-content\/uploads\/2025\/10\/Clinica-Nuno-Garrido.jpg\" class=\"no-lazyload attachment-full\" alt=\"\" \/>                                <\/div>\n                            <\/div>\n                                                <div class=\"pxl-item-content wow fadeInDown\" data-wow-delay=\"700ms\">\n                            <div class=\"pxl-content\">\n                                <h4 class=\"pxl-item--title\">\n                                    Prof. Dr. Nuno Garrido                                <\/h4>\n                                <div class=\"pxl-item--position\">Klinische Leitung<\/div>\n                            <\/div>\n                        <\/div>\n                   <\/div>\n                <\/div>\n                            <div class=\"pxl-grid-item col-xl-3 col-lg-3 col-md-6 col-sm-6 col-12\">\n                    <div class=\"pxl-item--inner\">\n                                                    <div class=\"pxl-item--image\">\n                                <div class=\"pxl-img wow zoomInSmall\" data-wow-delay=\"600ms\">\n                                    <img loading=\"lazy\" decoding=\"async\" width=\"988\" height=\"1002\" src=\"https:\/\/orallagos.pt\/wp-content\/uploads\/2025\/10\/WhatsApp-Image-2024-09-10-at-17.39.25.png\" class=\"no-lazyload attachment-full\" alt=\"\" \/>                                <\/div>\n                            <\/div>\n                                                <div class=\"pxl-item-content wow fadeInDown\" data-wow-delay=\"700ms\">\n                            <div class=\"pxl-content\">\n                                <h4 class=\"pxl-item--title\">\n                                    Patr\u00edcia Pinto                                <\/h4>\n                                <div class=\"pxl-item--position\">Back Office<\/div>\n                            <\/div>\n                        <\/div>\n                   <\/div>\n                <\/div>\n                            <div class=\"pxl-grid-item col-xl-3 col-lg-3 col-md-6 col-sm-6 col-12\">\n                    <div class=\"pxl-item--inner\">\n                                                    <div class=\"pxl-item--image\">\n                                <div class=\"pxl-img wow zoomInSmall\" data-wow-delay=\"600ms\">\n                                    <img loading=\"lazy\" decoding=\"async\" width=\"480\" height=\"480\" src=\"https:\/\/orallagos.pt\/wp-content\/uploads\/2025\/10\/ana-garibaldi.png\" class=\"no-lazyload attachment-full\" alt=\"\" \/>                                <\/div>\n                            <\/div>\n                                                <div class=\"pxl-item-content wow fadeInDown\" data-wow-delay=\"700ms\">\n                            <div class=\"pxl-content\">\n                                <h4 class=\"pxl-item--title\">\n                                    Ana Garibaldi                                <\/h4>\n                                <div class=\"pxl-item--position\">Rezeption<\/div>\n                            <\/div>\n                        <\/div>\n                   <\/div>\n                <\/div>\n                            <div class=\"pxl-grid-item col-xl-3 col-lg-3 col-md-6 col-sm-6 col-12\">\n                    <div class=\"pxl-item--inner\">\n                                                    <div class=\"pxl-item--image\">\n                                <div class=\"pxl-img wow zoomInSmall\" data-wow-delay=\"600ms\">\n                                    <img loading=\"lazy\" decoding=\"async\" width=\"480\" height=\"480\" src=\"https:\/\/orallagos.pt\/wp-content\/uploads\/2025\/10\/ines-martins.jpg\" class=\"no-lazyload attachment-full\" alt=\"\" \/>                                <\/div>\n                            <\/div>\n                                                <div class=\"pxl-item-content wow fadeInDown\" data-wow-delay=\"700ms\">\n                            <div class=\"pxl-content\">\n                                <h4 class=\"pxl-item--title\">\n                                    In\u00eas Martins                                <\/h4>\n                                <div class=\"pxl-item--position\">Rezeption<\/div>\n                            <\/div>\n                        <\/div>\n                   <\/div>\n                <\/div>\n                        <div class=\"grid-sizer col-xl-3 col-lg-3 col-md-6 col-sm-6 col-12\"><\/div>\n        <\/div>\n    <\/div>\n\t\t\t\t<\/div>\n\t\t\t\t<\/div>\n\t\t\t\t<div class=\"elementor-element elementor-element-ede765a elementor-widget__width-initial elementor-widget elementor-widget-pxl_team_grid\" data-id=\"ede765a\" data-element_type=\"widget\" data-e-type=\"widget\" data-widget_type=\"pxl_team_grid.default\">\n\t\t\t\t<div class=\"elementor-widget-container\">\n\t\t\t\t\t    <div class=\"pxl-grid pxl-team-grid pxl-team-grid1\" data-layout=\"masonry\">\n        <div class=\"pxl-grid-inner pxl-grid-masonry row\" data-gutter=\"15\">\n                            <div class=\"pxl-grid-item col-xl-3 col-lg-3 col-md-6 col-sm-6 col-12\">\n                    <div class=\"pxl-item--inner\">\n                                                    <div class=\"pxl-item--image\">\n                                <div class=\"pxl-img wow zoomInSmall\" data-wow-delay=\"600ms\">\n                                    <img loading=\"lazy\" decoding=\"async\" width=\"982\" height=\"982\" src=\"https:\/\/orallagos.pt\/wp-content\/uploads\/2025\/10\/WhatsApp-Image-2024-09-10-at-17.39.24.png\" class=\"no-lazyload attachment-full\" alt=\"\" \/>                                <\/div>\n                            <\/div>\n                                                <div class=\"pxl-item-content wow fadeInDown\" data-wow-delay=\"700ms\">\n                            <div class=\"pxl-content\">\n                                <h4 class=\"pxl-item--title\">\n                                    Patr\u00edcia Lamberto                                <\/h4>\n                                <div class=\"pxl-item--position\">Rezeption<\/div>\n                            <\/div>\n                        <\/div>\n                   <\/div>\n                <\/div>\n                        <div class=\"grid-sizer col-xl-3 col-lg-3 col-md-6 col-sm-6 col-12\"><\/div>\n        <\/div>\n    <\/div>\n\t\t\t\t<\/div>\n\t\t\t\t<\/div>\n\t\t\t\t<div class=\"elementor-element elementor-element-993c46f elementor-widget elementor-widget-spacer\" data-id=\"993c46f\" data-element_type=\"widget\" data-e-type=\"widget\" data-widget_type=\"spacer.default\">\n\t\t\t\t\t\t\t<div class=\"elementor-spacer\">\n\t\t\t<div class=\"elementor-spacer-inner\"><\/div>\n\t\t<\/div>\n\t\t\t\t\t\t<\/div>\n\t\t\t\t<div class=\"elementor-element elementor-element-859f3ed elementor-widget elementor-widget-pxl_heading\" data-id=\"859f3ed\" data-element_type=\"widget\" data-e-type=\"widget\" data-widget_type=\"pxl_heading.default\">\n\t\t\t\t<div class=\"elementor-widget-container\">\n\t\t\t\t\t<div id=\"pxl-pxl_heading-859f3ed-5665\" class=\"pxl-heading px-sub-title-default-style\">\n\t<div class=\"pxl-heading--inner\">\n\t\t\n\t\t\t\t\t<div class=\"pxl-item--subtitle px-sub-title-default wow fadeInUp\" data-wow-delay=\"300ms\">\n\t\t\t\t\t\t\t\t<span class=\"pxl-item--subtext\">\n\t\t\t\t\tDas klinische Personal\t\t\t\t<\/span>\n\t\t\t<\/div>\n\t\t\n\t\t<h2 class=\"pxl-item--title wow fadeInUp\" data-wow-delay=\"400ms\">\n\t\t\tJetzt, da Sie unser Team kennen, sind wir bereit, Ihr L\u00e4cheln zu verbessern.\t\t\n\t\t<\/h2>\n\n\t\t\t\t\n\t<\/div>\n<\/div>\t\t\t\t<\/div>\n\t\t\t\t<\/div>\n\t\t\t\t<div class=\"elementor-element elementor-element-b46a420 elementor-widget elementor-widget-spacer\" data-id=\"b46a420\" data-element_type=\"widget\" data-e-type=\"widget\" data-widget_type=\"spacer.default\">\n\t\t\t\t\t\t\t<div class=\"elementor-spacer\">\n\t\t\t<div class=\"elementor-spacer-inner\"><\/div>\n\t\t<\/div>\n\t\t\t\t\t\t<\/div>\n\t\t\t\t<div class=\"elementor-element elementor-element-506eff0 elementor-align-center elementor-widget__width-initial elementor-widget elementor-widget-pxl_button\" data-id=\"506eff0\" data-element_type=\"widget\" data-e-type=\"widget\" data-widget_type=\"pxl_button.default\">\n\t\t\t\t<div class=\"elementor-widget-container\">\n\t\t\t\t\t<div id=\"pxl-pxl_button-506eff0-3981\" class=\"pxl-button pxl-atc-link \" data-wow-delay=\"ms\">\r\n    <a href=\"\/de\/kontakte\/\" class=\"btn pxl-icon-active btn-default  pxl-icon--left\" data-wow-delay=\"ms\" data-onepage-offset=\"\">\r\n        \r\n                \r\n        <span class=\"pxl--btn-text\" data-text=\"Sprechen Sie uns an!\">\r\n            Sprechen Sie uns an!        <\/span>\r\n        \r\n                    <span class=\"pxl--text-wrap\">\r\n                <span class=\"pxl--btn-text1\">Sprechen Sie uns an!<\/span>\r\n                <span class=\"pxl--btn-text2\">Sprechen Sie uns an!<\/span>\r\n            <\/span>\r\n         \r\n\r\n    <\/a>\r\n<\/div>\t\t\t\t<\/div>\n\t\t\t\t<\/div>\n\t\t\t\t<div class=\"elementor-element elementor-element-4066726 elementor-widget elementor-widget-spacer\" data-id=\"4066726\" data-element_type=\"widget\" data-e-type=\"widget\" data-widget_type=\"spacer.default\">\n\t\t\t\t\t\t\t<div class=\"elementor-spacer\">\n\t\t\t<div class=\"elementor-spacer-inner\"><\/div>\n\t\t<\/div>\n\t\t\t\t\t\t<\/div>\n\t\t\t\t<div class=\"elementor-element elementor-element-92489d6 elementor-widget elementor-widget-spacer\" data-id=\"92489d6\" data-element_type=\"widget\" data-e-type=\"widget\" data-widget_type=\"spacer.default\">\n\t\t\t\t\t\t\t<div class=\"elementor-spacer\">\n\t\t\t<div class=\"elementor-spacer-inner\"><\/div>\n\t\t<\/div>\n\t\t\t\t\t\t<\/div>\n\t\t\t\t<\/div>\r\n\t\t\t\t<\/div>\r\n\t\t\t\t\t<\/div>\r\n\t\t\t\t<\/div>\r\n\t\t<div class=\"elementor-element elementor-element-b7dc1e4 e-flex e-con-boxed pxl-column-none pxl-row-scroll-none pxl-zoom-point-false pxl-section-overflow-visible pxl-section-fix-none pxl-full-content-with-space-none pxl-bg-color-none pxl-section-overlay-none e-con e-parent \" data-id=\"b7dc1e4\" data-element_type=\"container\" data-e-type=\"container\" data-settings=\"{&quot;background_background&quot;:&quot;classic&quot;}\">\t\t\t<div class=\"e-con-inner\">\r\n\t\t<div class=\"elementor-element elementor-element-a310d95 e-con-full e-flex pxl-column-none pxl-row-scroll-none pxl-zoom-point-false pxl-section-overflow-visible pxl-section-fix-none pxl-full-content-with-space-none pxl-bg-color-none pxl-section-overlay-none e-con e-child \" data-id=\"a310d95\" data-element_type=\"container\" data-e-type=\"container\" data-settings=\"{&quot;background_background&quot;:&quot;classic&quot;}\"><div class=\"elementor-element elementor-element-78a3dd9 e-con-full e-flex pxl-column-none pxl-row-scroll-none pxl-zoom-point-false pxl-section-overflow-visible pxl-section-fix-none pxl-full-content-with-space-none pxl-bg-color-none pxl-section-overlay-none e-con e-child \" data-id=\"78a3dd9\" data-element_type=\"container\" data-e-type=\"container\">\t\t<div class=\"elementor-element elementor-element-d0f8661 elementor-widget elementor-widget-pxl_heading\" data-id=\"d0f8661\" data-element_type=\"widget\" data-e-type=\"widget\" data-widget_type=\"pxl_heading.default\">\n\t\t\t\t<div class=\"elementor-widget-container\">\n\t\t\t\t\t<div id=\"pxl-pxl_heading-d0f8661-3086\" class=\"pxl-heading px-sub-title-default-style\">\n\t<div class=\"pxl-heading--inner\">\n\t\t\n\t\t\t\t\t<div class=\"pxl-item--subtitle px-sub-title-default wow fadeInUp\" data-wow-delay=\"300ms\">\n\t\t\t\t\t\t\t\t<span class=\"pxl-item--subtext\">\n\t\t\t\t\tZeugnisse\t\t\t\t<\/span>\n\t\t\t<\/div>\n\t\t\n\t\t<h2 class=\"pxl-item--title wow fadeInUp\" data-wow-delay=\"400ms\">\n\t\t\tWas unsere Kunden \u00fcber uns sagen\t\t\n\t\t<\/h2>\n\n\t\t\t\t\n\t<\/div>\n<\/div>\t\t\t\t<\/div>\n\t\t\t\t<\/div>\n\t\t\t\t<div class=\"elementor-element elementor-element-0cef774 elementor-widget elementor-widget-pxl_text_editor\" data-id=\"0cef774\" data-element_type=\"widget\" data-e-type=\"widget\" data-widget_type=\"pxl_text_editor.default\">\n\t\t\t\t<div class=\"elementor-widget-container\">\n\t\t\t\t\t<div id=\"pxl_text_editor-0cef774-4252\" class=\"pxl-image-wg\" duration=\"1\">\n\t<div class=\"pxl-text-editor\">\n\t\t<div class=\"pxl-item--inner wow fadeInUp\" data-wow-delay=\"500ms\">\n\t\t\t<p class=\"wow fadeInUp animated\">Schlie\u00dfen Sie sich Tausenden von zufriedenen Patienten an, die uns f\u00fcr zarte, fachkundige Betreuung und ein sch\u00f6nes L\u00e4cheln vertrauen. Ihr perfektes zahn\u00e4rztliches Erlebnis beginnt hier! <\/p>\t\t\n\t\t<\/div>\n\t<\/div>\n<\/div>\t\t\t\t<\/div>\n\t\t\t\t<\/div>\n\t\t\t\t<\/div>\r\n\t\t<div class=\"elementor-element elementor-element-0ee393a e-con-full e-flex pxl-column-none pxl-row-scroll-none pxl-zoom-point-false pxl-section-overflow-visible pxl-section-fix-none pxl-full-content-with-space-none pxl-bg-color-none pxl-section-overlay-none e-con e-child \" data-id=\"0ee393a\" data-element_type=\"container\" data-e-type=\"container\">\t\t<div class=\"elementor-element elementor-element-f340d9e elementor-widget elementor-widget-pxl_testimonial_carousel\" data-id=\"f340d9e\" data-element_type=\"widget\" data-e-type=\"widget\" data-widget_type=\"pxl_testimonial_carousel.default\">\n\t\t\t\t<div class=\"elementor-widget-container\">\n\t\t\t\t\t    <div class=\"pxl-swiper-sliders pxl-testimonial-carousel pxl-testimonial-carousel2\" >\n        <div class=\"pxl-carousel-inner\" data-center=\"true\">\n            <div class=\"pxl-swiper-container\" dir=\"ltr\" data-settings=\"{&quot;slide_direction&quot;:&quot;horizontal&quot;,&quot;slide_percolumn&quot;:&quot;1&quot;,&quot;slide_mode&quot;:&quot;slide&quot;,&quot;slides_to_show&quot;:&quot;3&quot;,&quot;slides_to_show_xxl&quot;:&quot;5&quot;,&quot;slides_to_show_lg&quot;:&quot;3&quot;,&quot;slides_to_show_md&quot;:&quot;2&quot;,&quot;slides_to_show_sm&quot;:&quot;2&quot;,&quot;slides_to_show_xs&quot;:&quot;1&quot;,&quot;slides_to_scroll&quot;:&quot;1&quot;,&quot;arrow&quot;:&quot;false&quot;,&quot;pagination&quot;:&quot;true&quot;,&quot;pagination_type&quot;:&quot;bullets&quot;,&quot;pagination_number&quot;:&quot;true&quot;,&quot;autoplay&quot;:&quot;&quot;,&quot;pause_on_hover&quot;:&quot;&quot;,&quot;pause_on_interaction&quot;:&quot;true&quot;,&quot;delay&quot;:5000,&quot;loop&quot;:&quot;true&quot;,&quot;speed&quot;:500,&quot;center&quot;:&quot;true&quot;}\">\n                <div class=\"pxl-swiper-wrapper\">\n                                            <div class=\"pxl-swiper-slide\">\n                            <div class=\"pxl-item--inner wow fadeInUp\" data-wow-delay=\"600ms\">\n                                <div class=\"pxl-icon\">\n                                    <i aria-hidden=\"true\" class=\"fas fa-quote-left\"><\/i>\n                                <\/div>\n                                                                    <div class=\"pxl-item--image\">\n                                        <img loading=\"lazy\" decoding=\"async\" class=\"no-lazyload \" src=\"https:\/\/orallagos.pt\/wp-content\/uploads\/2025\/09\/unnamed.png\" width=\"72\" height=\"72\" alt=\"unnamed\" title=\"unnamed\" \/>                                    <\/div>\n                                                                <div class=\"pxl-holder-content\">\n                                    <div class=\"pxl-item--title\">\n                                        Rob van der Woude                                    <\/div>\n                                    <div class=\"pxl-item--position\"><\/div>\n                                <\/div>\n                                <div class=\"pxl-item--desc\">\n                                    \"Ich fuhr am n\u00e4chsten Tag nach Orallagos und erwartete ein paar Tage sp\u00e4ter einen Termin, da ich in der Zwischenzeit von Schmerzmitteln lebte. Zu meiner freudigen \u00dcberraschung wurde ich einige Stunden sp\u00e4ter von einem sehr professionellen Zahnarzt gesehen. Sie haben meinen Urlaub gerettet.\"                                <\/div>\n                           <\/div>\n                        <\/div>\n                                            <div class=\"pxl-swiper-slide\">\n                            <div class=\"pxl-item--inner wow fadeInUp\" data-wow-delay=\"600ms\">\n                                <div class=\"pxl-icon\">\n                                    <i aria-hidden=\"true\" class=\"fas fa-quote-left\"><\/i>\n                                <\/div>\n                                                                    <div class=\"pxl-item--image\">\n                                        <img loading=\"lazy\" decoding=\"async\" class=\"no-lazyload \" src=\"https:\/\/orallagos.pt\/wp-content\/uploads\/2025\/09\/unnamed-1.png\" width=\"72\" height=\"72\" alt=\"unnamed-1\" title=\"unnamed-1\" \/>                                    <\/div>\n                                                                <div class=\"pxl-holder-content\">\n                                    <div class=\"pxl-item--title\">\n                                        Lionel M.                                    <\/div>\n                                    <div class=\"pxl-item--position\"><\/div>\n                                <\/div>\n                                <div class=\"pxl-item--desc\">\n                                    \"Das war einer der besten Zahnarzttermine, die ich seit langem hatte. Das B\u00fcro ist sehr professionell und einladend. Dr. Gislea Cabrita war unglaublich. Sie war nett und sehr professionell, und meine Beratung und Reinigung waren schnell und schmerzlos.\"                                <\/div>\n                           <\/div>\n                        <\/div>\n                                            <div class=\"pxl-swiper-slide\">\n                            <div class=\"pxl-item--inner wow fadeInUp\" data-wow-delay=\"600ms\">\n                                <div class=\"pxl-icon\">\n                                    <i aria-hidden=\"true\" class=\"fas fa-quote-left\"><\/i>\n                                <\/div>\n                                                                    <div class=\"pxl-item--image\">\n                                        <img loading=\"lazy\" decoding=\"async\" class=\"no-lazyload \" src=\"https:\/\/orallagos.pt\/wp-content\/uploads\/2025\/09\/unnamed-2.png\" width=\"72\" height=\"72\" alt=\"unnamed-2\" title=\"unnamed-2\" \/>                                    <\/div>\n                                                                <div class=\"pxl-holder-content\">\n                                    <div class=\"pxl-item--title\">\n                                          Peter Hart                                    <\/div>\n                                    <div class=\"pxl-item--position\"><\/div>\n                                <\/div>\n                                <div class=\"pxl-item--desc\">\n                                    \"Ich habe problemlos einen Termin vereinbart, um die Krone wieder aufzukleben. Zahnarzt war super! Ich werde dort in ein paar Wochen meine Z\u00e4hne putzen und dann eine Kavit\u00e4t f\u00fcllen.\"                                <\/div>\n                           <\/div>\n                        <\/div>\n                                            <div class=\"pxl-swiper-slide\">\n                            <div class=\"pxl-item--inner wow fadeInUp\" data-wow-delay=\"600ms\">\n                                <div class=\"pxl-icon\">\n                                    <i aria-hidden=\"true\" class=\"fas fa-quote-left\"><\/i>\n                                <\/div>\n                                                                    <div class=\"pxl-item--image\">\n                                        <img loading=\"lazy\" decoding=\"async\" class=\"no-lazyload \" src=\"https:\/\/orallagos.pt\/wp-content\/uploads\/2025\/09\/unnamed-3.png\" width=\"72\" height=\"72\" alt=\"unnamed-3\" title=\"unnamed-3\" \/>                                    <\/div>\n                                                                <div class=\"pxl-holder-content\">\n                                    <div class=\"pxl-item--title\">\n                                        Vasco Freitas                                    <\/div>\n                                    <div class=\"pxl-item--position\"><\/div>\n                                <\/div>\n                                <div class=\"pxl-item--desc\">\n                                    \"Hochqualifizierte Fachleute, die immer bereit sind, Ihnen zu helfen und alle Ihre zahn\u00e4rztlichen Bed\u00fcrfnisse und Bedenken mit Interesse und Ehrlichkeit anzugehen.\"                                <\/div>\n                           <\/div>\n                        <\/div>\n                                            <div class=\"pxl-swiper-slide\">\n                            <div class=\"pxl-item--inner wow fadeInUp\" data-wow-delay=\"600ms\">\n                                <div class=\"pxl-icon\">\n                                    <i aria-hidden=\"true\" class=\"fas fa-quote-left\"><\/i>\n                                <\/div>\n                                                                    <div class=\"pxl-item--image\">\n                                        <img loading=\"lazy\" decoding=\"async\" class=\"no-lazyload \" src=\"https:\/\/orallagos.pt\/wp-content\/uploads\/2025\/09\/unnamed-5.png\" width=\"72\" height=\"72\" alt=\"unnamed-5\" title=\"unnamed-5\" \/>                                    <\/div>\n                                                                <div class=\"pxl-holder-content\">\n                                    <div class=\"pxl-item--title\">\n                                        Dave Atherton                                    <\/div>\n                                    <div class=\"pxl-item--position\"><\/div>\n                                <\/div>\n                                <div class=\"pxl-item--desc\">\n                                    \"Ich war sehr beeindruckt von dem Serviceniveau, das ich vor und nach meinen Besuchen erhalten habe. Die Behandlung, die ich erhielt, war ebenfalls ausgezeichnet, wobei ich mich voll und ganz auf mein Wohlbefinden konzentrierte.\"                                <\/div>\n                           <\/div>\n                        <\/div>\n                                            <div class=\"pxl-swiper-slide\">\n                            <div class=\"pxl-item--inner wow fadeInUp\" data-wow-delay=\"600ms\">\n                                <div class=\"pxl-icon\">\n                                    <i aria-hidden=\"true\" class=\"fas fa-quote-left\"><\/i>\n                                <\/div>\n                                                                    <div class=\"pxl-item--image\">\n                                        <img loading=\"lazy\" decoding=\"async\" class=\"no-lazyload \" src=\"https:\/\/orallagos.pt\/wp-content\/uploads\/2025\/09\/unnamed-6.png\" width=\"72\" height=\"72\" alt=\"unnamed-6\" title=\"unnamed-6\" \/>                                    <\/div>\n                                                                <div class=\"pxl-holder-content\">\n                                    <div class=\"pxl-item--title\">\n                                        Sofia Vasques                                    <\/div>\n                                    <div class=\"pxl-item--position\"><\/div>\n                                <\/div>\n                                <div class=\"pxl-item--desc\">\n                                    \"Vor kurzem werde ich vom Orallagos-Team \u00fcberwacht, um meine Zahngesundheit zu erhalten. Und zum ersten Mal f\u00fchle ich mich sehr sicher, dass ich umsorgt werde. Alle Verfahren sind sehr gut erkl\u00e4rt und es gibt eine vorherige Beratung, was sehr bereichernd ist.\"                                <\/div>\n                           <\/div>\n                        <\/div>\n                                            <div class=\"pxl-swiper-slide\">\n                            <div class=\"pxl-item--inner wow fadeInUp\" data-wow-delay=\"600ms\">\n                                <div class=\"pxl-icon\">\n                                    <i aria-hidden=\"true\" class=\"fas fa-quote-left\"><\/i>\n                                <\/div>\n                                                                    <div class=\"pxl-item--image\">\n                                        <img loading=\"lazy\" decoding=\"async\" class=\"no-lazyload \" src=\"https:\/\/orallagos.pt\/wp-content\/uploads\/2025\/09\/unnamed-7.png\" width=\"72\" height=\"72\" alt=\"unnamed-7\" title=\"unnamed-7\" \/>                                    <\/div>\n                                                                <div class=\"pxl-holder-content\">\n                                    <div class=\"pxl-item--title\">\n                                        Jo\u00e3o Marreiros                                    <\/div>\n                                    <div class=\"pxl-item--position\">Customer<\/div>\n                                <\/div>\n                                <div class=\"pxl-item--desc\">\n                                    \"Service und Behandlungen immer mit toller Qualit\u00e4t, super freundlich.\nEmpfehlenswert.\"                                <\/div>\n                           <\/div>\n                        <\/div>\n                                            <div class=\"pxl-swiper-slide\">\n                            <div class=\"pxl-item--inner wow fadeInUp\" data-wow-delay=\"600ms\">\n                                <div class=\"pxl-icon\">\n                                    <i aria-hidden=\"true\" class=\"fas fa-quote-left\"><\/i>\n                                <\/div>\n                                                                    <div class=\"pxl-item--image\">\n                                        <img loading=\"lazy\" decoding=\"async\" class=\"no-lazyload \" src=\"https:\/\/orallagos.pt\/wp-content\/uploads\/2025\/09\/unnamed-8.png\" width=\"72\" height=\"72\" alt=\"unnamed-8\" title=\"unnamed-8\" \/>                                    <\/div>\n                                                                <div class=\"pxl-holder-content\">\n                                    <div class=\"pxl-item--title\">\n                                        Adriana Pires                                    <\/div>\n                                    <div class=\"pxl-item--position\"><\/div>\n                                <\/div>\n                                <div class=\"pxl-item--desc\">\n                                    \"Ich wurde gut betreut, alle Untersuchungen und Ma\u00dfnahmen, die notwendig waren, um die Behandlung fortzusetzen, wurden mit Geduld und Ruhe durchgef\u00fchrt. Ich mag es sehr!\"                                <\/div>\n                           <\/div>\n                        <\/div>\n                                    <\/div>\n            <\/div>\n        <\/div>\n\n                    <div class=\"pxl-swiper-dots style-1\"><\/div>\n                    <\/div>\n\t\t\t\t<\/div>\n\t\t\t\t<\/div>\n\t\t\t\t<\/div>\r\n\t\t\t\t<\/div>\r\n\t\t\t\t\t<\/div>\r\n\t\t\t\t<\/div>\r\n\t\t\t\t<\/div>\n\t\t","protected":false},"excerpt":{"rendered":"<p>Orallagos Klinisches Personal in Orallagos Ein Team, das klinische Exzellenz mit wirklich menschlicher Pflege verbindet. Bei Orallagos glauben wir, dass der Erfolg jeder Behandlung mit dem Vertrauensverh\u00e4ltnis zwischen dem Patienten und dem Fachmann beginnt. Aus diesem Grund haben wir ein multidisziplin\u00e4res, erfahrenes klinisches Personal zusammengebracht, das sich st\u00e4ndig weiterbildet, was die beste Nachsorge garantiert \u2013 [&hellip;]<\/p>\n","protected":false},"author":2,"featured_media":4964,"parent":0,"menu_order":0,"comment_status":"closed","ping_status":"closed","template":"","meta":{"footnotes":""},"class_list":["post-4675","page","type-page","status-publish","has-post-thumbnail","hentry"],"yoast_head":"<!-- This site is optimized with the Yoast SEO plugin v26.9 - https:\/\/yoast.com\/product\/yoast-seo-wordpress\/ -->\n<title>Zahn\u00e4rzte Lagos Team | Zahn\u00e4rzte Algarve<\/title>\n<meta name=\"description\" content=\"Team von Zahn\u00e4rzten, die sich auf Lagos spezialisiert haben. Erfahrene und qualifizierte Fachkr\u00e4fte in der Klinik Orallagos, Algarve.\" \/>\n<meta name=\"robots\" content=\"index, follow, max-snippet:-1, max-image-preview:large, max-video-preview:-1\" \/>\n<link rel=\"canonical\" href=\"https:\/\/orallagos.pt\/nl\/klinisch-personeel\/\" \/>\n<meta property=\"og:locale\" content=\"de_DE\" \/>\n<meta property=\"og:type\" content=\"article\" \/>\n<meta property=\"og:title\" content=\"Zahn\u00e4rzte Lagos Team | Zahn\u00e4rzte Algarve\" \/>\n<meta property=\"og:description\" content=\"Team von Zahn\u00e4rzten, die sich auf Lagos spezialisiert haben. Erfahrene und qualifizierte Fachkr\u00e4fte in der Klinik Orallagos, Algarve.\" \/>\n<meta property=\"og:url\" content=\"https:\/\/orallagos.pt\/nl\/klinisch-personeel\/\" \/>\n<meta property=\"og:site_name\" content=\"Orallagos\" \/>\n<meta property=\"article:publisher\" content=\"https:\/\/www.facebook.com\/orallagosclinica\" \/>\n<meta property=\"article:modified_time\" content=\"2025-11-21T12:27:53+00:00\" \/>\n<meta property=\"og:image\" content=\"https:\/\/orallagos.pt\/wp-content\/uploads\/2025\/10\/9-scaled.jpg\" \/>\n\t<meta property=\"og:image:width\" content=\"2560\" \/>\n\t<meta property=\"og:image:height\" content=\"1707\" \/>\n\t<meta property=\"og:image:type\" content=\"image\/jpeg\" \/>\n<meta name=\"twitter:card\" content=\"summary_large_image\" \/>\n<meta name=\"twitter:label1\" content=\"Gesch\u00e4tzte Lesezeit\" \/>\n\t<meta name=\"twitter:data1\" content=\"14\u00a0Minuten\" \/>\n<script type=\"application\/ld+json\" class=\"yoast-schema-graph\">{\"@context\":\"https:\/\/schema.org\",\"@graph\":[{\"@type\":\"WebPage\",\"@id\":\"https:\/\/orallagos.pt\/nl\/klinisch-personeel\/\",\"url\":\"https:\/\/orallagos.pt\/nl\/klinisch-personeel\/\",\"name\":\"Zahn\u00e4rzte Lagos Team | Zahn\u00e4rzte Algarve\",\"isPartOf\":{\"@id\":\"https:\/\/orallagos.pt\/#website\"},\"primaryImageOfPage\":{\"@id\":\"https:\/\/orallagos.pt\/nl\/klinisch-personeel\/#primaryimage\"},\"image\":{\"@id\":\"https:\/\/orallagos.pt\/nl\/klinisch-personeel\/#primaryimage\"},\"thumbnailUrl\":\"https:\/\/orallagos.pt\/wp-content\/uploads\/2025\/10\/9-scaled.jpg\",\"datePublished\":\"2025-08-05T02:38:43+00:00\",\"dateModified\":\"2025-11-21T12:27:53+00:00\",\"description\":\"Team von Zahn\u00e4rzten, die sich auf Lagos spezialisiert haben. Erfahrene und qualifizierte Fachkr\u00e4fte in der Klinik Orallagos, Algarve.\",\"breadcrumb\":{\"@id\":\"https:\/\/orallagos.pt\/nl\/klinisch-personeel\/#breadcrumb\"},\"inLanguage\":\"de\",\"potentialAction\":[{\"@type\":\"ReadAction\",\"target\":[\"https:\/\/orallagos.pt\/nl\/klinisch-personeel\/\"]}]},{\"@type\":\"ImageObject\",\"inLanguage\":\"de\",\"@id\":\"https:\/\/orallagos.pt\/nl\/klinisch-personeel\/#primaryimage\",\"url\":\"https:\/\/orallagos.pt\/wp-content\/uploads\/2025\/10\/9-scaled.jpg\",\"contentUrl\":\"https:\/\/orallagos.pt\/wp-content\/uploads\/2025\/10\/9-scaled.jpg\",\"width\":2560,\"height\":1707},{\"@type\":\"BreadcrumbList\",\"@id\":\"https:\/\/orallagos.pt\/nl\/klinisch-personeel\/#breadcrumb\",\"itemListElement\":[{\"@type\":\"ListItem\",\"position\":1,\"name\":\"Home\",\"item\":\"https:\/\/orallagos.pt\/de\/\"},{\"@type\":\"ListItem\",\"position\":2,\"name\":\"Klinisches Personal\"}]},{\"@type\":\"WebSite\",\"@id\":\"https:\/\/orallagos.pt\/#website\",\"url\":\"https:\/\/orallagos.pt\/\",\"name\":\"Orallagos\",\"description\":\"\",\"publisher\":{\"@id\":\"https:\/\/orallagos.pt\/#organization\"},\"potentialAction\":[{\"@type\":\"SearchAction\",\"target\":{\"@type\":\"EntryPoint\",\"urlTemplate\":\"https:\/\/orallagos.pt\/?s={search_term_string}\"},\"query-input\":{\"@type\":\"PropertyValueSpecification\",\"valueRequired\":true,\"valueName\":\"search_term_string\"}}],\"inLanguage\":\"de\"},{\"@type\":\"Organization\",\"@id\":\"https:\/\/orallagos.pt\/#organization\",\"name\":\"Orallagos\",\"url\":\"https:\/\/orallagos.pt\/\",\"logo\":{\"@type\":\"ImageObject\",\"inLanguage\":\"de\",\"@id\":\"https:\/\/orallagos.pt\/#\/schema\/logo\/image\/\",\"url\":\"https:\/\/orallagos.pt\/wp-content\/uploads\/2025\/08\/cropped-cropped-orallagos-logo-blue-.png\",\"contentUrl\":\"https:\/\/orallagos.pt\/wp-content\/uploads\/2025\/08\/cropped-cropped-orallagos-logo-blue-.png\",\"width\":229,\"height\":63,\"caption\":\"Orallagos\"},\"image\":{\"@id\":\"https:\/\/orallagos.pt\/#\/schema\/logo\/image\/\"},\"sameAs\":[\"https:\/\/www.facebook.com\/orallagosclinica\",\"https:\/\/www.instagram.com\/orallagosclinica\/\",\"https:\/\/www.linkedin.com\/company\/orallagos---centro-dent-rio-especializado\/about\/\"]}]}<\/script>\n<!-- \/ Yoast SEO plugin. -->","yoast_head_json":{"title":"Zahn\u00e4rzte Lagos Team | Zahn\u00e4rzte Algarve","description":"Team von Zahn\u00e4rzten, die sich auf Lagos spezialisiert haben. Erfahrene und qualifizierte Fachkr\u00e4fte in der Klinik Orallagos, Algarve.","robots":{"index":"index","follow":"follow","max-snippet":"max-snippet:-1","max-image-preview":"max-image-preview:large","max-video-preview":"max-video-preview:-1"},"canonical":"https:\/\/orallagos.pt\/nl\/klinisch-personeel\/","og_locale":"de_DE","og_type":"article","og_title":"Zahn\u00e4rzte Lagos Team | Zahn\u00e4rzte Algarve","og_description":"Team von Zahn\u00e4rzten, die sich auf Lagos spezialisiert haben. Erfahrene und qualifizierte Fachkr\u00e4fte in der Klinik Orallagos, Algarve.","og_url":"https:\/\/orallagos.pt\/nl\/klinisch-personeel\/","og_site_name":"Orallagos","article_publisher":"https:\/\/www.facebook.com\/orallagosclinica","article_modified_time":"2025-11-21T12:27:53+00:00","og_image":[{"width":2560,"height":1707,"url":"https:\/\/orallagos.pt\/wp-content\/uploads\/2025\/10\/9-scaled.jpg","type":"image\/jpeg"}],"twitter_card":"summary_large_image","twitter_misc":{"Gesch\u00e4tzte Lesezeit":"14\u00a0Minuten"},"schema":{"@context":"https:\/\/schema.org","@graph":[{"@type":"WebPage","@id":"https:\/\/orallagos.pt\/nl\/klinisch-personeel\/","url":"https:\/\/orallagos.pt\/nl\/klinisch-personeel\/","name":"Zahn\u00e4rzte Lagos Team | Zahn\u00e4rzte Algarve","isPartOf":{"@id":"https:\/\/orallagos.pt\/#website"},"primaryImageOfPage":{"@id":"https:\/\/orallagos.pt\/nl\/klinisch-personeel\/#primaryimage"},"image":{"@id":"https:\/\/orallagos.pt\/nl\/klinisch-personeel\/#primaryimage"},"thumbnailUrl":"https:\/\/orallagos.pt\/wp-content\/uploads\/2025\/10\/9-scaled.jpg","datePublished":"2025-08-05T02:38:43+00:00","dateModified":"2025-11-21T12:27:53+00:00","description":"Team von Zahn\u00e4rzten, die sich auf Lagos spezialisiert haben. Erfahrene und qualifizierte Fachkr\u00e4fte in der Klinik Orallagos, Algarve.","breadcrumb":{"@id":"https:\/\/orallagos.pt\/nl\/klinisch-personeel\/#breadcrumb"},"inLanguage":"de","potentialAction":[{"@type":"ReadAction","target":["https:\/\/orallagos.pt\/nl\/klinisch-personeel\/"]}]},{"@type":"ImageObject","inLanguage":"de","@id":"https:\/\/orallagos.pt\/nl\/klinisch-personeel\/#primaryimage","url":"https:\/\/orallagos.pt\/wp-content\/uploads\/2025\/10\/9-scaled.jpg","contentUrl":"https:\/\/orallagos.pt\/wp-content\/uploads\/2025\/10\/9-scaled.jpg","width":2560,"height":1707},{"@type":"BreadcrumbList","@id":"https:\/\/orallagos.pt\/nl\/klinisch-personeel\/#breadcrumb","itemListElement":[{"@type":"ListItem","position":1,"name":"Home","item":"https:\/\/orallagos.pt\/de\/"},{"@type":"ListItem","position":2,"name":"Klinisches Personal"}]},{"@type":"WebSite","@id":"https:\/\/orallagos.pt\/#website","url":"https:\/\/orallagos.pt\/","name":"Orallagos","description":"","publisher":{"@id":"https:\/\/orallagos.pt\/#organization"},"potentialAction":[{"@type":"SearchAction","target":{"@type":"EntryPoint","urlTemplate":"https:\/\/orallagos.pt\/?s={search_term_string}"},"query-input":{"@type":"PropertyValueSpecification","valueRequired":true,"valueName":"search_term_string"}}],"inLanguage":"de"},{"@type":"Organization","@id":"https:\/\/orallagos.pt\/#organization","name":"Orallagos","url":"https:\/\/orallagos.pt\/","logo":{"@type":"ImageObject","inLanguage":"de","@id":"https:\/\/orallagos.pt\/#\/schema\/logo\/image\/","url":"https:\/\/orallagos.pt\/wp-content\/uploads\/2025\/08\/cropped-cropped-orallagos-logo-blue-.png","contentUrl":"https:\/\/orallagos.pt\/wp-content\/uploads\/2025\/08\/cropped-cropped-orallagos-logo-blue-.png","width":229,"height":63,"caption":"Orallagos"},"image":{"@id":"https:\/\/orallagos.pt\/#\/schema\/logo\/image\/"},"sameAs":["https:\/\/www.facebook.com\/orallagosclinica","https:\/\/www.instagram.com\/orallagosclinica\/","https:\/\/www.linkedin.com\/company\/orallagos---centro-dent-rio-especializado\/about\/"]}]}},"_links":{"self":[{"href":"https:\/\/orallagos.pt\/de\/wp-json\/wp\/v2\/pages\/4675","targetHints":{"allow":["GET"]}}],"collection":[{"href":"https:\/\/orallagos.pt\/de\/wp-json\/wp\/v2\/pages"}],"about":[{"href":"https:\/\/orallagos.pt\/de\/wp-json\/wp\/v2\/types\/page"}],"author":[{"embeddable":true,"href":"https:\/\/orallagos.pt\/de\/wp-json\/wp\/v2\/users\/2"}],"replies":[{"embeddable":true,"href":"https:\/\/orallagos.pt\/de\/wp-json\/wp\/v2\/comments?post=4675"}],"version-history":[{"count":14,"href":"https:\/\/orallagos.pt\/de\/wp-json\/wp\/v2\/pages\/4675\/revisions"}],"predecessor-version":[{"id":6702,"href":"https:\/\/orallagos.pt\/de\/wp-json\/wp\/v2\/pages\/4675\/revisions\/6702"}],"wp:featuredmedia":[{"embeddable":true,"href":"https:\/\/orallagos.pt\/de\/wp-json\/wp\/v2\/media\/4964"}],"wp:attachment":[{"href":"https:\/\/orallagos.pt\/de\/wp-json\/wp\/v2\/media?parent=4675"}],"curies":[{"name":"wp","href":"https:\/\/api.w.org\/{rel}","templated":true}]}}